{"id":46,"date":"2019-08-28T10:12:03","date_gmt":"2019-08-28T10:12:03","guid":{"rendered":"https:\/\/www.engbers.com\/?page_id=46"},"modified":"2026-03-20T11:48:24","modified_gmt":"2026-03-20T10:48:24","slug":"home","status":"publish","type":"page","link":"https:\/\/www.engbers.com\/blog\/","title":{"rendered":"home"},"content":{"rendered":"\t\t<div data-elementor-type=\"wp-post\" data-elementor-id=\"46\" class=\"elementor elementor-46\">\n\t\t\t\t\t\t<section class=\"elementor-section elementor-top-section elementor-element elementor-element-6df5c25a elementor-section-full_width elementor-section-height-default elementor-section-height-default\" data-id=\"6df5c25a\" data-element_type=\"section\">\n\t\t\t\t\t\t<div class=\"elementor-container elementor-column-gap-default\">\n\t\t\t\t\t<div class=\"elementor-column elementor-col-33 elementor-top-column elementor-element elementor-element-6ab3a2d7\" data-id=\"6ab3a2d7\" data-element_type=\"column\" data-settings=\"{&quot;background_background&quot;:&quot;classic&quot;}\">\n\t\t\t<div class=\"elementor-widget-wrap elementor-element-populated\">\n\t\t\t\t\t\t<div class=\"elementor-element elementor-element-8a2a8d2 elementor-widget elementor-widget-shortcode\" data-id=\"8a2a8d2\" data-element_type=\"widget\" data-widget_type=\"shortcode.default\">\n\t\t\t\t<div class=\"elementor-widget-container\">\n\t\t\t\t\t\t\t<div class=\"elementor-shortcode\"><div class='sm-poll-vue' data-attr='{&quot;id&quot;:&quot;2&quot;,&quot;postid&quot;:&quot;1017&quot;,&quot;displaysocialmedia&quot;:&quot;true&quot;}'><\/div><\/div>\n\t\t\t\t\t\t<\/div>\n\t\t\t\t<\/div>\n\t\t\t\t<div class=\"elementor-element elementor-element-cadd75b elementor-widget elementor-widget-html\" data-id=\"cadd75b\" data-element_type=\"widget\" data-widget_type=\"html.default\">\n\t\t\t\t<div class=\"elementor-widget-container\">\n\t\t\t\t\t<div class=\"sm-newsletter-top\">\r\n<div class='sm-newsletter-vue' data-attr='{\r\n    \"entryheadline\": \"Zum Newsletter anmelden!\",\r\n    \"entrydescription\": \"\",\r\n    \"formheadline\": \"MEHR VORTEILE \u2013 MEHR MODE \u2013 MEHR SERVICE\",\r\n    \"formdescription\": \"<p>Lassen Sie sich \u00fcber aktuelle Trends, Gewinnspiele, Aktionen und mehr informieren. Sie k\u00f6nnen sich auf exklusive Angebote und Gutscheine freuen.<\/p><p>Einfach die folgenden Felder ausf\u00fcllen und auf \u201eAbsenden\u201c klicken. Sie erhalten daraufhin eine E-Mail, die Sie uns dann bitte best\u00e4tigen.<\/p><p>Dieser Service ist unverbindlich, kostenlos und jederzeit widerrufbar. Die allgemeinen Informationen zum Datenschutz finden Sie <a href=\\\"https:\/\/www.engbers.com\/rechtliches\/datenschutz\/\\\">hier.<\/a><\/p>\",\r\n    \"thankyouheadline\": \"VIELEN DANK F\u00dcR IHRE NEWSLETTER-ANMELDUNG\",\r\n    \"thankyoudescription\": \"Sie erhalten in K\u00fcrze eine E-Mail mit einem Link zur Best\u00e4tigung Ihrer E-Mail-Adresse. Bitte klicken SIe den Link in ihrer E-Mail, um die Anmeldung vollst\u00e4ndig abzuschlie\u00dfen.\"\r\n}'><\/div>\r\n<\/div>\t\t\t\t<\/div>\n\t\t\t\t<\/div>\n\t\t\t\t\t<\/div>\n\t\t<\/div>\n\t\t\t\t<div class=\"elementor-column elementor-col-66 elementor-top-column elementor-element elementor-element-b27cdfa\" data-id=\"b27cdfa\" data-element_type=\"column\">\n\t\t\t<div class=\"elementor-widget-wrap elementor-element-populated\">\n\t\t\t\t\t\t<div class=\"elementor-element elementor-element-158f4f6c elementor-widget elementor-widget-text-editor\" data-id=\"158f4f6c\" data-element_type=\"widget\" data-widget_type=\"text-editor.default\">\n\t\t\t\t<div class=\"elementor-widget-container\">\n\t\t\t\t\t\t\t\t\t<div class=\"display-posts-listing grid top-post-holder\"><div class=\"listing-item\"><a href=\"https:\/\/www.engbers.com\/blog\/das-engbers-polo-shirt\/\" class=\"post-holder-anchor\"><a class=\"image\" href=\"https:\/\/www.engbers.com\/blog\/das-engbers-polo-shirt\/\"><img fetchpriority=\"high\" decoding=\"async\" width=\"1536\" height=\"960\" src=\"https:\/\/www.engbers.com\/blog\/wp-content\/uploads\/2026\/04\/Blog_Polo-Shirt-neu.jpg\" class=\"attachment-larg size-larg wp-post-image\" alt=\"\" srcset=\"https:\/\/www.engbers.com\/blog\/wp-content\/uploads\/2026\/04\/Blog_Polo-Shirt-neu.jpg 1536w, https:\/\/www.engbers.com\/blog\/wp-content\/uploads\/2026\/04\/Blog_Polo-Shirt-neu-300x188.jpg 300w, https:\/\/www.engbers.com\/blog\/wp-content\/uploads\/2026\/04\/Blog_Polo-Shirt-neu-1024x640.jpg 1024w, https:\/\/www.engbers.com\/blog\/wp-content\/uploads\/2026\/04\/Blog_Polo-Shirt-neu-768x480.jpg 768w, https:\/\/www.engbers.com\/blog\/wp-content\/uploads\/2026\/04\/Blog_Polo-Shirt-neu-24x15.jpg 24w, https:\/\/www.engbers.com\/blog\/wp-content\/uploads\/2026\/04\/Blog_Polo-Shirt-neu-36x23.jpg 36w, https:\/\/www.engbers.com\/blog\/wp-content\/uploads\/2026\/04\/Blog_Polo-Shirt-neu-48x30.jpg 48w\" sizes=\"(max-width: 1536px) 100vw, 1536px\" \/><\/a> <a class=\"title\" href=\"https:\/\/www.engbers.com\/blog\/das-engbers-polo-shirt\/\">Poloshirt Herren aus Bio-Baumwolle: Bequem, nachhaltig &amp; der engbers Bestseller<\/a><\/a><div class=\"post-footer\"><div id=\"share-button-holder-15677\" class=\"share-button-holder\">\n            <button id=\"share-btn-15677\" class=\"share-btn\"><i class=\"fas fa-share-alt\"><\/i><\/button>\n            <div class=\"social-media-holder hide\">\n                <a target=\"_blank\" href=\"https:\/\/www.facebook.com\/sharer\/sharer.php?u=https:\/\/www.engbers.com\/blog\/das-engbers-polo-shirt\/\" title=\"Facebook\"><i class='fab fa-facebook-square '><\/i><\/a>\n                <a target=\"_blank\" href=\"https:\/\/www.instagram.com\/engbers.maennermode\/\" title=\"Instagram\"><i class='fab fa-instagram '><\/i><\/a>\n                <a target=\"_blank\" href=\"https:\/\/wa.me\/?text=https:\/\/www.engbers.com\/blog\/das-engbers-polo-shirt\/\" title=\"WhatsApp\"><i class=\"fab fa-whatsapp\"><\/i><\/a>\n                <a target=\"_blank\" href=\"mailto:?subject=Poloshirt Herren aus Bio-Baumwolle: Bequem, nachhaltig &amp; der engbers Bestseller&#038;body=https:\/\/www.engbers.com\/blog\/das-engbers-polo-shirt\/\" title=\"E-mail\"><i class=\"far fa-envelope\"><\/i><\/a>\n            <\/div>\n        <\/div> <a class=\"comments-link\" href=\"https:\/\/www.engbers.com\/blog\/das-engbers-polo-shirt\/#comments\"><i class=\"far fa-comment-dots\"><\/i> 1<\/a> <div class=\"post-views-holder\"><div class=\"post-views content-post post-15677 entry-meta load-static\">\r\n\t\t\t\t<span class=\"post-views-icon dashicons dashicons dashicons-visibility\"><\/span> <span class=\"post-views-count\">67<\/span>\r\n\t\t\t<\/div><\/div><\/div><\/div><\/div>\t\t\t\t\t\t\t\t<\/div>\n\t\t\t\t<\/div>\n\t\t\t\t\t<\/div>\n\t\t<\/div>\n\t\t\t\t\t<\/div>\n\t\t<\/section>\n\t\t\t\t<section class=\"elementor-section elementor-top-section elementor-element elementor-element-58a6e1aa elementor-section-stretched elementor-section-full_width elementor-section-height-default elementor-section-height-default\" data-id=\"58a6e1aa\" data-element_type=\"section\" data-settings=\"{&quot;stretch_section&quot;:&quot;section-stretched&quot;}\">\n\t\t\t\t\t\t<div class=\"elementor-container elementor-column-gap-default\">\n\t\t\t\t\t<div class=\"elementor-column elementor-col-100 elementor-top-column elementor-element elementor-element-7d596117\" data-id=\"7d596117\" data-element_type=\"column\">\n\t\t\t<div class=\"elementor-widget-wrap elementor-element-populated\">\n\t\t\t\t\t\t<div class=\"elementor-element elementor-element-7d5a7378 elementor-widget elementor-widget-text-editor\" data-id=\"7d5a7378\" data-element_type=\"widget\" data-widget_type=\"text-editor.default\">\n\t\t\t\t<div class=\"elementor-widget-container\">\n\t\t\t\t\t\t\t\t\t<div class=\"display-posts-listing grid posts-holder\"><div class=\"listing-item\"><a href=\"https:\/\/www.engbers.com\/blog\/so-leicht-kann-e-bike-sein\/\" class=\"post-holder-anchor\"><a class=\"image\" href=\"https:\/\/www.engbers.com\/blog\/so-leicht-kann-e-bike-sein\/\"><img decoding=\"async\" width=\"2048\" height=\"1365\" src=\"https:\/\/www.engbers.com\/blog\/wp-content\/uploads\/2026\/02\/Coboc_TEN_Merano_Commute_05-1.jpg\" class=\"attachment-larg size-larg wp-post-image\" alt=\"\" srcset=\"https:\/\/www.engbers.com\/blog\/wp-content\/uploads\/2026\/02\/Coboc_TEN_Merano_Commute_05-1.jpg 2048w, https:\/\/www.engbers.com\/blog\/wp-content\/uploads\/2026\/02\/Coboc_TEN_Merano_Commute_05-1-300x200.jpg 300w, https:\/\/www.engbers.com\/blog\/wp-content\/uploads\/2026\/02\/Coboc_TEN_Merano_Commute_05-1-1024x683.jpg 1024w, https:\/\/www.engbers.com\/blog\/wp-content\/uploads\/2026\/02\/Coboc_TEN_Merano_Commute_05-1-768x512.jpg 768w, https:\/\/www.engbers.com\/blog\/wp-content\/uploads\/2026\/02\/Coboc_TEN_Merano_Commute_05-1-1536x1024.jpg 1536w, https:\/\/www.engbers.com\/blog\/wp-content\/uploads\/2026\/02\/Coboc_TEN_Merano_Commute_05-1-930x620.jpg 930w, https:\/\/www.engbers.com\/blog\/wp-content\/uploads\/2026\/02\/Coboc_TEN_Merano_Commute_05-1-24x16.jpg 24w, https:\/\/www.engbers.com\/blog\/wp-content\/uploads\/2026\/02\/Coboc_TEN_Merano_Commute_05-1-36x24.jpg 36w, https:\/\/www.engbers.com\/blog\/wp-content\/uploads\/2026\/02\/Coboc_TEN_Merano_Commute_05-1-48x32.jpg 48w\" sizes=\"(max-width: 2048px) 100vw, 2048px\" \/><\/a>  <span class=\"date\">April 1, 2026<\/span><a class=\"title\" href=\"https:\/\/www.engbers.com\/blog\/so-leicht-kann-e-bike-sein\/\">So leicht kann E-Bike sein.<\/a> <span class=\"excerpt\">Wann hast du dich das letzte Mal so richtig leicht gef\u00fchlt? Hand aufs Herz: Solche Momente sind kostbar und viel zu selten geworden. Es ist dieser Augenblick, in dem alles Schwere abf\u00e4llt und man einfach genie\u00dft \u2013 v\u00f6llig frei und ganz bei sich selbst. Wie w\u00e4re es, wenn du dir&hellip; <a class=\"excerpt-more\" href=\"https:\/\/www.engbers.com\/blog\/so-leicht-kann-e-bike-sein\/\">\u276f Mehr lesen<\/a><\/span><\/a><div class=\"post-footer\"><div id=\"share-button-holder-14710\" class=\"share-button-holder\">\n            <button id=\"share-btn-14710\" class=\"share-btn\"><i class=\"fas fa-share-alt\"><\/i><\/button>\n            <div class=\"social-media-holder hide\">\n                <a target=\"_blank\" href=\"https:\/\/www.facebook.com\/sharer\/sharer.php?u=https:\/\/www.engbers.com\/blog\/so-leicht-kann-e-bike-sein\/\" title=\"Facebook\"><i class='fab fa-facebook-square '><\/i><\/a>\n                <a target=\"_blank\" href=\"https:\/\/www.instagram.com\/engbers.maennermode\/\" title=\"Instagram\"><i class='fab fa-instagram '><\/i><\/a>\n                <a target=\"_blank\" href=\"https:\/\/wa.me\/?text=https:\/\/www.engbers.com\/blog\/so-leicht-kann-e-bike-sein\/\" title=\"WhatsApp\"><i class=\"fab fa-whatsapp\"><\/i><\/a>\n                <a target=\"_blank\" href=\"mailto:?subject=So leicht kann E-Bike sein.&#038;body=https:\/\/www.engbers.com\/blog\/so-leicht-kann-e-bike-sein\/\" title=\"E-mail\"><i class=\"far fa-envelope\"><\/i><\/a>\n            <\/div>\n        <\/div> <a class=\"comments-link\" href=\"https:\/\/www.engbers.com\/blog\/so-leicht-kann-e-bike-sein\/#comments\"><i class=\"far fa-comment-dots\"><\/i>2<\/a> <div class=\"post-views-holder\"><div class=\"post-views content-post post-14710 entry-meta load-static\">\r\n\t\t\t\t<span class=\"post-views-icon dashicons dashicons dashicons-visibility\"><\/span> <span class=\"post-views-count\">642<\/span>\r\n\t\t\t<\/div><\/div><\/div><\/div><div class=\"listing-item\"><a href=\"https:\/\/www.engbers.com\/blog\/unsere-jubilaeumskollektion-80-jahre-engbers\/\" class=\"post-holder-anchor\"><a class=\"image\" href=\"https:\/\/www.engbers.com\/blog\/unsere-jubilaeumskollektion-80-jahre-engbers\/\"><img decoding=\"async\" width=\"1536\" height=\"960\" src=\"https:\/\/www.engbers.com\/blog\/wp-content\/uploads\/2026\/03\/Jubilaeums-Blog-Startbild-1.jpg\" class=\"attachment-larg size-larg wp-post-image\" alt=\"\" srcset=\"https:\/\/www.engbers.com\/blog\/wp-content\/uploads\/2026\/03\/Jubilaeums-Blog-Startbild-1.jpg 1536w, https:\/\/www.engbers.com\/blog\/wp-content\/uploads\/2026\/03\/Jubilaeums-Blog-Startbild-1-300x188.jpg 300w, https:\/\/www.engbers.com\/blog\/wp-content\/uploads\/2026\/03\/Jubilaeums-Blog-Startbild-1-1024x640.jpg 1024w, https:\/\/www.engbers.com\/blog\/wp-content\/uploads\/2026\/03\/Jubilaeums-Blog-Startbild-1-768x480.jpg 768w, https:\/\/www.engbers.com\/blog\/wp-content\/uploads\/2026\/03\/Jubilaeums-Blog-Startbild-1-24x15.jpg 24w, https:\/\/www.engbers.com\/blog\/wp-content\/uploads\/2026\/03\/Jubilaeums-Blog-Startbild-1-36x23.jpg 36w, https:\/\/www.engbers.com\/blog\/wp-content\/uploads\/2026\/03\/Jubilaeums-Blog-Startbild-1-48x30.jpg 48w\" sizes=\"(max-width: 1536px) 100vw, 1536px\" \/><\/a>  <span class=\"date\">M\u00e4rz 30, 2026<\/span><a class=\"title\" href=\"https:\/\/www.engbers.com\/blog\/unsere-jubilaeumskollektion-80-jahre-engbers\/\">80 Jahre engbers Herrenmode: Die exklusive Jubil\u00e4umskollektion<\/a> <span class=\"excerpt\">FEIERN SIE MIT UNS 80 JAHRE ENGBERS Seit 1946 steht engbers f\u00fcr verl\u00e4ssliche, maskuline Mode mit hoher Qualit\u00e4t und echter Kombinierbarkeit. Was mit einer N\u00e4hmaschine begann, ist heute eine Marke, die M\u00e4nner seit Generationen stilvoll begleitet. Zum 80-j\u00e4hrigen Jubil\u00e4um feiern wir genau das \u2013 mit einer Kollektion, die unsere Werte&hellip; <a class=\"excerpt-more\" href=\"https:\/\/www.engbers.com\/blog\/unsere-jubilaeumskollektion-80-jahre-engbers\/\">\u276f Mehr lesen<\/a><\/span><\/a><div class=\"post-footer\"><div id=\"share-button-holder-15133\" class=\"share-button-holder\">\n            <button id=\"share-btn-15133\" class=\"share-btn\"><i class=\"fas fa-share-alt\"><\/i><\/button>\n            <div class=\"social-media-holder hide\">\n                <a target=\"_blank\" href=\"https:\/\/www.facebook.com\/sharer\/sharer.php?u=https:\/\/www.engbers.com\/blog\/unsere-jubilaeumskollektion-80-jahre-engbers\/\" title=\"Facebook\"><i class='fab fa-facebook-square '><\/i><\/a>\n                <a target=\"_blank\" href=\"https:\/\/www.instagram.com\/engbers.maennermode\/\" title=\"Instagram\"><i class='fab fa-instagram '><\/i><\/a>\n                <a target=\"_blank\" href=\"https:\/\/wa.me\/?text=https:\/\/www.engbers.com\/blog\/unsere-jubilaeumskollektion-80-jahre-engbers\/\" title=\"WhatsApp\"><i class=\"fab fa-whatsapp\"><\/i><\/a>\n                <a target=\"_blank\" href=\"mailto:?subject=80 Jahre engbers Herrenmode: Die exklusive Jubil\u00e4umskollektion&#038;body=https:\/\/www.engbers.com\/blog\/unsere-jubilaeumskollektion-80-jahre-engbers\/\" title=\"E-mail\"><i class=\"far fa-envelope\"><\/i><\/a>\n            <\/div>\n        <\/div> <a class=\"comments-link\" href=\"https:\/\/www.engbers.com\/blog\/unsere-jubilaeumskollektion-80-jahre-engbers\/#comments\"><i class=\"far fa-comment-dots\"><\/i> 1<\/a> <div class=\"post-views-holder\"><div class=\"post-views content-post post-15133 entry-meta load-static\">\r\n\t\t\t\t<span class=\"post-views-icon dashicons dashicons dashicons-visibility\"><\/span> <span class=\"post-views-count\">163<\/span>\r\n\t\t\t<\/div><\/div><\/div><\/div><div class=\"listing-item\"><a href=\"https:\/\/www.engbers.com\/blog\/80-jahre-engbers-wir-sagen-danke\/\" class=\"post-holder-anchor\"><a class=\"image\" href=\"https:\/\/www.engbers.com\/blog\/80-jahre-engbers-wir-sagen-danke\/\"><img loading=\"lazy\" decoding=\"async\" width=\"1536\" height=\"960\" src=\"https:\/\/www.engbers.com\/blog\/wp-content\/uploads\/2026\/03\/Blogbeitraege_1536x960px.jpg\" class=\"attachment-larg size-larg wp-post-image\" alt=\"\" srcset=\"https:\/\/www.engbers.com\/blog\/wp-content\/uploads\/2026\/03\/Blogbeitraege_1536x960px.jpg 1536w, https:\/\/www.engbers.com\/blog\/wp-content\/uploads\/2026\/03\/Blogbeitraege_1536x960px-300x188.jpg 300w, https:\/\/www.engbers.com\/blog\/wp-content\/uploads\/2026\/03\/Blogbeitraege_1536x960px-1024x640.jpg 1024w, https:\/\/www.engbers.com\/blog\/wp-content\/uploads\/2026\/03\/Blogbeitraege_1536x960px-768x480.jpg 768w, https:\/\/www.engbers.com\/blog\/wp-content\/uploads\/2026\/03\/Blogbeitraege_1536x960px-24x15.jpg 24w, https:\/\/www.engbers.com\/blog\/wp-content\/uploads\/2026\/03\/Blogbeitraege_1536x960px-36x23.jpg 36w, https:\/\/www.engbers.com\/blog\/wp-content\/uploads\/2026\/03\/Blogbeitraege_1536x960px-48x30.jpg 48w\" sizes=\"(max-width: 1536px) 100vw, 1536px\" \/><\/a>  <span class=\"date\">M\u00e4rz 30, 2026<\/span><a class=\"title\" href=\"https:\/\/www.engbers.com\/blog\/80-jahre-engbers-wir-sagen-danke\/\">80 Jahre engbers: Die Erfolgsgeschichte einer Herrenmode Marke<\/a> <span class=\"excerpt\">Wir sagen DANKE! FAMILIENUNTERNEHMEN SEIT 80 JAHREN UNKOMPLIZIERT, NAHBAR, ECHT. Unsere Geschichte vom Hemdenl\u00e4dchen zur f\u00fchrenden M\u00e4nnermode-Marke Deutschland Vor 80 Jahren, in einer Zeit des Aufbruchs und des beginnen den Wirtschaftswunders, legt Albert Engbers mit der Gr\u00fcndung der \u201eengbers W\u00e4schefabrik\u201c den Grundstein f\u00fcr das, was engbers bis heute ausmacht. Mit&hellip; <a class=\"excerpt-more\" href=\"https:\/\/www.engbers.com\/blog\/80-jahre-engbers-wir-sagen-danke\/\">\u276f Mehr lesen<\/a><\/span><\/a><div class=\"post-footer\"><div id=\"share-button-holder-15161\" class=\"share-button-holder\">\n            <button id=\"share-btn-15161\" class=\"share-btn\"><i class=\"fas fa-share-alt\"><\/i><\/button>\n            <div class=\"social-media-holder hide\">\n                <a target=\"_blank\" href=\"https:\/\/www.facebook.com\/sharer\/sharer.php?u=https:\/\/www.engbers.com\/blog\/80-jahre-engbers-wir-sagen-danke\/\" title=\"Facebook\"><i class='fab fa-facebook-square '><\/i><\/a>\n                <a target=\"_blank\" href=\"https:\/\/www.instagram.com\/engbers.maennermode\/\" title=\"Instagram\"><i class='fab fa-instagram '><\/i><\/a>\n                <a target=\"_blank\" href=\"https:\/\/wa.me\/?text=https:\/\/www.engbers.com\/blog\/80-jahre-engbers-wir-sagen-danke\/\" title=\"WhatsApp\"><i class=\"fab fa-whatsapp\"><\/i><\/a>\n                <a target=\"_blank\" href=\"mailto:?subject=80 Jahre engbers: Die Erfolgsgeschichte einer Herrenmode Marke&#038;body=https:\/\/www.engbers.com\/blog\/80-jahre-engbers-wir-sagen-danke\/\" title=\"E-mail\"><i class=\"far fa-envelope\"><\/i><\/a>\n            <\/div>\n        <\/div> <a class=\"comments-link\" href=\"https:\/\/www.engbers.com\/blog\/80-jahre-engbers-wir-sagen-danke\/#respond\"><i class=\"far fa-comment-dots\"><\/i> 0<\/a> <div class=\"post-views-holder\"><div class=\"post-views content-post post-15161 entry-meta load-static\">\r\n\t\t\t\t<span class=\"post-views-icon dashicons dashicons dashicons-visibility\"><\/span> <span class=\"post-views-count\">84<\/span>\r\n\t\t\t<\/div><\/div><\/div><\/div><div class=\"listing-item\"><a href=\"https:\/\/www.engbers.com\/blog\/wie-entstehen-unsere-kollektionen\/\" class=\"post-holder-anchor\"><a class=\"image\" href=\"https:\/\/www.engbers.com\/blog\/wie-entstehen-unsere-kollektionen\/\"><img loading=\"lazy\" decoding=\"async\" width=\"1536\" height=\"960\" src=\"https:\/\/www.engbers.com\/blog\/wp-content\/uploads\/2026\/03\/Blogbeitraege_1536x960px3.jpg\" class=\"attachment-larg size-larg wp-post-image\" alt=\"\" srcset=\"https:\/\/www.engbers.com\/blog\/wp-content\/uploads\/2026\/03\/Blogbeitraege_1536x960px3.jpg 1536w, https:\/\/www.engbers.com\/blog\/wp-content\/uploads\/2026\/03\/Blogbeitraege_1536x960px3-300x188.jpg 300w, https:\/\/www.engbers.com\/blog\/wp-content\/uploads\/2026\/03\/Blogbeitraege_1536x960px3-1024x640.jpg 1024w, https:\/\/www.engbers.com\/blog\/wp-content\/uploads\/2026\/03\/Blogbeitraege_1536x960px3-768x480.jpg 768w, https:\/\/www.engbers.com\/blog\/wp-content\/uploads\/2026\/03\/Blogbeitraege_1536x960px3-24x15.jpg 24w, https:\/\/www.engbers.com\/blog\/wp-content\/uploads\/2026\/03\/Blogbeitraege_1536x960px3-36x23.jpg 36w, https:\/\/www.engbers.com\/blog\/wp-content\/uploads\/2026\/03\/Blogbeitraege_1536x960px3-48x30.jpg 48w\" sizes=\"(max-width: 1536px) 100vw, 1536px\" \/><\/a>  <span class=\"date\">M\u00e4rz 29, 2026<\/span><a class=\"title\" href=\"https:\/\/www.engbers.com\/blog\/wie-entstehen-unsere-kollektionen\/\">Schritte zur perfekten Modekollektion: So entsteht engbers Herrenmode<\/a> <span class=\"excerpt\">Von der Idee zur Kollektion: So entstehen engbers Herrenmode Designs VON DER IDEE BIS ZUM LIEBLINGSARTIKEL Am Anfang jeder Kollektion steht eine klare Idee \u2013 und eine Farbe. Unsere Eink\u00e4ufer und Designer arbeiten dabei eng zusammen. Die Grundlage bilden sogenannte Farbkarten, die pro Marke und Monat entwickelt werden. Sie geben&hellip; <a class=\"excerpt-more\" href=\"https:\/\/www.engbers.com\/blog\/wie-entstehen-unsere-kollektionen\/\">\u276f Mehr lesen<\/a><\/span><\/a><div class=\"post-footer\"><div id=\"share-button-holder-15202\" class=\"share-button-holder\">\n            <button id=\"share-btn-15202\" class=\"share-btn\"><i class=\"fas fa-share-alt\"><\/i><\/button>\n            <div class=\"social-media-holder hide\">\n                <a target=\"_blank\" href=\"https:\/\/www.facebook.com\/sharer\/sharer.php?u=https:\/\/www.engbers.com\/blog\/wie-entstehen-unsere-kollektionen\/\" title=\"Facebook\"><i class='fab fa-facebook-square '><\/i><\/a>\n                <a target=\"_blank\" href=\"https:\/\/www.instagram.com\/engbers.maennermode\/\" title=\"Instagram\"><i class='fab fa-instagram '><\/i><\/a>\n                <a target=\"_blank\" href=\"https:\/\/wa.me\/?text=https:\/\/www.engbers.com\/blog\/wie-entstehen-unsere-kollektionen\/\" title=\"WhatsApp\"><i class=\"fab fa-whatsapp\"><\/i><\/a>\n                <a target=\"_blank\" href=\"mailto:?subject=Schritte zur perfekten Modekollektion: So entsteht engbers Herrenmode&#038;body=https:\/\/www.engbers.com\/blog\/wie-entstehen-unsere-kollektionen\/\" title=\"E-mail\"><i class=\"far fa-envelope\"><\/i><\/a>\n            <\/div>\n        <\/div> <a class=\"comments-link\" href=\"https:\/\/www.engbers.com\/blog\/wie-entstehen-unsere-kollektionen\/#respond\"><i class=\"far fa-comment-dots\"><\/i> 0<\/a> <div class=\"post-views-holder\"><div class=\"post-views content-post post-15202 entry-meta load-static\">\r\n\t\t\t\t<span class=\"post-views-icon dashicons dashicons dashicons-visibility\"><\/span> <span class=\"post-views-count\">35<\/span>\r\n\t\t\t<\/div><\/div><\/div><\/div><div class=\"listing-item\"><a href=\"https:\/\/www.engbers.com\/blog\/basic-tshirt-bio-baumwolle\/\" class=\"post-holder-anchor\"><a class=\"image\" href=\"https:\/\/www.engbers.com\/blog\/basic-tshirt-bio-baumwolle\/\"><img loading=\"lazy\" decoding=\"async\" width=\"1536\" height=\"960\" src=\"https:\/\/www.engbers.com\/blog\/wp-content\/uploads\/2025\/07\/Blog-Basic-Shirt-Bild1.jpg\" class=\"attachment-larg size-larg wp-post-image\" alt=\"\" srcset=\"https:\/\/www.engbers.com\/blog\/wp-content\/uploads\/2025\/07\/Blog-Basic-Shirt-Bild1.jpg 1536w, https:\/\/www.engbers.com\/blog\/wp-content\/uploads\/2025\/07\/Blog-Basic-Shirt-Bild1-300x188.jpg 300w, https:\/\/www.engbers.com\/blog\/wp-content\/uploads\/2025\/07\/Blog-Basic-Shirt-Bild1-1024x640.jpg 1024w, https:\/\/www.engbers.com\/blog\/wp-content\/uploads\/2025\/07\/Blog-Basic-Shirt-Bild1-768x480.jpg 768w, https:\/\/www.engbers.com\/blog\/wp-content\/uploads\/2025\/07\/Blog-Basic-Shirt-Bild1-24x15.jpg 24w, https:\/\/www.engbers.com\/blog\/wp-content\/uploads\/2025\/07\/Blog-Basic-Shirt-Bild1-36x23.jpg 36w, https:\/\/www.engbers.com\/blog\/wp-content\/uploads\/2025\/07\/Blog-Basic-Shirt-Bild1-48x30.jpg 48w\" sizes=\"(max-width: 1536px) 100vw, 1536px\" \/><\/a>  <span class=\"date\">M\u00e4rz 27, 2026<\/span><a class=\"title\" href=\"https:\/\/www.engbers.com\/blog\/basic-tshirt-bio-baumwolle\/\">Wie eine zweite Haut: Basic T-Shirts mit Bio-Zertifizierung<\/a> <span class=\"excerpt\">DAS ENGBERS BASIC T-SHIRT NACHHALTIGES STATEMENT DER BESTSELLER AUS ZERTIFIZIERTER* BIO-BAUMWOLLE Pflegeleichte Bio-Baumwolle aus nachhaltigem Anbau&nbsp; Hautfreundlich, atmungsaktiv &amp; besonders geeignet f\u00fcr Allergiker&nbsp; Extrem rei\u00dffester und blickdichter Baumwollstoff&nbsp; Farben: Wei\u00df, Schwarz, Anthrazit, Dunkelblau, Rot&nbsp;und aktuelle Saisonfarben Bis Gr\u00f6\u00dfe 6XL Jetzt neu: Auch als Polo-Shirt erh\u00e4ltlich Neuer Preis: nur 25,99\u20ac&nbsp; *ZERTIFIZIERUNG&hellip; <a class=\"excerpt-more\" href=\"https:\/\/www.engbers.com\/blog\/basic-tshirt-bio-baumwolle\/\">\u276f Mehr lesen<\/a><\/span><\/a><div class=\"post-footer\"><div id=\"share-button-holder-9543\" class=\"share-button-holder\">\n            <button id=\"share-btn-9543\" class=\"share-btn\"><i class=\"fas fa-share-alt\"><\/i><\/button>\n            <div class=\"social-media-holder hide\">\n                <a target=\"_blank\" href=\"https:\/\/www.facebook.com\/sharer\/sharer.php?u=https:\/\/www.engbers.com\/blog\/basic-tshirt-bio-baumwolle\/\" title=\"Facebook\"><i class='fab fa-facebook-square '><\/i><\/a>\n                <a target=\"_blank\" href=\"https:\/\/www.instagram.com\/engbers.maennermode\/\" title=\"Instagram\"><i class='fab fa-instagram '><\/i><\/a>\n                <a target=\"_blank\" href=\"https:\/\/wa.me\/?text=https:\/\/www.engbers.com\/blog\/basic-tshirt-bio-baumwolle\/\" title=\"WhatsApp\"><i class=\"fab fa-whatsapp\"><\/i><\/a>\n                <a target=\"_blank\" href=\"mailto:?subject=Wie eine zweite Haut: Basic T-Shirts mit Bio-Zertifizierung&#038;body=https:\/\/www.engbers.com\/blog\/basic-tshirt-bio-baumwolle\/\" title=\"E-mail\"><i class=\"far fa-envelope\"><\/i><\/a>\n            <\/div>\n        <\/div> <a class=\"comments-link\" href=\"https:\/\/www.engbers.com\/blog\/basic-tshirt-bio-baumwolle\/#comments\"><i class=\"far fa-comment-dots\"><\/i>4<\/a> <div class=\"post-views-holder\"><div class=\"post-views content-post post-9543 entry-meta load-static\">\r\n\t\t\t\t<span class=\"post-views-icon dashicons dashicons dashicons-visibility\"><\/span> <span class=\"post-views-count\">2.725<\/span>\r\n\t\t\t<\/div><\/div><\/div><\/div><div class=\"listing-item\"><a href=\"https:\/\/www.engbers.com\/blog\/urlaub-ready-die-schonsten-sommer-xxl-looks-fur-heisse-tage\/\" class=\"post-holder-anchor\"><a class=\"image\" href=\"https:\/\/www.engbers.com\/blog\/urlaub-ready-die-schonsten-sommer-xxl-looks-fur-heisse-tage\/\"><img loading=\"lazy\" decoding=\"async\" width=\"1536\" height=\"960\" src=\"https:\/\/www.engbers.com\/blog\/wp-content\/uploads\/2025\/05\/BLOG-XXL-Sommer-Looks-FS26.jpg\" class=\"attachment-larg size-larg wp-post-image\" alt=\"\" srcset=\"https:\/\/www.engbers.com\/blog\/wp-content\/uploads\/2025\/05\/BLOG-XXL-Sommer-Looks-FS26.jpg 1536w, https:\/\/www.engbers.com\/blog\/wp-content\/uploads\/2025\/05\/BLOG-XXL-Sommer-Looks-FS26-300x188.jpg 300w, https:\/\/www.engbers.com\/blog\/wp-content\/uploads\/2025\/05\/BLOG-XXL-Sommer-Looks-FS26-1024x640.jpg 1024w, https:\/\/www.engbers.com\/blog\/wp-content\/uploads\/2025\/05\/BLOG-XXL-Sommer-Looks-FS26-768x480.jpg 768w, https:\/\/www.engbers.com\/blog\/wp-content\/uploads\/2025\/05\/BLOG-XXL-Sommer-Looks-FS26-24x15.jpg 24w, https:\/\/www.engbers.com\/blog\/wp-content\/uploads\/2025\/05\/BLOG-XXL-Sommer-Looks-FS26-36x23.jpg 36w, https:\/\/www.engbers.com\/blog\/wp-content\/uploads\/2025\/05\/BLOG-XXL-Sommer-Looks-FS26-48x30.jpg 48w\" sizes=\"(max-width: 1536px) 100vw, 1536px\" \/><\/a>  <span class=\"date\">M\u00e4rz 20, 2026<\/span><a class=\"title\" href=\"https:\/\/www.engbers.com\/blog\/urlaub-ready-die-schonsten-sommer-xxl-looks-fur-heisse-tage\/\">Urlaubsreif? Die sch\u00f6nsten Sommer-XXL-Looks<\/a> <span class=\"excerpt\">Der Sommer steht vor der T\u00fcr \u2013 und f\u00fcr viele beginnt jetzt die sch\u00f6nste Zeit des Jahres: Urlaub, Sonne und vor allem Leichtigkeit! Egal, ob Du dem Alltag am Strand entfliehst, durch aufregende St\u00e4dte bummelst oder doch die Natur in den Bergen genie\u00dft &#8211; Dein Outfit sollte nicht nur gut&hellip; <a class=\"excerpt-more\" href=\"https:\/\/www.engbers.com\/blog\/urlaub-ready-die-schonsten-sommer-xxl-looks-fur-heisse-tage\/\">\u276f Mehr lesen<\/a><\/span><\/a><div class=\"post-footer\"><div id=\"share-button-holder-14043\" class=\"share-button-holder\">\n            <button id=\"share-btn-14043\" class=\"share-btn\"><i class=\"fas fa-share-alt\"><\/i><\/button>\n            <div class=\"social-media-holder hide\">\n                <a target=\"_blank\" href=\"https:\/\/www.facebook.com\/sharer\/sharer.php?u=https:\/\/www.engbers.com\/blog\/urlaub-ready-die-schonsten-sommer-xxl-looks-fur-heisse-tage\/\" title=\"Facebook\"><i class='fab fa-facebook-square '><\/i><\/a>\n                <a target=\"_blank\" href=\"https:\/\/www.instagram.com\/engbers.maennermode\/\" title=\"Instagram\"><i class='fab fa-instagram '><\/i><\/a>\n                <a target=\"_blank\" href=\"https:\/\/wa.me\/?text=https:\/\/www.engbers.com\/blog\/urlaub-ready-die-schonsten-sommer-xxl-looks-fur-heisse-tage\/\" title=\"WhatsApp\"><i class=\"fab fa-whatsapp\"><\/i><\/a>\n                <a target=\"_blank\" href=\"mailto:?subject=Urlaubsreif? Die sch\u00f6nsten Sommer-XXL-Looks&#038;body=https:\/\/www.engbers.com\/blog\/urlaub-ready-die-schonsten-sommer-xxl-looks-fur-heisse-tage\/\" title=\"E-mail\"><i class=\"far fa-envelope\"><\/i><\/a>\n            <\/div>\n        <\/div> <a class=\"comments-link\" href=\"https:\/\/www.engbers.com\/blog\/urlaub-ready-die-schonsten-sommer-xxl-looks-fur-heisse-tage\/#respond\"><i class=\"far fa-comment-dots\"><\/i> 0<\/a> <div class=\"post-views-holder\"><div class=\"post-views content-post post-14043 entry-meta load-static\">\r\n\t\t\t\t<span class=\"post-views-icon dashicons dashicons dashicons-visibility\"><\/span> <span class=\"post-views-count\">418<\/span>\r\n\t\t\t<\/div><\/div><\/div><\/div><div class=\"listing-item\"><a href=\"https:\/\/www.engbers.com\/blog\/jacken-trends-2025\/\" class=\"post-holder-anchor\"><a class=\"image\" href=\"https:\/\/www.engbers.com\/blog\/jacken-trends-2025\/\"><img loading=\"lazy\" decoding=\"async\" width=\"1536\" height=\"960\" src=\"https:\/\/www.engbers.com\/blog\/wp-content\/uploads\/2025\/02\/Design-ohne-Titel-2.jpg\" class=\"attachment-larg size-larg wp-post-image\" alt=\"\" srcset=\"https:\/\/www.engbers.com\/blog\/wp-content\/uploads\/2025\/02\/Design-ohne-Titel-2.jpg 1536w, https:\/\/www.engbers.com\/blog\/wp-content\/uploads\/2025\/02\/Design-ohne-Titel-2-300x188.jpg 300w, https:\/\/www.engbers.com\/blog\/wp-content\/uploads\/2025\/02\/Design-ohne-Titel-2-1024x640.jpg 1024w, https:\/\/www.engbers.com\/blog\/wp-content\/uploads\/2025\/02\/Design-ohne-Titel-2-768x480.jpg 768w, https:\/\/www.engbers.com\/blog\/wp-content\/uploads\/2025\/02\/Design-ohne-Titel-2-24x15.jpg 24w, https:\/\/www.engbers.com\/blog\/wp-content\/uploads\/2025\/02\/Design-ohne-Titel-2-36x23.jpg 36w, https:\/\/www.engbers.com\/blog\/wp-content\/uploads\/2025\/02\/Design-ohne-Titel-2-48x30.jpg 48w\" sizes=\"(max-width: 1536px) 100vw, 1536px\" \/><\/a>  <span class=\"date\">M\u00e4rz 18, 2026<\/span><a class=\"title\" href=\"https:\/\/www.engbers.com\/blog\/jacken-trends-2025\/\">Neue [ea]Jacken-Trends 2026<\/a> <span class=\"excerpt\">Der Fr\u00fchling r\u00fcckt n\u00e4her und die schweren Winterjacken d\u00fcrfen langsam in den Schrank wandern. Zeit f\u00fcr frische \u00dcbergangsjacken \u2013 nat\u00fcrlich mit Stil! Wir zeigen Dir, welche Modelle in den kommenden Monaten besonders angesagt sind. In Februar, M\u00e4rz und April erwacht nicht nur die Natur, sondern auch die Welt der \u00dcbergangsjacken:&hellip; <a class=\"excerpt-more\" href=\"https:\/\/www.engbers.com\/blog\/jacken-trends-2025\/\">\u276f Mehr lesen<\/a><\/span><\/a><div class=\"post-footer\"><div id=\"share-button-holder-13352\" class=\"share-button-holder\">\n            <button id=\"share-btn-13352\" class=\"share-btn\"><i class=\"fas fa-share-alt\"><\/i><\/button>\n            <div class=\"social-media-holder hide\">\n                <a target=\"_blank\" href=\"https:\/\/www.facebook.com\/sharer\/sharer.php?u=https:\/\/www.engbers.com\/blog\/jacken-trends-2025\/\" title=\"Facebook\"><i class='fab fa-facebook-square '><\/i><\/a>\n                <a target=\"_blank\" href=\"https:\/\/www.instagram.com\/engbers.maennermode\/\" title=\"Instagram\"><i class='fab fa-instagram '><\/i><\/a>\n                <a target=\"_blank\" href=\"https:\/\/wa.me\/?text=https:\/\/www.engbers.com\/blog\/jacken-trends-2025\/\" title=\"WhatsApp\"><i class=\"fab fa-whatsapp\"><\/i><\/a>\n                <a target=\"_blank\" href=\"mailto:?subject=Neue [ea]Jacken-Trends 2026&#038;body=https:\/\/www.engbers.com\/blog\/jacken-trends-2025\/\" title=\"E-mail\"><i class=\"far fa-envelope\"><\/i><\/a>\n            <\/div>\n        <\/div> <a class=\"comments-link\" href=\"https:\/\/www.engbers.com\/blog\/jacken-trends-2025\/#comments\"><i class=\"far fa-comment-dots\"><\/i> 1<\/a> <div class=\"post-views-holder\"><div class=\"post-views content-post post-13352 entry-meta load-static\">\r\n\t\t\t\t<span class=\"post-views-icon dashicons dashicons dashicons-visibility\"><\/span> <span class=\"post-views-count\">531<\/span>\r\n\t\t\t<\/div><\/div><\/div><\/div><div class=\"listing-item\"><a href=\"https:\/\/www.engbers.com\/blog\/strick-shirt\/\" class=\"post-holder-anchor\"><a class=\"image\" href=\"https:\/\/www.engbers.com\/blog\/strick-shirt\/\"><img loading=\"lazy\" decoding=\"async\" width=\"1536\" height=\"960\" src=\"https:\/\/www.engbers.com\/blog\/wp-content\/uploads\/2025\/04\/Design-ohne-Titel-3.jpg\" class=\"attachment-larg size-larg wp-post-image\" alt=\"\" srcset=\"https:\/\/www.engbers.com\/blog\/wp-content\/uploads\/2025\/04\/Design-ohne-Titel-3.jpg 1536w, https:\/\/www.engbers.com\/blog\/wp-content\/uploads\/2025\/04\/Design-ohne-Titel-3-300x188.jpg 300w, https:\/\/www.engbers.com\/blog\/wp-content\/uploads\/2025\/04\/Design-ohne-Titel-3-1024x640.jpg 1024w, https:\/\/www.engbers.com\/blog\/wp-content\/uploads\/2025\/04\/Design-ohne-Titel-3-768x480.jpg 768w, https:\/\/www.engbers.com\/blog\/wp-content\/uploads\/2025\/04\/Design-ohne-Titel-3-24x15.jpg 24w, https:\/\/www.engbers.com\/blog\/wp-content\/uploads\/2025\/04\/Design-ohne-Titel-3-36x23.jpg 36w, https:\/\/www.engbers.com\/blog\/wp-content\/uploads\/2025\/04\/Design-ohne-Titel-3-48x30.jpg 48w\" sizes=\"(max-width: 1536px) 100vw, 1536px\" \/><\/a>  <span class=\"date\">M\u00e4rz 18, 2026<\/span><a class=\"title\" href=\"https:\/\/www.engbers.com\/blog\/strick-shirt\/\">So stylst Du Dein neues Strick-Shirt<\/a> <span class=\"excerpt\">Strick im Sommer? In der aktuellen emilio adani Kollektion stehen Strick-Hemden und Polo-Shirts hoch im Kurs. Aus hautfreundlicher Baumwolle und mit lebendigen Strukturen mutieren die Shirts zum coolsten Beiwerk der Sommer-Saison. Die Kurzarm-Hemden mit Knopfleiste k\u00f6nnen geschlossen oder offen mit einem l\u00e4ssigen Shirt gestylt werden. Smart Casual &#8211; neu gedacht&hellip; <a class=\"excerpt-more\" href=\"https:\/\/www.engbers.com\/blog\/strick-shirt\/\">\u276f Mehr lesen<\/a><\/span><\/a><div class=\"post-footer\"><div id=\"share-button-holder-13688\" class=\"share-button-holder\">\n            <button id=\"share-btn-13688\" class=\"share-btn\"><i class=\"fas fa-share-alt\"><\/i><\/button>\n            <div class=\"social-media-holder hide\">\n                <a target=\"_blank\" href=\"https:\/\/www.facebook.com\/sharer\/sharer.php?u=https:\/\/www.engbers.com\/blog\/strick-shirt\/\" title=\"Facebook\"><i class='fab fa-facebook-square '><\/i><\/a>\n                <a target=\"_blank\" href=\"https:\/\/www.instagram.com\/engbers.maennermode\/\" title=\"Instagram\"><i class='fab fa-instagram '><\/i><\/a>\n                <a target=\"_blank\" href=\"https:\/\/wa.me\/?text=https:\/\/www.engbers.com\/blog\/strick-shirt\/\" title=\"WhatsApp\"><i class=\"fab fa-whatsapp\"><\/i><\/a>\n                <a target=\"_blank\" href=\"mailto:?subject=So stylst Du Dein neues Strick-Shirt&#038;body=https:\/\/www.engbers.com\/blog\/strick-shirt\/\" title=\"E-mail\"><i class=\"far fa-envelope\"><\/i><\/a>\n            <\/div>\n        <\/div> <a class=\"comments-link\" href=\"https:\/\/www.engbers.com\/blog\/strick-shirt\/#respond\"><i class=\"far fa-comment-dots\"><\/i> 0<\/a> <div class=\"post-views-holder\"><div class=\"post-views content-post post-13688 entry-meta load-static\">\r\n\t\t\t\t<span class=\"post-views-icon dashicons dashicons dashicons-visibility\"><\/span> <span class=\"post-views-count\">460<\/span>\r\n\t\t\t<\/div><\/div><\/div><\/div><div class=\"listing-item\"><a href=\"https:\/\/www.engbers.com\/blog\/der-easchuh-guide\/\" class=\"post-holder-anchor\"><a class=\"image\" href=\"https:\/\/www.engbers.com\/blog\/der-easchuh-guide\/\"><img loading=\"lazy\" decoding=\"async\" width=\"1536\" height=\"960\" src=\"https:\/\/www.engbers.com\/blog\/wp-content\/uploads\/2026\/03\/Blog-Schuhe-Startbild.jpg\" class=\"attachment-larg size-larg wp-post-image\" alt=\"\" srcset=\"https:\/\/www.engbers.com\/blog\/wp-content\/uploads\/2026\/03\/Blog-Schuhe-Startbild.jpg 1536w, https:\/\/www.engbers.com\/blog\/wp-content\/uploads\/2026\/03\/Blog-Schuhe-Startbild-300x188.jpg 300w, https:\/\/www.engbers.com\/blog\/wp-content\/uploads\/2026\/03\/Blog-Schuhe-Startbild-1024x640.jpg 1024w, https:\/\/www.engbers.com\/blog\/wp-content\/uploads\/2026\/03\/Blog-Schuhe-Startbild-768x480.jpg 768w, https:\/\/www.engbers.com\/blog\/wp-content\/uploads\/2026\/03\/Blog-Schuhe-Startbild-24x15.jpg 24w, https:\/\/www.engbers.com\/blog\/wp-content\/uploads\/2026\/03\/Blog-Schuhe-Startbild-36x23.jpg 36w, https:\/\/www.engbers.com\/blog\/wp-content\/uploads\/2026\/03\/Blog-Schuhe-Startbild-48x30.jpg 48w\" sizes=\"(max-width: 1536px) 100vw, 1536px\" \/><\/a>  <span class=\"date\">M\u00e4rz 18, 2026<\/span><a class=\"title\" href=\"https:\/\/www.engbers.com\/blog\/der-easchuh-guide\/\">Der [ea]Schuh-Guide<\/a> <span class=\"excerpt\">In diesem Beitrag dreht sich alles um die lang untersch\u00e4tzte Styling-Komponente \u201cSchuh\u201d &#8211; dabei setzt das passende Paar Schuhe gut gemachten Outfits die Krone auf! Sie sind richtungsweisend: Schuhe unterstreichen einen eleganten Kleidungsstil oder brechen ihn gekonnt auf. Sie sorgen f\u00fcr einen l\u00e4ssigen Style oder einen italienischen Charakter. Sportive Sneaker&hellip; <a class=\"excerpt-more\" href=\"https:\/\/www.engbers.com\/blog\/der-easchuh-guide\/\">\u276f Mehr lesen<\/a><\/span><\/a><div class=\"post-footer\"><div id=\"share-button-holder-11640\" class=\"share-button-holder\">\n            <button id=\"share-btn-11640\" class=\"share-btn\"><i class=\"fas fa-share-alt\"><\/i><\/button>\n            <div class=\"social-media-holder hide\">\n                <a target=\"_blank\" href=\"https:\/\/www.facebook.com\/sharer\/sharer.php?u=https:\/\/www.engbers.com\/blog\/der-easchuh-guide\/\" title=\"Facebook\"><i class='fab fa-facebook-square '><\/i><\/a>\n                <a target=\"_blank\" href=\"https:\/\/www.instagram.com\/engbers.maennermode\/\" title=\"Instagram\"><i class='fab fa-instagram '><\/i><\/a>\n                <a target=\"_blank\" href=\"https:\/\/wa.me\/?text=https:\/\/www.engbers.com\/blog\/der-easchuh-guide\/\" title=\"WhatsApp\"><i class=\"fab fa-whatsapp\"><\/i><\/a>\n                <a target=\"_blank\" href=\"mailto:?subject=Der [ea]Schuh-Guide&#038;body=https:\/\/www.engbers.com\/blog\/der-easchuh-guide\/\" title=\"E-mail\"><i class=\"far fa-envelope\"><\/i><\/a>\n            <\/div>\n        <\/div> <a class=\"comments-link\" href=\"https:\/\/www.engbers.com\/blog\/der-easchuh-guide\/#comments\"><i class=\"far fa-comment-dots\"><\/i>2<\/a> <div class=\"post-views-holder\"><div class=\"post-views content-post post-11640 entry-meta load-static\">\r\n\t\t\t\t<span class=\"post-views-icon dashicons dashicons dashicons-visibility\"><\/span> <span class=\"post-views-count\">422<\/span>\r\n\t\t\t<\/div><\/div><\/div><\/div><div class=\"listing-item\"><a href=\"https:\/\/www.engbers.com\/blog\/eafruehjahrs-trends-2026-das-erwartet-dich\/\" class=\"post-holder-anchor\"><a class=\"image\" href=\"https:\/\/www.engbers.com\/blog\/eafruehjahrs-trends-2026-das-erwartet-dich\/\"><img loading=\"lazy\" decoding=\"async\" width=\"1600\" height=\"1000\" src=\"https:\/\/www.engbers.com\/blog\/wp-content\/uploads\/2026\/01\/Blogbild-Fruejahrstrends-1.png\" class=\"attachment-larg size-larg wp-post-image\" alt=\"\" srcset=\"https:\/\/www.engbers.com\/blog\/wp-content\/uploads\/2026\/01\/Blogbild-Fruejahrstrends-1.png 1600w, https:\/\/www.engbers.com\/blog\/wp-content\/uploads\/2026\/01\/Blogbild-Fruejahrstrends-1-300x188.png 300w, https:\/\/www.engbers.com\/blog\/wp-content\/uploads\/2026\/01\/Blogbild-Fruejahrstrends-1-1024x640.png 1024w, https:\/\/www.engbers.com\/blog\/wp-content\/uploads\/2026\/01\/Blogbild-Fruejahrstrends-1-768x480.png 768w, https:\/\/www.engbers.com\/blog\/wp-content\/uploads\/2026\/01\/Blogbild-Fruejahrstrends-1-1536x960.png 1536w, https:\/\/www.engbers.com\/blog\/wp-content\/uploads\/2026\/01\/Blogbild-Fruejahrstrends-1-24x15.png 24w, https:\/\/www.engbers.com\/blog\/wp-content\/uploads\/2026\/01\/Blogbild-Fruejahrstrends-1-36x23.png 36w, https:\/\/www.engbers.com\/blog\/wp-content\/uploads\/2026\/01\/Blogbild-Fruejahrstrends-1-48x30.png 48w\" sizes=\"(max-width: 1600px) 100vw, 1600px\" \/><\/a>  <span class=\"date\">M\u00e4rz 16, 2026<\/span><a class=\"title\" href=\"https:\/\/www.engbers.com\/blog\/eafruehjahrs-trends-2026-das-erwartet-dich\/\">[ea]Fr\u00fchjahrs-Trends 2026: Das erwartet Dich<\/a> <span class=\"excerpt\">Mit dem Fr\u00fchjahr 2026 wird Herrenmode entspannter, leichter und gleichzeitig stilbewusster. Es r\u00fcckt ein moderner, reduzierter Look in den Fokus. Nat\u00fcrliche Farben, luftige Materialien und vielseitige Kombinationen bestimmen die neuen Trends. Wir zeigen welche Farben, Schnitte und Key-Pieces M\u00e4nner in diesem Jahr tragen und wie sie sich m\u00fchelos kombinieren lassen.&hellip; <a class=\"excerpt-more\" href=\"https:\/\/www.engbers.com\/blog\/eafruehjahrs-trends-2026-das-erwartet-dich\/\">\u276f Mehr lesen<\/a><\/span><\/a><div class=\"post-footer\"><div id=\"share-button-holder-14584\" class=\"share-button-holder\">\n            <button id=\"share-btn-14584\" class=\"share-btn\"><i class=\"fas fa-share-alt\"><\/i><\/button>\n            <div class=\"social-media-holder hide\">\n                <a target=\"_blank\" href=\"https:\/\/www.facebook.com\/sharer\/sharer.php?u=https:\/\/www.engbers.com\/blog\/eafruehjahrs-trends-2026-das-erwartet-dich\/\" title=\"Facebook\"><i class='fab fa-facebook-square '><\/i><\/a>\n                <a target=\"_blank\" href=\"https:\/\/www.instagram.com\/engbers.maennermode\/\" title=\"Instagram\"><i class='fab fa-instagram '><\/i><\/a>\n                <a target=\"_blank\" href=\"https:\/\/wa.me\/?text=https:\/\/www.engbers.com\/blog\/eafruehjahrs-trends-2026-das-erwartet-dich\/\" title=\"WhatsApp\"><i class=\"fab fa-whatsapp\"><\/i><\/a>\n                <a target=\"_blank\" href=\"mailto:?subject=[ea]Fr\u00fchjahrs-Trends 2026: Das erwartet Dich&#038;body=https:\/\/www.engbers.com\/blog\/eafruehjahrs-trends-2026-das-erwartet-dich\/\" title=\"E-mail\"><i class=\"far fa-envelope\"><\/i><\/a>\n            <\/div>\n        <\/div> <a class=\"comments-link\" href=\"https:\/\/www.engbers.com\/blog\/eafruehjahrs-trends-2026-das-erwartet-dich\/#comments\"><i class=\"far fa-comment-dots\"><\/i>3<\/a> <div class=\"post-views-holder\"><div class=\"post-views content-post post-14584 entry-meta load-static\">\r\n\t\t\t\t<span class=\"post-views-icon dashicons dashicons dashicons-visibility\"><\/span> <span class=\"post-views-count\">273<\/span>\r\n\t\t\t<\/div><\/div><\/div><\/div><div class=\"listing-item\"><a href=\"https:\/\/www.engbers.com\/blog\/tipps-anzug-pflege\/\" class=\"post-holder-anchor\"><a class=\"image\" href=\"https:\/\/www.engbers.com\/blog\/tipps-anzug-pflege\/\"><img loading=\"lazy\" decoding=\"async\" width=\"1536\" height=\"960\" src=\"https:\/\/www.engbers.com\/blog\/wp-content\/uploads\/2025\/03\/Design-ohne-Titel-3.png\" class=\"attachment-larg size-larg wp-post-image\" alt=\"\" srcset=\"https:\/\/www.engbers.com\/blog\/wp-content\/uploads\/2025\/03\/Design-ohne-Titel-3.png 1536w, https:\/\/www.engbers.com\/blog\/wp-content\/uploads\/2025\/03\/Design-ohne-Titel-3-300x188.png 300w, https:\/\/www.engbers.com\/blog\/wp-content\/uploads\/2025\/03\/Design-ohne-Titel-3-1024x640.png 1024w, https:\/\/www.engbers.com\/blog\/wp-content\/uploads\/2025\/03\/Design-ohne-Titel-3-768x480.png 768w, https:\/\/www.engbers.com\/blog\/wp-content\/uploads\/2025\/03\/Design-ohne-Titel-3-24x15.png 24w, https:\/\/www.engbers.com\/blog\/wp-content\/uploads\/2025\/03\/Design-ohne-Titel-3-36x23.png 36w, https:\/\/www.engbers.com\/blog\/wp-content\/uploads\/2025\/03\/Design-ohne-Titel-3-48x30.png 48w\" sizes=\"(max-width: 1536px) 100vw, 1536px\" \/><\/a>  <span class=\"date\">M\u00e4rz 16, 2026<\/span><a class=\"title\" href=\"https:\/\/www.engbers.com\/blog\/tipps-anzug-pflege\/\">4 einfache Tipps zur Anzug-Reinigung &#038; -Pflege<\/a> <span class=\"excerpt\">Der Anzug: Hochwertiger Look \u2013 unkomplizierte Reinigung! Ein gutsitzender und gutaussehender Anzug ist mehr als nur Kleidung \u2013 mit dem Kauf eines neuen Lieblings-Anzugs investierst Du in Dein Erscheinungsbild und Dein Selbstvertrauen. Mit der bewussten Entscheidung f\u00fcr einen neuen Anzug geht aber auch immer die Frage nach der Pflege und&hellip; <a class=\"excerpt-more\" href=\"https:\/\/www.engbers.com\/blog\/tipps-anzug-pflege\/\">\u276f Mehr lesen<\/a><\/span><\/a><div class=\"post-footer\"><div id=\"share-button-holder-12433\" class=\"share-button-holder\">\n            <button id=\"share-btn-12433\" class=\"share-btn\"><i class=\"fas fa-share-alt\"><\/i><\/button>\n            <div class=\"social-media-holder hide\">\n                <a target=\"_blank\" href=\"https:\/\/www.facebook.com\/sharer\/sharer.php?u=https:\/\/www.engbers.com\/blog\/tipps-anzug-pflege\/\" title=\"Facebook\"><i class='fab fa-facebook-square '><\/i><\/a>\n                <a target=\"_blank\" href=\"https:\/\/www.instagram.com\/engbers.maennermode\/\" title=\"Instagram\"><i class='fab fa-instagram '><\/i><\/a>\n                <a target=\"_blank\" href=\"https:\/\/wa.me\/?text=https:\/\/www.engbers.com\/blog\/tipps-anzug-pflege\/\" title=\"WhatsApp\"><i class=\"fab fa-whatsapp\"><\/i><\/a>\n                <a target=\"_blank\" href=\"mailto:?subject=4 einfache Tipps zur Anzug-Reinigung &#038; -Pflege&#038;body=https:\/\/www.engbers.com\/blog\/tipps-anzug-pflege\/\" title=\"E-mail\"><i class=\"far fa-envelope\"><\/i><\/a>\n            <\/div>\n        <\/div> <a class=\"comments-link\" href=\"https:\/\/www.engbers.com\/blog\/tipps-anzug-pflege\/#respond\"><i class=\"far fa-comment-dots\"><\/i> 0<\/a> <div class=\"post-views-holder\"><div class=\"post-views content-post post-12433 entry-meta load-static\">\r\n\t\t\t\t<span class=\"post-views-icon dashicons dashicons dashicons-visibility\"><\/span> <span class=\"post-views-count\">1.311<\/span>\r\n\t\t\t<\/div><\/div><\/div><\/div><div class=\"listing-item\"><a href=\"https:\/\/www.engbers.com\/blog\/strickpflege\/\" class=\"post-holder-anchor\"><a class=\"image\" href=\"https:\/\/www.engbers.com\/blog\/strickpflege\/\"><img loading=\"lazy\" decoding=\"async\" width=\"1536\" height=\"960\" src=\"https:\/\/www.engbers.com\/blog\/wp-content\/uploads\/2025\/03\/Design-ohne-Titel-1-1.png\" class=\"attachment-larg size-larg wp-post-image\" alt=\"\" srcset=\"https:\/\/www.engbers.com\/blog\/wp-content\/uploads\/2025\/03\/Design-ohne-Titel-1-1.png 1536w, https:\/\/www.engbers.com\/blog\/wp-content\/uploads\/2025\/03\/Design-ohne-Titel-1-1-300x188.png 300w, https:\/\/www.engbers.com\/blog\/wp-content\/uploads\/2025\/03\/Design-ohne-Titel-1-1-1024x640.png 1024w, https:\/\/www.engbers.com\/blog\/wp-content\/uploads\/2025\/03\/Design-ohne-Titel-1-1-768x480.png 768w, https:\/\/www.engbers.com\/blog\/wp-content\/uploads\/2025\/03\/Design-ohne-Titel-1-1-24x15.png 24w, https:\/\/www.engbers.com\/blog\/wp-content\/uploads\/2025\/03\/Design-ohne-Titel-1-1-36x23.png 36w, https:\/\/www.engbers.com\/blog\/wp-content\/uploads\/2025\/03\/Design-ohne-Titel-1-1-48x30.png 48w\" sizes=\"(max-width: 1536px) 100vw, 1536px\" \/><\/a>  <span class=\"date\">M\u00e4rz 16, 2026<\/span><a class=\"title\" href=\"https:\/\/www.engbers.com\/blog\/strickpflege\/\">How to: Strick richtig pflegen<\/a> <span class=\"excerpt\">Damit Du Deine Strickpullover und -jacken m\u00f6glichst lange tragen kannst, ist die richtige Pflege das A und O! Wir zeigen Dir in diesem Blogbeitrag ein paar Tipps die Du diesen Winter beachten solltest: 1. Anweisungen im Etikett befolgen Zun\u00e4chst solltest Du Dich bei Deinem neuen Lieblingsteil aus Strick auf die&hellip; <a class=\"excerpt-more\" href=\"https:\/\/www.engbers.com\/blog\/strickpflege\/\">\u276f Mehr lesen<\/a><\/span><\/a><div class=\"post-footer\"><div id=\"share-button-holder-13621\" class=\"share-button-holder\">\n            <button id=\"share-btn-13621\" class=\"share-btn\"><i class=\"fas fa-share-alt\"><\/i><\/button>\n            <div class=\"social-media-holder hide\">\n                <a target=\"_blank\" href=\"https:\/\/www.facebook.com\/sharer\/sharer.php?u=https:\/\/www.engbers.com\/blog\/strickpflege\/\" title=\"Facebook\"><i class='fab fa-facebook-square '><\/i><\/a>\n                <a target=\"_blank\" href=\"https:\/\/www.instagram.com\/engbers.maennermode\/\" title=\"Instagram\"><i class='fab fa-instagram '><\/i><\/a>\n                <a target=\"_blank\" href=\"https:\/\/wa.me\/?text=https:\/\/www.engbers.com\/blog\/strickpflege\/\" title=\"WhatsApp\"><i class=\"fab fa-whatsapp\"><\/i><\/a>\n                <a target=\"_blank\" href=\"mailto:?subject=How to: Strick richtig pflegen&#038;body=https:\/\/www.engbers.com\/blog\/strickpflege\/\" title=\"E-mail\"><i class=\"far fa-envelope\"><\/i><\/a>\n            <\/div>\n        <\/div> <a class=\"comments-link\" href=\"https:\/\/www.engbers.com\/blog\/strickpflege\/#comments\"><i class=\"far fa-comment-dots\"><\/i> 1<\/a> <div class=\"post-views-holder\"><div class=\"post-views content-post post-13621 entry-meta load-static\">\r\n\t\t\t\t<span class=\"post-views-icon dashicons dashicons dashicons-visibility\"><\/span> <span class=\"post-views-count\">2.019<\/span>\r\n\t\t\t<\/div><\/div><\/div><\/div><div class=\"listing-item\"><a href=\"https:\/\/www.engbers.com\/blog\/lederjacken-pflege-lebensdauer-verlaengern\/\" class=\"post-holder-anchor\"><a class=\"image\" href=\"https:\/\/www.engbers.com\/blog\/lederjacken-pflege-lebensdauer-verlaengern\/\"><img loading=\"lazy\" decoding=\"async\" width=\"1536\" height=\"960\" src=\"https:\/\/www.engbers.com\/blog\/wp-content\/uploads\/2026\/03\/Blog-Lederjacke-Startbild.jpg\" class=\"attachment-larg size-larg wp-post-image\" alt=\"\" srcset=\"https:\/\/www.engbers.com\/blog\/wp-content\/uploads\/2026\/03\/Blog-Lederjacke-Startbild.jpg 1536w, https:\/\/www.engbers.com\/blog\/wp-content\/uploads\/2026\/03\/Blog-Lederjacke-Startbild-300x188.jpg 300w, https:\/\/www.engbers.com\/blog\/wp-content\/uploads\/2026\/03\/Blog-Lederjacke-Startbild-1024x640.jpg 1024w, https:\/\/www.engbers.com\/blog\/wp-content\/uploads\/2026\/03\/Blog-Lederjacke-Startbild-768x480.jpg 768w, https:\/\/www.engbers.com\/blog\/wp-content\/uploads\/2026\/03\/Blog-Lederjacke-Startbild-24x15.jpg 24w, https:\/\/www.engbers.com\/blog\/wp-content\/uploads\/2026\/03\/Blog-Lederjacke-Startbild-36x23.jpg 36w, https:\/\/www.engbers.com\/blog\/wp-content\/uploads\/2026\/03\/Blog-Lederjacke-Startbild-48x30.jpg 48w\" sizes=\"(max-width: 1536px) 100vw, 1536px\" \/><\/a>  <span class=\"date\">M\u00e4rz 16, 2026<\/span><a class=\"title\" href=\"https:\/\/www.engbers.com\/blog\/lederjacken-pflege-lebensdauer-verlaengern\/\">Lederjacken-Pflege: Lebensdauer verl\u00e4ngern<\/a> <span class=\"excerpt\">Die Lederjacke: Kompliziertes Material \u2013 unkomplizierte Reinigung! Nach dem Kauf der neuen Lieblings-Lederjacke, stellst Du dir sicher die Frage, wie Du das St\u00fcck so in Form h\u00e4ltst, dass Du dich noch sehr lange an der Lederjacke erfreuen kannst. Wir zeigen dir spezielle Tipps, um die Jacke wind- und wetterfest zu&hellip; <a class=\"excerpt-more\" href=\"https:\/\/www.engbers.com\/blog\/lederjacken-pflege-lebensdauer-verlaengern\/\">\u276f Mehr lesen<\/a><\/span><\/a><div class=\"post-footer\"><div id=\"share-button-holder-13608\" class=\"share-button-holder\">\n            <button id=\"share-btn-13608\" class=\"share-btn\"><i class=\"fas fa-share-alt\"><\/i><\/button>\n            <div class=\"social-media-holder hide\">\n                <a target=\"_blank\" href=\"https:\/\/www.facebook.com\/sharer\/sharer.php?u=https:\/\/www.engbers.com\/blog\/lederjacken-pflege-lebensdauer-verlaengern\/\" title=\"Facebook\"><i class='fab fa-facebook-square '><\/i><\/a>\n                <a target=\"_blank\" href=\"https:\/\/www.instagram.com\/engbers.maennermode\/\" title=\"Instagram\"><i class='fab fa-instagram '><\/i><\/a>\n                <a target=\"_blank\" href=\"https:\/\/wa.me\/?text=https:\/\/www.engbers.com\/blog\/lederjacken-pflege-lebensdauer-verlaengern\/\" title=\"WhatsApp\"><i class=\"fab fa-whatsapp\"><\/i><\/a>\n                <a target=\"_blank\" href=\"mailto:?subject=Lederjacken-Pflege: Lebensdauer verl\u00e4ngern&#038;body=https:\/\/www.engbers.com\/blog\/lederjacken-pflege-lebensdauer-verlaengern\/\" title=\"E-mail\"><i class=\"far fa-envelope\"><\/i><\/a>\n            <\/div>\n        <\/div> <a class=\"comments-link\" href=\"https:\/\/www.engbers.com\/blog\/lederjacken-pflege-lebensdauer-verlaengern\/#comments\"><i class=\"far fa-comment-dots\"><\/i>8<\/a> <div class=\"post-views-holder\"><div class=\"post-views content-post post-13608 entry-meta load-static\">\r\n\t\t\t\t<span class=\"post-views-icon dashicons dashicons dashicons-visibility\"><\/span> <span class=\"post-views-count\">2.984<\/span>\r\n\t\t\t<\/div><\/div><\/div><\/div><div class=\"listing-item\"><a href=\"https:\/\/www.engbers.com\/blog\/leinen-wie-sommer-auf-der-haut\/\" class=\"post-holder-anchor\"><a class=\"image\" href=\"https:\/\/www.engbers.com\/blog\/leinen-wie-sommer-auf-der-haut\/\"><img loading=\"lazy\" decoding=\"async\" width=\"1536\" height=\"960\" src=\"https:\/\/www.engbers.com\/blog\/wp-content\/uploads\/2026\/03\/Blog-Startbild-Leinen-1.jpg\" class=\"attachment-larg size-larg wp-post-image\" alt=\"\" srcset=\"https:\/\/www.engbers.com\/blog\/wp-content\/uploads\/2026\/03\/Blog-Startbild-Leinen-1.jpg 1536w, https:\/\/www.engbers.com\/blog\/wp-content\/uploads\/2026\/03\/Blog-Startbild-Leinen-1-300x188.jpg 300w, https:\/\/www.engbers.com\/blog\/wp-content\/uploads\/2026\/03\/Blog-Startbild-Leinen-1-1024x640.jpg 1024w, https:\/\/www.engbers.com\/blog\/wp-content\/uploads\/2026\/03\/Blog-Startbild-Leinen-1-768x480.jpg 768w, https:\/\/www.engbers.com\/blog\/wp-content\/uploads\/2026\/03\/Blog-Startbild-Leinen-1-24x15.jpg 24w, https:\/\/www.engbers.com\/blog\/wp-content\/uploads\/2026\/03\/Blog-Startbild-Leinen-1-36x23.jpg 36w, https:\/\/www.engbers.com\/blog\/wp-content\/uploads\/2026\/03\/Blog-Startbild-Leinen-1-48x30.jpg 48w\" sizes=\"(max-width: 1536px) 100vw, 1536px\" \/><\/a>  <span class=\"date\">M\u00e4rz 15, 2026<\/span><a class=\"title\" href=\"https:\/\/www.engbers.com\/blog\/leinen-wie-sommer-auf-der-haut\/\">Leinen &#8211; wie Sommer auf der Haut<\/a> <span class=\"excerpt\">Leinen los! F\u00fcr viele ist Leinen ein klassischer Sommerstoff f\u00fcr luftige Hemden, leicht fallende Sakkos und entspannt sitzende Hosen. Doch was ist \u201eLeinen\u201c \u00fcberhaupt und was macht es so besonders? Das erf\u00e4hrst du in diesem Beitrag.Leinen: das ideale Material f\u00fcr den SommerWas ist Leinen \u00fcberhaupt und wie wird es hergestellt?Wie&hellip; <a class=\"excerpt-more\" href=\"https:\/\/www.engbers.com\/blog\/leinen-wie-sommer-auf-der-haut\/\">\u276f Mehr lesen<\/a><\/span><\/a><div class=\"post-footer\"><div id=\"share-button-holder-8743\" class=\"share-button-holder\">\n            <button id=\"share-btn-8743\" class=\"share-btn\"><i class=\"fas fa-share-alt\"><\/i><\/button>\n            <div class=\"social-media-holder hide\">\n                <a target=\"_blank\" href=\"https:\/\/www.facebook.com\/sharer\/sharer.php?u=https:\/\/www.engbers.com\/blog\/leinen-wie-sommer-auf-der-haut\/\" title=\"Facebook\"><i class='fab fa-facebook-square '><\/i><\/a>\n                <a target=\"_blank\" href=\"https:\/\/www.instagram.com\/engbers.maennermode\/\" title=\"Instagram\"><i class='fab fa-instagram '><\/i><\/a>\n                <a target=\"_blank\" href=\"https:\/\/wa.me\/?text=https:\/\/www.engbers.com\/blog\/leinen-wie-sommer-auf-der-haut\/\" title=\"WhatsApp\"><i class=\"fab fa-whatsapp\"><\/i><\/a>\n                <a target=\"_blank\" href=\"mailto:?subject=Leinen &#8211; wie Sommer auf der Haut&#038;body=https:\/\/www.engbers.com\/blog\/leinen-wie-sommer-auf-der-haut\/\" title=\"E-mail\"><i class=\"far fa-envelope\"><\/i><\/a>\n            <\/div>\n        <\/div> <a class=\"comments-link\" href=\"https:\/\/www.engbers.com\/blog\/leinen-wie-sommer-auf-der-haut\/#comments\"><i class=\"far fa-comment-dots\"><\/i>3<\/a> <div class=\"post-views-holder\"><div class=\"post-views content-post post-8743 entry-meta load-static\">\r\n\t\t\t\t<span class=\"post-views-icon dashicons dashicons dashicons-visibility\"><\/span> <span class=\"post-views-count\">1.760<\/span>\r\n\t\t\t<\/div><\/div><\/div><\/div><div class=\"listing-item\"><a href=\"https:\/\/www.engbers.com\/blog\/so-verlaengert-du-die-lebensdauer-deiner-jeans\/\" class=\"post-holder-anchor\"><a class=\"image\" href=\"https:\/\/www.engbers.com\/blog\/so-verlaengert-du-die-lebensdauer-deiner-jeans\/\"><img loading=\"lazy\" decoding=\"async\" width=\"1536\" height=\"960\" src=\"https:\/\/www.engbers.com\/blog\/wp-content\/uploads\/2025\/03\/Design-ohne-Titel-1-1.jpg\" class=\"attachment-larg size-larg wp-post-image\" alt=\"\" srcset=\"https:\/\/www.engbers.com\/blog\/wp-content\/uploads\/2025\/03\/Design-ohne-Titel-1-1.jpg 1536w, https:\/\/www.engbers.com\/blog\/wp-content\/uploads\/2025\/03\/Design-ohne-Titel-1-1-300x188.jpg 300w, https:\/\/www.engbers.com\/blog\/wp-content\/uploads\/2025\/03\/Design-ohne-Titel-1-1-1024x640.jpg 1024w, https:\/\/www.engbers.com\/blog\/wp-content\/uploads\/2025\/03\/Design-ohne-Titel-1-1-768x480.jpg 768w, https:\/\/www.engbers.com\/blog\/wp-content\/uploads\/2025\/03\/Design-ohne-Titel-1-1-24x15.jpg 24w, https:\/\/www.engbers.com\/blog\/wp-content\/uploads\/2025\/03\/Design-ohne-Titel-1-1-36x23.jpg 36w, https:\/\/www.engbers.com\/blog\/wp-content\/uploads\/2025\/03\/Design-ohne-Titel-1-1-48x30.jpg 48w\" sizes=\"(max-width: 1536px) 100vw, 1536px\" \/><\/a>  <span class=\"date\">M\u00e4rz 14, 2026<\/span><a class=\"title\" href=\"https:\/\/www.engbers.com\/blog\/so-verlaengert-du-die-lebensdauer-deiner-jeans\/\">So verl\u00e4ngerst Du die Lebensdauer Deiner Jeans<\/a> <span class=\"excerpt\">Jeder von uns besitzt sie. Die eine Lieblingsjeans, die man am liebsten jeden Tag tragen w\u00fcrde. Egal zu welchem Anlass, sie sitzt einfach perfekt und sieht stylisch aus. Besonders im Alltag der M\u00e4nner ist die Hose einfach nicht mehr wegzudenken. Kein Wunder, sie ist ja auch ein wahres Kombitalent! Doch&hellip; <a class=\"excerpt-more\" href=\"https:\/\/www.engbers.com\/blog\/so-verlaengert-du-die-lebensdauer-deiner-jeans\/\">\u276f Mehr lesen<\/a><\/span><\/a><div class=\"post-footer\"><div id=\"share-button-holder-2996\" class=\"share-button-holder\">\n            <button id=\"share-btn-2996\" class=\"share-btn\"><i class=\"fas fa-share-alt\"><\/i><\/button>\n            <div class=\"social-media-holder hide\">\n                <a target=\"_blank\" href=\"https:\/\/www.facebook.com\/sharer\/sharer.php?u=https:\/\/www.engbers.com\/blog\/so-verlaengert-du-die-lebensdauer-deiner-jeans\/\" title=\"Facebook\"><i class='fab fa-facebook-square '><\/i><\/a>\n                <a target=\"_blank\" href=\"https:\/\/www.instagram.com\/engbers.maennermode\/\" title=\"Instagram\"><i class='fab fa-instagram '><\/i><\/a>\n                <a target=\"_blank\" href=\"https:\/\/wa.me\/?text=https:\/\/www.engbers.com\/blog\/so-verlaengert-du-die-lebensdauer-deiner-jeans\/\" title=\"WhatsApp\"><i class=\"fab fa-whatsapp\"><\/i><\/a>\n                <a target=\"_blank\" href=\"mailto:?subject=So verl\u00e4ngerst Du die Lebensdauer Deiner Jeans&#038;body=https:\/\/www.engbers.com\/blog\/so-verlaengert-du-die-lebensdauer-deiner-jeans\/\" title=\"E-mail\"><i class=\"far fa-envelope\"><\/i><\/a>\n            <\/div>\n        <\/div> <a class=\"comments-link\" href=\"https:\/\/www.engbers.com\/blog\/so-verlaengert-du-die-lebensdauer-deiner-jeans\/#comments\"><i class=\"far fa-comment-dots\"><\/i> 1<\/a> <div class=\"post-views-holder\"><div class=\"post-views content-post post-2996 entry-meta load-static\">\r\n\t\t\t\t<span class=\"post-views-icon dashicons dashicons dashicons-visibility\"><\/span> <span class=\"post-views-count\">8.227<\/span>\r\n\t\t\t<\/div><\/div><\/div><\/div><div class=\"listing-item\"><a href=\"https:\/\/www.engbers.com\/blog\/schuhpflege-was-sollte-ich-beachten\/\" class=\"post-holder-anchor\"><a class=\"image\" href=\"https:\/\/www.engbers.com\/blog\/schuhpflege-was-sollte-ich-beachten\/\"><img loading=\"lazy\" decoding=\"async\" width=\"1600\" height=\"1000\" src=\"https:\/\/www.engbers.com\/blog\/wp-content\/uploads\/2025\/03\/Design-ohne-Titel-2.jpg\" class=\"attachment-larg size-larg wp-post-image\" alt=\"\" srcset=\"https:\/\/www.engbers.com\/blog\/wp-content\/uploads\/2025\/03\/Design-ohne-Titel-2.jpg 1600w, https:\/\/www.engbers.com\/blog\/wp-content\/uploads\/2025\/03\/Design-ohne-Titel-2-300x188.jpg 300w, https:\/\/www.engbers.com\/blog\/wp-content\/uploads\/2025\/03\/Design-ohne-Titel-2-1024x640.jpg 1024w, https:\/\/www.engbers.com\/blog\/wp-content\/uploads\/2025\/03\/Design-ohne-Titel-2-768x480.jpg 768w, https:\/\/www.engbers.com\/blog\/wp-content\/uploads\/2025\/03\/Design-ohne-Titel-2-1536x960.jpg 1536w, https:\/\/www.engbers.com\/blog\/wp-content\/uploads\/2025\/03\/Design-ohne-Titel-2-24x15.jpg 24w, https:\/\/www.engbers.com\/blog\/wp-content\/uploads\/2025\/03\/Design-ohne-Titel-2-36x23.jpg 36w, https:\/\/www.engbers.com\/blog\/wp-content\/uploads\/2025\/03\/Design-ohne-Titel-2-48x30.jpg 48w\" sizes=\"(max-width: 1600px) 100vw, 1600px\" \/><\/a>  <span class=\"date\">M\u00e4rz 13, 2026<\/span><a class=\"title\" href=\"https:\/\/www.engbers.com\/blog\/schuhpflege-was-sollte-ich-beachten\/\">Schuhpflege: Was sollte ich beachten?<\/a> <span class=\"excerpt\">Ein gut gepflegtes \u00c4u\u00dferes: die nachhaltige Visitenkarte f\u00fcr Jedermann. Zu dem \u00e4u\u00dferen Erscheinungsbild geh\u00f6rt auch ein optisch edles Schuhwerk. Und dies will geputzt werden, um den Anspr\u00fcchen des Tr\u00e4gers gerecht zu werden.&nbsp; Warum solltest Du Deine Schuhe pflegen? Viele Menschen sind Schuhpflege-Muffel geworden. \u00dcber die Jahre hinweg hat sich die&hellip; <a class=\"excerpt-more\" href=\"https:\/\/www.engbers.com\/blog\/schuhpflege-was-sollte-ich-beachten\/\">\u276f Mehr lesen<\/a><\/span><\/a><div class=\"post-footer\"><div id=\"share-button-holder-13616\" class=\"share-button-holder\">\n            <button id=\"share-btn-13616\" class=\"share-btn\"><i class=\"fas fa-share-alt\"><\/i><\/button>\n            <div class=\"social-media-holder hide\">\n                <a target=\"_blank\" href=\"https:\/\/www.facebook.com\/sharer\/sharer.php?u=https:\/\/www.engbers.com\/blog\/schuhpflege-was-sollte-ich-beachten\/\" title=\"Facebook\"><i class='fab fa-facebook-square '><\/i><\/a>\n                <a target=\"_blank\" href=\"https:\/\/www.instagram.com\/engbers.maennermode\/\" title=\"Instagram\"><i class='fab fa-instagram '><\/i><\/a>\n                <a target=\"_blank\" href=\"https:\/\/wa.me\/?text=https:\/\/www.engbers.com\/blog\/schuhpflege-was-sollte-ich-beachten\/\" title=\"WhatsApp\"><i class=\"fab fa-whatsapp\"><\/i><\/a>\n                <a target=\"_blank\" href=\"mailto:?subject=Schuhpflege: Was sollte ich beachten?&#038;body=https:\/\/www.engbers.com\/blog\/schuhpflege-was-sollte-ich-beachten\/\" title=\"E-mail\"><i class=\"far fa-envelope\"><\/i><\/a>\n            <\/div>\n        <\/div> <a class=\"comments-link\" href=\"https:\/\/www.engbers.com\/blog\/schuhpflege-was-sollte-ich-beachten\/#respond\"><i class=\"far fa-comment-dots\"><\/i> 0<\/a> <div class=\"post-views-holder\"><div class=\"post-views content-post post-13616 entry-meta load-static\">\r\n\t\t\t\t<span class=\"post-views-icon dashicons dashicons dashicons-visibility\"><\/span> <span class=\"post-views-count\">1.072<\/span>\r\n\t\t\t<\/div><\/div><\/div><\/div><div class=\"listing-item\"><a href=\"https:\/\/www.engbers.com\/blog\/25-jahre-bernhard-bosch-stiftung\/\" class=\"post-holder-anchor\"><a class=\"image\" href=\"https:\/\/www.engbers.com\/blog\/25-jahre-bernhard-bosch-stiftung\/\"><img loading=\"lazy\" decoding=\"async\" width=\"1920\" height=\"1080\" src=\"https:\/\/www.engbers.com\/blog\/wp-content\/uploads\/2026\/04\/BBS_Jubilaeum_1600x1000px.jpg\" class=\"attachment-larg size-larg wp-post-image\" alt=\"\" srcset=\"https:\/\/www.engbers.com\/blog\/wp-content\/uploads\/2026\/04\/BBS_Jubilaeum_1600x1000px.jpg 1920w, https:\/\/www.engbers.com\/blog\/wp-content\/uploads\/2026\/04\/BBS_Jubilaeum_1600x1000px-300x169.jpg 300w, https:\/\/www.engbers.com\/blog\/wp-content\/uploads\/2026\/04\/BBS_Jubilaeum_1600x1000px-1024x576.jpg 1024w, https:\/\/www.engbers.com\/blog\/wp-content\/uploads\/2026\/04\/BBS_Jubilaeum_1600x1000px-768x432.jpg 768w, https:\/\/www.engbers.com\/blog\/wp-content\/uploads\/2026\/04\/BBS_Jubilaeum_1600x1000px-1536x864.jpg 1536w, https:\/\/www.engbers.com\/blog\/wp-content\/uploads\/2026\/04\/BBS_Jubilaeum_1600x1000px-24x14.jpg 24w, https:\/\/www.engbers.com\/blog\/wp-content\/uploads\/2026\/04\/BBS_Jubilaeum_1600x1000px-36x20.jpg 36w, https:\/\/www.engbers.com\/blog\/wp-content\/uploads\/2026\/04\/BBS_Jubilaeum_1600x1000px-48x27.jpg 48w\" sizes=\"(max-width: 1920px) 100vw, 1920px\" \/><\/a>  <span class=\"date\">M\u00e4rz 2, 2026<\/span><a class=\"title\" href=\"https:\/\/www.engbers.com\/blog\/25-jahre-bernhard-bosch-stiftung\/\">30 J\u200bahre Bernhard-Bosch-Stiftung<\/a> <span class=\"excerpt\">Die Bernhard-Bosch-Stiftung feiert in diesem Jahr ihr 30-j\u00e4hriges Jubil\u00e4um und nimmt dies zum Anlass, sich bei allen Spendern aus dem letzten Viertel-Jahrhundert zu bedanken. Gegr\u00fcndet zum Andenken an Bernhard Bosch und mit dem Ziel, Kindern und Jugendlichen die Chance auf eine bessere Zukunft zu erm\u00f6glichen, konnte die Bernhard-Bosch-Stiftung in den&hellip; <a class=\"excerpt-more\" href=\"https:\/\/www.engbers.com\/blog\/25-jahre-bernhard-bosch-stiftung\/\">\u276f Mehr lesen<\/a><\/span><\/a><div class=\"post-footer\"><div id=\"share-button-holder-7390\" class=\"share-button-holder\">\n            <button id=\"share-btn-7390\" class=\"share-btn\"><i class=\"fas fa-share-alt\"><\/i><\/button>\n            <div class=\"social-media-holder hide\">\n                <a target=\"_blank\" href=\"https:\/\/www.facebook.com\/sharer\/sharer.php?u=https:\/\/www.engbers.com\/blog\/25-jahre-bernhard-bosch-stiftung\/\" title=\"Facebook\"><i class='fab fa-facebook-square '><\/i><\/a>\n                <a target=\"_blank\" href=\"https:\/\/www.instagram.com\/engbers.maennermode\/\" title=\"Instagram\"><i class='fab fa-instagram '><\/i><\/a>\n                <a target=\"_blank\" href=\"https:\/\/wa.me\/?text=https:\/\/www.engbers.com\/blog\/25-jahre-bernhard-bosch-stiftung\/\" title=\"WhatsApp\"><i class=\"fab fa-whatsapp\"><\/i><\/a>\n                <a target=\"_blank\" href=\"mailto:?subject=30 J\u200bahre Bernhard-Bosch-Stiftung&#038;body=https:\/\/www.engbers.com\/blog\/25-jahre-bernhard-bosch-stiftung\/\" title=\"E-mail\"><i class=\"far fa-envelope\"><\/i><\/a>\n            <\/div>\n        <\/div> <a class=\"comments-link\" href=\"https:\/\/www.engbers.com\/blog\/25-jahre-bernhard-bosch-stiftung\/#comments\"><i class=\"far fa-comment-dots\"><\/i>2<\/a> <div class=\"post-views-holder\"><div class=\"post-views content-post post-7390 entry-meta load-static\">\r\n\t\t\t\t<span class=\"post-views-icon dashicons dashicons dashicons-visibility\"><\/span> <span class=\"post-views-count\">334<\/span>\r\n\t\t\t<\/div><\/div><\/div><\/div><div class=\"listing-item\"><a href=\"https:\/\/www.engbers.com\/blog\/nachhaltigkeit-qualitat\/\" class=\"post-holder-anchor\"><a class=\"image\" href=\"https:\/\/www.engbers.com\/blog\/nachhaltigkeit-qualitat\/\"><img loading=\"lazy\" decoding=\"async\" width=\"1600\" height=\"1000\" src=\"https:\/\/www.engbers.com\/blog\/wp-content\/uploads\/2023\/07\/Design-ohne-Titel-46.png\" class=\"attachment-larg size-larg wp-post-image\" alt=\"\" srcset=\"https:\/\/www.engbers.com\/blog\/wp-content\/uploads\/2023\/07\/Design-ohne-Titel-46.png 1600w, https:\/\/www.engbers.com\/blog\/wp-content\/uploads\/2023\/07\/Design-ohne-Titel-46-300x188.png 300w, https:\/\/www.engbers.com\/blog\/wp-content\/uploads\/2023\/07\/Design-ohne-Titel-46-1024x640.png 1024w, https:\/\/www.engbers.com\/blog\/wp-content\/uploads\/2023\/07\/Design-ohne-Titel-46-768x480.png 768w, https:\/\/www.engbers.com\/blog\/wp-content\/uploads\/2023\/07\/Design-ohne-Titel-46-1536x960.png 1536w, https:\/\/www.engbers.com\/blog\/wp-content\/uploads\/2023\/07\/Design-ohne-Titel-46-24x15.png 24w, https:\/\/www.engbers.com\/blog\/wp-content\/uploads\/2023\/07\/Design-ohne-Titel-46-36x23.png 36w, https:\/\/www.engbers.com\/blog\/wp-content\/uploads\/2023\/07\/Design-ohne-Titel-46-48x30.png 48w\" sizes=\"(max-width: 1600px) 100vw, 1600px\" \/><\/a>  <span class=\"date\">M\u00e4rz 1, 2026<\/span><a class=\"title\" href=\"https:\/\/www.engbers.com\/blog\/nachhaltigkeit-qualitat\/\">Nachhaltigkeit &#038; Qualit\u00e4t bei engbers<\/a> <span class=\"excerpt\">Klimaschutz, faire Arbeitsbedingungen &amp; Produktqualit\u00e4t Wie wurde meine gekaufte Kleidung produziert? Wie sind die Arbeitsbedingungen in den Produktionen und wird der Klimaschutz ber\u00fccksichtigt? Das Bewusstsein f\u00fcr Klimaschutz und faire, sichere Arbeitsbedingungen steigt und beeinflusst die Kaufentscheidung. In diesem Beitrag findest Du auf einem Blick alle Informationen \u00fcber unser Engagement zu&hellip; <a class=\"excerpt-more\" href=\"https:\/\/www.engbers.com\/blog\/nachhaltigkeit-qualitat\/\">\u276f Mehr lesen<\/a><\/span><\/a><div class=\"post-footer\"><div id=\"share-button-holder-10533\" class=\"share-button-holder\">\n            <button id=\"share-btn-10533\" class=\"share-btn\"><i class=\"fas fa-share-alt\"><\/i><\/button>\n            <div class=\"social-media-holder hide\">\n                <a target=\"_blank\" href=\"https:\/\/www.facebook.com\/sharer\/sharer.php?u=https:\/\/www.engbers.com\/blog\/nachhaltigkeit-qualitat\/\" title=\"Facebook\"><i class='fab fa-facebook-square '><\/i><\/a>\n                <a target=\"_blank\" href=\"https:\/\/www.instagram.com\/engbers.maennermode\/\" title=\"Instagram\"><i class='fab fa-instagram '><\/i><\/a>\n                <a target=\"_blank\" href=\"https:\/\/wa.me\/?text=https:\/\/www.engbers.com\/blog\/nachhaltigkeit-qualitat\/\" title=\"WhatsApp\"><i class=\"fab fa-whatsapp\"><\/i><\/a>\n                <a target=\"_blank\" href=\"mailto:?subject=Nachhaltigkeit &#038; Qualit\u00e4t bei engbers&#038;body=https:\/\/www.engbers.com\/blog\/nachhaltigkeit-qualitat\/\" title=\"E-mail\"><i class=\"far fa-envelope\"><\/i><\/a>\n            <\/div>\n        <\/div> <a class=\"comments-link\" href=\"https:\/\/www.engbers.com\/blog\/nachhaltigkeit-qualitat\/#respond\"><i class=\"far fa-comment-dots\"><\/i> 0<\/a> <div class=\"post-views-holder\"><div class=\"post-views content-post post-10533 entry-meta load-static\">\r\n\t\t\t\t<span class=\"post-views-icon dashicons dashicons dashicons-visibility\"><\/span> <span class=\"post-views-count\">1.124<\/span>\r\n\t\t\t<\/div><\/div><\/div><\/div><div class=\"listing-item\"><a href=\"https:\/\/www.engbers.com\/blog\/welcher-hosen-typ-bin-ich\/\" class=\"post-holder-anchor\"><a class=\"image\" href=\"https:\/\/www.engbers.com\/blog\/welcher-hosen-typ-bin-ich\/\"><img loading=\"lazy\" decoding=\"async\" width=\"1600\" height=\"1000\" src=\"https:\/\/www.engbers.com\/blog\/wp-content\/uploads\/2023\/09\/Mache-jetzt-den-Test-Welcher-Hosen-Typ-bin-ich-1.png\" class=\"attachment-larg size-larg wp-post-image\" alt=\"\" srcset=\"https:\/\/www.engbers.com\/blog\/wp-content\/uploads\/2023\/09\/Mache-jetzt-den-Test-Welcher-Hosen-Typ-bin-ich-1.png 1600w, https:\/\/www.engbers.com\/blog\/wp-content\/uploads\/2023\/09\/Mache-jetzt-den-Test-Welcher-Hosen-Typ-bin-ich-1-300x188.png 300w, https:\/\/www.engbers.com\/blog\/wp-content\/uploads\/2023\/09\/Mache-jetzt-den-Test-Welcher-Hosen-Typ-bin-ich-1-1024x640.png 1024w, https:\/\/www.engbers.com\/blog\/wp-content\/uploads\/2023\/09\/Mache-jetzt-den-Test-Welcher-Hosen-Typ-bin-ich-1-768x480.png 768w, https:\/\/www.engbers.com\/blog\/wp-content\/uploads\/2023\/09\/Mache-jetzt-den-Test-Welcher-Hosen-Typ-bin-ich-1-1536x960.png 1536w, https:\/\/www.engbers.com\/blog\/wp-content\/uploads\/2023\/09\/Mache-jetzt-den-Test-Welcher-Hosen-Typ-bin-ich-1-24x15.png 24w, https:\/\/www.engbers.com\/blog\/wp-content\/uploads\/2023\/09\/Mache-jetzt-den-Test-Welcher-Hosen-Typ-bin-ich-1-36x23.png 36w, https:\/\/www.engbers.com\/blog\/wp-content\/uploads\/2023\/09\/Mache-jetzt-den-Test-Welcher-Hosen-Typ-bin-ich-1-48x30.png 48w\" sizes=\"(max-width: 1600px) 100vw, 1600px\" \/><\/a>  <span class=\"date\">Februar 15, 2026<\/span><a class=\"title\" href=\"https:\/\/www.engbers.com\/blog\/welcher-hosen-typ-bin-ich\/\">Das Geheimnis um die perfekt sitzende Hose<\/a> <span class=\"excerpt\">Business, Alltags- oder Hybrid-Hosen: Welche Hose passt zu Dir? Der Alltag von jedem Mann sieht anders aus, genauso wie sein K\u00f6rperbau und sein Anspruch an eine Hose. Daher kann es nat\u00fcrlich nicht DIE eine perfekte Hose f\u00fcr alle M\u00e4nner geben. \u00dcber die Jahrzehnte haben wir unsere Jeans, Chino und 5-Pockets&hellip; <a class=\"excerpt-more\" href=\"https:\/\/www.engbers.com\/blog\/welcher-hosen-typ-bin-ich\/\">\u276f Mehr lesen<\/a><\/span><\/a><div class=\"post-footer\"><div id=\"share-button-holder-3062\" class=\"share-button-holder\">\n            <button id=\"share-btn-3062\" class=\"share-btn\"><i class=\"fas fa-share-alt\"><\/i><\/button>\n            <div class=\"social-media-holder hide\">\n                <a target=\"_blank\" href=\"https:\/\/www.facebook.com\/sharer\/sharer.php?u=https:\/\/www.engbers.com\/blog\/welcher-hosen-typ-bin-ich\/\" title=\"Facebook\"><i class='fab fa-facebook-square '><\/i><\/a>\n                <a target=\"_blank\" href=\"https:\/\/www.instagram.com\/engbers.maennermode\/\" title=\"Instagram\"><i class='fab fa-instagram '><\/i><\/a>\n                <a target=\"_blank\" href=\"https:\/\/wa.me\/?text=https:\/\/www.engbers.com\/blog\/welcher-hosen-typ-bin-ich\/\" title=\"WhatsApp\"><i class=\"fab fa-whatsapp\"><\/i><\/a>\n                <a target=\"_blank\" href=\"mailto:?subject=Das Geheimnis um die perfekt sitzende Hose&#038;body=https:\/\/www.engbers.com\/blog\/welcher-hosen-typ-bin-ich\/\" title=\"E-mail\"><i class=\"far fa-envelope\"><\/i><\/a>\n            <\/div>\n        <\/div> <a class=\"comments-link\" href=\"https:\/\/www.engbers.com\/blog\/welcher-hosen-typ-bin-ich\/#comments\"><i class=\"far fa-comment-dots\"><\/i>8<\/a> <div class=\"post-views-holder\"><div class=\"post-views content-post post-3062 entry-meta load-static\">\r\n\t\t\t\t<span class=\"post-views-icon dashicons dashicons dashicons-visibility\"><\/span> <span class=\"post-views-count\">10.222<\/span>\r\n\t\t\t<\/div><\/div><\/div><\/div><div class=\"listing-item\"><a href=\"https:\/\/www.engbers.com\/blog\/engbersplus\/\" class=\"post-holder-anchor\"><a class=\"image\" href=\"https:\/\/www.engbers.com\/blog\/engbersplus\/\"><img loading=\"lazy\" decoding=\"async\" width=\"1600\" height=\"1000\" src=\"https:\/\/www.engbers.com\/blog\/wp-content\/uploads\/2024\/04\/engbersplus_1600x1000.jpg\" class=\"attachment-larg size-larg wp-post-image\" alt=\"\" srcset=\"https:\/\/www.engbers.com\/blog\/wp-content\/uploads\/2024\/04\/engbersplus_1600x1000.jpg 1600w, https:\/\/www.engbers.com\/blog\/wp-content\/uploads\/2024\/04\/engbersplus_1600x1000-300x188.jpg 300w, https:\/\/www.engbers.com\/blog\/wp-content\/uploads\/2024\/04\/engbersplus_1600x1000-1024x640.jpg 1024w, https:\/\/www.engbers.com\/blog\/wp-content\/uploads\/2024\/04\/engbersplus_1600x1000-768x480.jpg 768w, https:\/\/www.engbers.com\/blog\/wp-content\/uploads\/2024\/04\/engbersplus_1600x1000-1536x960.jpg 1536w, https:\/\/www.engbers.com\/blog\/wp-content\/uploads\/2024\/04\/engbersplus_1600x1000-24x15.jpg 24w, https:\/\/www.engbers.com\/blog\/wp-content\/uploads\/2024\/04\/engbersplus_1600x1000-36x23.jpg 36w, https:\/\/www.engbers.com\/blog\/wp-content\/uploads\/2024\/04\/engbersplus_1600x1000-48x30.jpg 48w\" sizes=\"(max-width: 1600px) 100vw, 1600px\" \/><\/a>  <span class=\"date\">Februar 1, 2026<\/span><a class=\"title\" href=\"https:\/\/www.engbers.com\/blog\/engbersplus\/\">Die neue engbers plus App<\/a> <span class=\"excerpt\">\u00a0 ES WIRD ZEIT F\u00dcR DAS PLUS! Du hast Deine engbersCard oder Deine VIP-Einladung zu Hause vergessen? Du bist Dir unsicher bzgl. Deiner Hemden- oder Hosengr\u00f6\u00dfe? Du verdienst Extra-Vorteile, die individuell auf Dich zugeschnitten sind?Lade Dir ab sofort die App engbers plus auf Dein Smartphone und behalte den Durchblick f\u00fcr&hellip; <a class=\"excerpt-more\" href=\"https:\/\/www.engbers.com\/blog\/engbersplus\/\">\u276f Mehr lesen<\/a><\/span><\/a><div class=\"post-footer\"><div id=\"share-button-holder-12294\" class=\"share-button-holder\">\n            <button id=\"share-btn-12294\" class=\"share-btn\"><i class=\"fas fa-share-alt\"><\/i><\/button>\n            <div class=\"social-media-holder hide\">\n                <a target=\"_blank\" href=\"https:\/\/www.facebook.com\/sharer\/sharer.php?u=https:\/\/www.engbers.com\/blog\/engbersplus\/\" title=\"Facebook\"><i class='fab fa-facebook-square '><\/i><\/a>\n                <a target=\"_blank\" href=\"https:\/\/www.instagram.com\/engbers.maennermode\/\" title=\"Instagram\"><i class='fab fa-instagram '><\/i><\/a>\n                <a target=\"_blank\" href=\"https:\/\/wa.me\/?text=https:\/\/www.engbers.com\/blog\/engbersplus\/\" title=\"WhatsApp\"><i class=\"fab fa-whatsapp\"><\/i><\/a>\n                <a target=\"_blank\" href=\"mailto:?subject=Die neue engbers plus App&#038;body=https:\/\/www.engbers.com\/blog\/engbersplus\/\" title=\"E-mail\"><i class=\"far fa-envelope\"><\/i><\/a>\n            <\/div>\n        <\/div> <a class=\"comments-link\" href=\"https:\/\/www.engbers.com\/blog\/engbersplus\/#comments\"><i class=\"far fa-comment-dots\"><\/i>120<\/a> <div class=\"post-views-holder\"><div class=\"post-views content-post post-12294 entry-meta load-static\">\r\n\t\t\t\t<span class=\"post-views-icon dashicons dashicons dashicons-visibility\"><\/span> <span class=\"post-views-count\">85.468<\/span>\r\n\t\t\t<\/div><\/div><\/div><\/div><div class=\"listing-item\"><a href=\"https:\/\/www.engbers.com\/blog\/5-tipps-fuer-unternehmungen-im-februar-maerz\/\" class=\"post-holder-anchor\"><a class=\"image\" href=\"https:\/\/www.engbers.com\/blog\/5-tipps-fuer-unternehmungen-im-februar-maerz\/\"><img loading=\"lazy\" decoding=\"async\" width=\"1600\" height=\"1000\" src=\"https:\/\/www.engbers.com\/blog\/wp-content\/uploads\/2026\/01\/Kopie-von-Design-ohne-Titel.png\" class=\"attachment-larg size-larg wp-post-image\" alt=\"\" srcset=\"https:\/\/www.engbers.com\/blog\/wp-content\/uploads\/2026\/01\/Kopie-von-Design-ohne-Titel.png 1600w, https:\/\/www.engbers.com\/blog\/wp-content\/uploads\/2026\/01\/Kopie-von-Design-ohne-Titel-300x188.png 300w, https:\/\/www.engbers.com\/blog\/wp-content\/uploads\/2026\/01\/Kopie-von-Design-ohne-Titel-1024x640.png 1024w, https:\/\/www.engbers.com\/blog\/wp-content\/uploads\/2026\/01\/Kopie-von-Design-ohne-Titel-768x480.png 768w, https:\/\/www.engbers.com\/blog\/wp-content\/uploads\/2026\/01\/Kopie-von-Design-ohne-Titel-1536x960.png 1536w, https:\/\/www.engbers.com\/blog\/wp-content\/uploads\/2026\/01\/Kopie-von-Design-ohne-Titel-24x15.png 24w, https:\/\/www.engbers.com\/blog\/wp-content\/uploads\/2026\/01\/Kopie-von-Design-ohne-Titel-36x23.png 36w, https:\/\/www.engbers.com\/blog\/wp-content\/uploads\/2026\/01\/Kopie-von-Design-ohne-Titel-48x30.png 48w\" sizes=\"(max-width: 1600px) 100vw, 1600px\" \/><\/a>  <span class=\"date\">Januar 23, 2026<\/span><a class=\"title\" href=\"https:\/\/www.engbers.com\/blog\/5-tipps-fuer-unternehmungen-im-februar-maerz\/\">5 Tipps f\u00fcr Unternehmungen im Februar &amp; M\u00e4rz<\/a> <span class=\"excerpt\">Der Winter neigt sich langsam dem Ende zu, aber die Monate Februar und M\u00e4rz haben noch jede Menge zu bieten! Die dunkle Jahreszeit liegt fast hinter uns und statt im Winterblues zu versinken, kannst Du jetzt die Energie des neuen Jahres nutzen und so richtig was erleben. Ob gem\u00fctliche Indoor-Aktivit\u00e4ten&hellip; <a class=\"excerpt-more\" href=\"https:\/\/www.engbers.com\/blog\/5-tipps-fuer-unternehmungen-im-februar-maerz\/\">\u276f Mehr lesen<\/a><\/span><\/a><div class=\"post-footer\"><div id=\"share-button-holder-14632\" class=\"share-button-holder\">\n            <button id=\"share-btn-14632\" class=\"share-btn\"><i class=\"fas fa-share-alt\"><\/i><\/button>\n            <div class=\"social-media-holder hide\">\n                <a target=\"_blank\" href=\"https:\/\/www.facebook.com\/sharer\/sharer.php?u=https:\/\/www.engbers.com\/blog\/5-tipps-fuer-unternehmungen-im-februar-maerz\/\" title=\"Facebook\"><i class='fab fa-facebook-square '><\/i><\/a>\n                <a target=\"_blank\" href=\"https:\/\/www.instagram.com\/engbers.maennermode\/\" title=\"Instagram\"><i class='fab fa-instagram '><\/i><\/a>\n                <a target=\"_blank\" href=\"https:\/\/wa.me\/?text=https:\/\/www.engbers.com\/blog\/5-tipps-fuer-unternehmungen-im-februar-maerz\/\" title=\"WhatsApp\"><i class=\"fab fa-whatsapp\"><\/i><\/a>\n                <a target=\"_blank\" href=\"mailto:?subject=5 Tipps f\u00fcr Unternehmungen im Februar &amp; M\u00e4rz&#038;body=https:\/\/www.engbers.com\/blog\/5-tipps-fuer-unternehmungen-im-februar-maerz\/\" title=\"E-mail\"><i class=\"far fa-envelope\"><\/i><\/a>\n            <\/div>\n        <\/div> <a class=\"comments-link\" href=\"https:\/\/www.engbers.com\/blog\/5-tipps-fuer-unternehmungen-im-februar-maerz\/#respond\"><i class=\"far fa-comment-dots\"><\/i> 0<\/a> <div class=\"post-views-holder\"><div class=\"post-views content-post post-14632 entry-meta load-static\">\r\n\t\t\t\t<span class=\"post-views-icon dashicons dashicons dashicons-visibility\"><\/span> <span class=\"post-views-count\">408<\/span>\r\n\t\t\t<\/div><\/div><\/div><\/div><div class=\"listing-item\"><a href=\"https:\/\/www.engbers.com\/blog\/mehr-platz-fuer-persoenlichkeit-winterjacken-fuer-starke-maenner\/\" class=\"post-holder-anchor\"><a class=\"image\" href=\"https:\/\/www.engbers.com\/blog\/mehr-platz-fuer-persoenlichkeit-winterjacken-fuer-starke-maenner\/\"><img loading=\"lazy\" decoding=\"async\" width=\"5091\" height=\"3394\" src=\"https:\/\/www.engbers.com\/blog\/wp-content\/uploads\/2025\/11\/image.png\" class=\"attachment-larg size-larg wp-post-image\" alt=\"\" srcset=\"https:\/\/www.engbers.com\/blog\/wp-content\/uploads\/2025\/11\/image.png 5091w, https:\/\/www.engbers.com\/blog\/wp-content\/uploads\/2025\/11\/image-300x200.png 300w, https:\/\/www.engbers.com\/blog\/wp-content\/uploads\/2025\/11\/image-1024x683.png 1024w, https:\/\/www.engbers.com\/blog\/wp-content\/uploads\/2025\/11\/image-768x512.png 768w, https:\/\/www.engbers.com\/blog\/wp-content\/uploads\/2025\/11\/image-1536x1024.png 1536w, https:\/\/www.engbers.com\/blog\/wp-content\/uploads\/2025\/11\/image-2048x1365.png 2048w, https:\/\/www.engbers.com\/blog\/wp-content\/uploads\/2025\/11\/image-930x620.png 930w, https:\/\/www.engbers.com\/blog\/wp-content\/uploads\/2025\/11\/image-24x16.png 24w, https:\/\/www.engbers.com\/blog\/wp-content\/uploads\/2025\/11\/image-36x24.png 36w, https:\/\/www.engbers.com\/blog\/wp-content\/uploads\/2025\/11\/image-48x32.png 48w\" sizes=\"(max-width: 5091px) 100vw, 5091px\" \/><\/a>  <span class=\"date\">November 15, 2025<\/span><a class=\"title\" href=\"https:\/\/www.engbers.com\/blog\/mehr-platz-fuer-persoenlichkeit-winterjacken-fuer-starke-maenner\/\">Mehr Platz f\u00fcr Pers\u00f6nlichkeit: Winterjacken f\u00fcr starke M\u00e4nner<\/a> <span class=\"excerpt\">Der Winter ist da \u2013 Zeit f\u00fcr Jacken, die mehr k\u00f6nnen als nur w\u00e4rmen. Eine gute Winterjacke sollte Bewegungsfreiheit lassen und den K\u00f6rper unterst\u00fctzen, ohne einzuengen. Gerade f\u00fcr M\u00e4nner mit kr\u00e4ftiger Statur ist es entscheidend, dass Schnitt und Passform den Look klar strukturieren, statt ihn zu verstecken. Eine Jacke, die&hellip; <a class=\"excerpt-more\" href=\"https:\/\/www.engbers.com\/blog\/mehr-platz-fuer-persoenlichkeit-winterjacken-fuer-starke-maenner\/\">\u276f Mehr lesen<\/a><\/span><\/a><div class=\"post-footer\"><div id=\"share-button-holder-14429\" class=\"share-button-holder\">\n            <button id=\"share-btn-14429\" class=\"share-btn\"><i class=\"fas fa-share-alt\"><\/i><\/button>\n            <div class=\"social-media-holder hide\">\n                <a target=\"_blank\" href=\"https:\/\/www.facebook.com\/sharer\/sharer.php?u=https:\/\/www.engbers.com\/blog\/mehr-platz-fuer-persoenlichkeit-winterjacken-fuer-starke-maenner\/\" title=\"Facebook\"><i class='fab fa-facebook-square '><\/i><\/a>\n                <a target=\"_blank\" href=\"https:\/\/www.instagram.com\/engbers.maennermode\/\" title=\"Instagram\"><i class='fab fa-instagram '><\/i><\/a>\n                <a target=\"_blank\" href=\"https:\/\/wa.me\/?text=https:\/\/www.engbers.com\/blog\/mehr-platz-fuer-persoenlichkeit-winterjacken-fuer-starke-maenner\/\" title=\"WhatsApp\"><i class=\"fab fa-whatsapp\"><\/i><\/a>\n                <a target=\"_blank\" href=\"mailto:?subject=Mehr Platz f\u00fcr Pers\u00f6nlichkeit: Winterjacken f\u00fcr starke M\u00e4nner&#038;body=https:\/\/www.engbers.com\/blog\/mehr-platz-fuer-persoenlichkeit-winterjacken-fuer-starke-maenner\/\" title=\"E-mail\"><i class=\"far fa-envelope\"><\/i><\/a>\n            <\/div>\n        <\/div> <a class=\"comments-link\" href=\"https:\/\/www.engbers.com\/blog\/mehr-platz-fuer-persoenlichkeit-winterjacken-fuer-starke-maenner\/#respond\"><i class=\"far fa-comment-dots\"><\/i> 0<\/a> <div class=\"post-views-holder\"><div class=\"post-views content-post post-14429 entry-meta load-static\">\r\n\t\t\t\t<span class=\"post-views-icon dashicons dashicons dashicons-visibility\"><\/span> <span class=\"post-views-count\">184<\/span>\r\n\t\t\t<\/div><\/div><\/div><\/div><div class=\"listing-item\"><a href=\"https:\/\/www.engbers.com\/blog\/wasserfest-oder-wasserdicht-warum-maenner-den-unterschied-kennen-sollten\/\" class=\"post-holder-anchor\"><a class=\"image\" href=\"https:\/\/www.engbers.com\/blog\/wasserfest-oder-wasserdicht-warum-maenner-den-unterschied-kennen-sollten\/\"><img loading=\"lazy\" decoding=\"async\" width=\"1600\" height=\"1000\" src=\"https:\/\/www.engbers.com\/blog\/wp-content\/uploads\/2025\/11\/Design-ohne-Titel-81.png\" class=\"attachment-larg size-larg wp-post-image\" alt=\"\" srcset=\"https:\/\/www.engbers.com\/blog\/wp-content\/uploads\/2025\/11\/Design-ohne-Titel-81.png 1600w, https:\/\/www.engbers.com\/blog\/wp-content\/uploads\/2025\/11\/Design-ohne-Titel-81-300x188.png 300w, https:\/\/www.engbers.com\/blog\/wp-content\/uploads\/2025\/11\/Design-ohne-Titel-81-1024x640.png 1024w, https:\/\/www.engbers.com\/blog\/wp-content\/uploads\/2025\/11\/Design-ohne-Titel-81-768x480.png 768w, https:\/\/www.engbers.com\/blog\/wp-content\/uploads\/2025\/11\/Design-ohne-Titel-81-1536x960.png 1536w, https:\/\/www.engbers.com\/blog\/wp-content\/uploads\/2025\/11\/Design-ohne-Titel-81-24x15.png 24w, https:\/\/www.engbers.com\/blog\/wp-content\/uploads\/2025\/11\/Design-ohne-Titel-81-36x23.png 36w, https:\/\/www.engbers.com\/blog\/wp-content\/uploads\/2025\/11\/Design-ohne-Titel-81-48x30.png 48w\" sizes=\"(max-width: 1600px) 100vw, 1600px\" \/><\/a>  <span class=\"date\">November 10, 2025<\/span><a class=\"title\" href=\"https:\/\/www.engbers.com\/blog\/wasserfest-oder-wasserdicht-warum-maenner-den-unterschied-kennen-sollten\/\">Wasserfest oder Wasserdicht \u2013 Warum M\u00e4nner den Unterschied kennen sollten<\/a> <span class=\"excerpt\">Regen ist nicht gleich Regen \u2013 und genauso ist wasserfest nicht gleich wasserdicht. Aber was genau bedeutet das eigentlich? Wer den Unterschied kennt, kann gezielt die richtige Jacke f\u00fcr Alltag, Freizeit oder Outdoor-Aktivit\u00e4ten ausw\u00e4hlen \u2013 und vermeidet unangenehme \u00dcberraschungen, wenn das Wetter umschl\u00e4gt. Wasserfest &#8211; die Basis Wasserfest hei\u00dft: Das&hellip; <a class=\"excerpt-more\" href=\"https:\/\/www.engbers.com\/blog\/wasserfest-oder-wasserdicht-warum-maenner-den-unterschied-kennen-sollten\/\">\u276f Mehr lesen<\/a><\/span><\/a><div class=\"post-footer\"><div id=\"share-button-holder-14292\" class=\"share-button-holder\">\n            <button id=\"share-btn-14292\" class=\"share-btn\"><i class=\"fas fa-share-alt\"><\/i><\/button>\n            <div class=\"social-media-holder hide\">\n                <a target=\"_blank\" href=\"https:\/\/www.facebook.com\/sharer\/sharer.php?u=https:\/\/www.engbers.com\/blog\/wasserfest-oder-wasserdicht-warum-maenner-den-unterschied-kennen-sollten\/\" title=\"Facebook\"><i class='fab fa-facebook-square '><\/i><\/a>\n                <a target=\"_blank\" href=\"https:\/\/www.instagram.com\/engbers.maennermode\/\" title=\"Instagram\"><i class='fab fa-instagram '><\/i><\/a>\n                <a target=\"_blank\" href=\"https:\/\/wa.me\/?text=https:\/\/www.engbers.com\/blog\/wasserfest-oder-wasserdicht-warum-maenner-den-unterschied-kennen-sollten\/\" title=\"WhatsApp\"><i class=\"fab fa-whatsapp\"><\/i><\/a>\n                <a target=\"_blank\" href=\"mailto:?subject=Wasserfest oder Wasserdicht \u2013 Warum M\u00e4nner den Unterschied kennen sollten&#038;body=https:\/\/www.engbers.com\/blog\/wasserfest-oder-wasserdicht-warum-maenner-den-unterschied-kennen-sollten\/\" title=\"E-mail\"><i class=\"far fa-envelope\"><\/i><\/a>\n            <\/div>\n        <\/div> <a class=\"comments-link\" href=\"https:\/\/www.engbers.com\/blog\/wasserfest-oder-wasserdicht-warum-maenner-den-unterschied-kennen-sollten\/#respond\"><i class=\"far fa-comment-dots\"><\/i> 0<\/a> <div class=\"post-views-holder\"><div class=\"post-views content-post post-14292 entry-meta load-static\">\r\n\t\t\t\t<span class=\"post-views-icon dashicons dashicons dashicons-visibility\"><\/span> <span class=\"post-views-count\">434<\/span>\r\n\t\t\t<\/div><\/div><\/div><\/div><div class=\"listing-item\"><a href=\"https:\/\/www.engbers.com\/blog\/herrenmode-trends-herbst\/\" class=\"post-holder-anchor\"><a class=\"image\" href=\"https:\/\/www.engbers.com\/blog\/herrenmode-trends-herbst\/\"><img loading=\"lazy\" decoding=\"async\" width=\"1600\" height=\"1000\" src=\"https:\/\/www.engbers.com\/blog\/wp-content\/uploads\/2025\/11\/Design-ohne-Titel-76.png\" class=\"attachment-larg size-larg wp-post-image\" alt=\"\" srcset=\"https:\/\/www.engbers.com\/blog\/wp-content\/uploads\/2025\/11\/Design-ohne-Titel-76.png 1600w, https:\/\/www.engbers.com\/blog\/wp-content\/uploads\/2025\/11\/Design-ohne-Titel-76-300x188.png 300w, https:\/\/www.engbers.com\/blog\/wp-content\/uploads\/2025\/11\/Design-ohne-Titel-76-1024x640.png 1024w, https:\/\/www.engbers.com\/blog\/wp-content\/uploads\/2025\/11\/Design-ohne-Titel-76-768x480.png 768w, https:\/\/www.engbers.com\/blog\/wp-content\/uploads\/2025\/11\/Design-ohne-Titel-76-1536x960.png 1536w, https:\/\/www.engbers.com\/blog\/wp-content\/uploads\/2025\/11\/Design-ohne-Titel-76-24x15.png 24w, https:\/\/www.engbers.com\/blog\/wp-content\/uploads\/2025\/11\/Design-ohne-Titel-76-36x23.png 36w, https:\/\/www.engbers.com\/blog\/wp-content\/uploads\/2025\/11\/Design-ohne-Titel-76-48x30.png 48w\" sizes=\"(max-width: 1600px) 100vw, 1600px\" \/><\/a>  <span class=\"date\">November 7, 2025<\/span><a class=\"title\" href=\"https:\/\/www.engbers.com\/blog\/herrenmode-trends-herbst\/\">Herrenmode im Herbst \u2013 Diese Styles geh\u00f6ren jetzt in den Kleiderschrank<\/a> <span class=\"excerpt\">Die Tage werden k\u00fcrzer, die Temperaturen sinken und die Bl\u00e4tter f\u00e4rben sich golden: Der Herbst ist da! Mit dem Wechsel der Jahreszeit ist es h\u00f6chste Zeit, dass Man(n) den Kleiderschrank auffrischt. Denn Mode f\u00fcr den Herbst bedeutet mehr als nur warme Kleidung \u2013 sie vereint Style, Funktionalit\u00e4t und den richtigen&hellip; <a class=\"excerpt-more\" href=\"https:\/\/www.engbers.com\/blog\/herrenmode-trends-herbst\/\">\u276f Mehr lesen<\/a><\/span><\/a><div class=\"post-footer\"><div id=\"share-button-holder-14377\" class=\"share-button-holder\">\n            <button id=\"share-btn-14377\" class=\"share-btn\"><i class=\"fas fa-share-alt\"><\/i><\/button>\n            <div class=\"social-media-holder hide\">\n                <a target=\"_blank\" href=\"https:\/\/www.facebook.com\/sharer\/sharer.php?u=https:\/\/www.engbers.com\/blog\/herrenmode-trends-herbst\/\" title=\"Facebook\"><i class='fab fa-facebook-square '><\/i><\/a>\n                <a target=\"_blank\" href=\"https:\/\/www.instagram.com\/engbers.maennermode\/\" title=\"Instagram\"><i class='fab fa-instagram '><\/i><\/a>\n                <a target=\"_blank\" href=\"https:\/\/wa.me\/?text=https:\/\/www.engbers.com\/blog\/herrenmode-trends-herbst\/\" title=\"WhatsApp\"><i class=\"fab fa-whatsapp\"><\/i><\/a>\n                <a target=\"_blank\" href=\"mailto:?subject=Herrenmode im Herbst \u2013 Diese Styles geh\u00f6ren jetzt in den Kleiderschrank&#038;body=https:\/\/www.engbers.com\/blog\/herrenmode-trends-herbst\/\" title=\"E-mail\"><i class=\"far fa-envelope\"><\/i><\/a>\n            <\/div>\n        <\/div> <a class=\"comments-link\" href=\"https:\/\/www.engbers.com\/blog\/herrenmode-trends-herbst\/#respond\"><i class=\"far fa-comment-dots\"><\/i> 0<\/a> <div class=\"post-views-holder\"><div class=\"post-views content-post post-14377 entry-meta load-static\">\r\n\t\t\t\t<span class=\"post-views-icon dashicons dashicons dashicons-visibility\"><\/span> <span class=\"post-views-count\">233<\/span>\r\n\t\t\t<\/div><\/div><\/div><\/div><div class=\"listing-item\"><a href=\"https:\/\/www.engbers.com\/blog\/20-jahre-emilio-adani\/\" class=\"post-holder-anchor\"><a class=\"image\" href=\"https:\/\/www.engbers.com\/blog\/20-jahre-emilio-adani\/\"><img loading=\"lazy\" decoding=\"async\" width=\"1600\" height=\"1000\" src=\"https:\/\/www.engbers.com\/blog\/wp-content\/uploads\/2025\/10\/Design-ohne-Titel-2025-10-01T161413.242.png\" class=\"attachment-larg size-larg wp-post-image\" alt=\"\" srcset=\"https:\/\/www.engbers.com\/blog\/wp-content\/uploads\/2025\/10\/Design-ohne-Titel-2025-10-01T161413.242.png 1600w, https:\/\/www.engbers.com\/blog\/wp-content\/uploads\/2025\/10\/Design-ohne-Titel-2025-10-01T161413.242-300x188.png 300w, https:\/\/www.engbers.com\/blog\/wp-content\/uploads\/2025\/10\/Design-ohne-Titel-2025-10-01T161413.242-1024x640.png 1024w, https:\/\/www.engbers.com\/blog\/wp-content\/uploads\/2025\/10\/Design-ohne-Titel-2025-10-01T161413.242-768x480.png 768w, https:\/\/www.engbers.com\/blog\/wp-content\/uploads\/2025\/10\/Design-ohne-Titel-2025-10-01T161413.242-1536x960.png 1536w, https:\/\/www.engbers.com\/blog\/wp-content\/uploads\/2025\/10\/Design-ohne-Titel-2025-10-01T161413.242-24x15.png 24w, https:\/\/www.engbers.com\/blog\/wp-content\/uploads\/2025\/10\/Design-ohne-Titel-2025-10-01T161413.242-36x23.png 36w, https:\/\/www.engbers.com\/blog\/wp-content\/uploads\/2025\/10\/Design-ohne-Titel-2025-10-01T161413.242-48x30.png 48w\" sizes=\"(max-width: 1600px) 100vw, 1600px\" \/><\/a>  <span class=\"date\">Oktober 1, 2025<\/span><a class=\"title\" href=\"https:\/\/www.engbers.com\/blog\/20-jahre-emilio-adani\/\">20 Jahre emilio adani<\/a> <span class=\"excerpt\">Von einem kleinen italienischen Strick-Label zur etablierten M\u00e4nnermode-Marke, die Dir OUTFITS F\u00dcR DEIN BESTES ICH bietet. Zu unserem 20-j\u00e4hrigen [ea]Jubil\u00e4um d\u00fcrfen wir stolz behaupten: Wir haben nicht nur erfolgreich das Strick-Label emilio adani \u00fcbernommen, sondern eine Marke geschaffen, der es gelingt, italienischen Charme mit den Anspr\u00fcchen moderner M\u00e4nner zu verbinden.&hellip; <a class=\"excerpt-more\" href=\"https:\/\/www.engbers.com\/blog\/20-jahre-emilio-adani\/\">\u276f Mehr lesen<\/a><\/span><\/a><div class=\"post-footer\"><div id=\"share-button-holder-14382\" class=\"share-button-holder\">\n            <button id=\"share-btn-14382\" class=\"share-btn\"><i class=\"fas fa-share-alt\"><\/i><\/button>\n            <div class=\"social-media-holder hide\">\n                <a target=\"_blank\" href=\"https:\/\/www.facebook.com\/sharer\/sharer.php?u=https:\/\/www.engbers.com\/blog\/20-jahre-emilio-adani\/\" title=\"Facebook\"><i class='fab fa-facebook-square '><\/i><\/a>\n                <a target=\"_blank\" href=\"https:\/\/www.instagram.com\/engbers.maennermode\/\" title=\"Instagram\"><i class='fab fa-instagram '><\/i><\/a>\n                <a target=\"_blank\" href=\"https:\/\/wa.me\/?text=https:\/\/www.engbers.com\/blog\/20-jahre-emilio-adani\/\" title=\"WhatsApp\"><i class=\"fab fa-whatsapp\"><\/i><\/a>\n                <a target=\"_blank\" href=\"mailto:?subject=20 Jahre emilio adani&#038;body=https:\/\/www.engbers.com\/blog\/20-jahre-emilio-adani\/\" title=\"E-mail\"><i class=\"far fa-envelope\"><\/i><\/a>\n            <\/div>\n        <\/div> <a class=\"comments-link\" href=\"https:\/\/www.engbers.com\/blog\/20-jahre-emilio-adani\/#respond\"><i class=\"far fa-comment-dots\"><\/i> 0<\/a> <div class=\"post-views-holder\"><div class=\"post-views content-post post-14382 entry-meta load-static\">\r\n\t\t\t\t<span class=\"post-views-icon dashicons dashicons dashicons-visibility\"><\/span> <span class=\"post-views-count\">215<\/span>\r\n\t\t\t<\/div><\/div><\/div><\/div><div class=\"listing-item\"><a href=\"https:\/\/www.engbers.com\/blog\/urlaubs-trend-wandern-die-schoensten-regionen-passende-looks\/\" class=\"post-holder-anchor\"><a class=\"image\" href=\"https:\/\/www.engbers.com\/blog\/urlaubs-trend-wandern-die-schoensten-regionen-passende-looks\/\"><img loading=\"lazy\" decoding=\"async\" width=\"1600\" height=\"1000\" src=\"https:\/\/www.engbers.com\/blog\/wp-content\/uploads\/2025\/07\/Wandern-Blog-Beitrag.jpg\" class=\"attachment-larg size-larg wp-post-image\" alt=\"\" srcset=\"https:\/\/www.engbers.com\/blog\/wp-content\/uploads\/2025\/07\/Wandern-Blog-Beitrag.jpg 1600w, https:\/\/www.engbers.com\/blog\/wp-content\/uploads\/2025\/07\/Wandern-Blog-Beitrag-300x188.jpg 300w, https:\/\/www.engbers.com\/blog\/wp-content\/uploads\/2025\/07\/Wandern-Blog-Beitrag-1024x640.jpg 1024w, https:\/\/www.engbers.com\/blog\/wp-content\/uploads\/2025\/07\/Wandern-Blog-Beitrag-768x480.jpg 768w, https:\/\/www.engbers.com\/blog\/wp-content\/uploads\/2025\/07\/Wandern-Blog-Beitrag-1536x960.jpg 1536w, https:\/\/www.engbers.com\/blog\/wp-content\/uploads\/2025\/07\/Wandern-Blog-Beitrag-24x15.jpg 24w, https:\/\/www.engbers.com\/blog\/wp-content\/uploads\/2025\/07\/Wandern-Blog-Beitrag-36x23.jpg 36w, https:\/\/www.engbers.com\/blog\/wp-content\/uploads\/2025\/07\/Wandern-Blog-Beitrag-48x30.jpg 48w\" sizes=\"(max-width: 1600px) 100vw, 1600px\" \/><\/a>  <span class=\"date\">Juli 11, 2025<\/span><a class=\"title\" href=\"https:\/\/www.engbers.com\/blog\/urlaubs-trend-wandern-die-schoensten-regionen-passende-looks\/\">Urlaubs-Trend Wandern &#8211; die sch\u00f6nsten Regionen &amp; passende Looks<\/a> <span class=\"excerpt\">Wandern ist l\u00e4ngst kein altmodisches Hobby mehr \u2013 es ist ein echter Lifestyle-Trend geworden. Immer mehr M\u00e4nner entdecken das Naturerlebnis als perfekte Auszeit vom Alltag. Ob Bergpanorama, Waldwege oder K\u00fcstenpfade \u2013 Deutschland und Europa bieten gro\u00dfartige Wanderregionen. Und nat\u00fcrlich gilt: Wer gut aussieht, wandert auch mit Stil. Wir zeigen Dir,&hellip; <a class=\"excerpt-more\" href=\"https:\/\/www.engbers.com\/blog\/urlaubs-trend-wandern-die-schoensten-regionen-passende-looks\/\">\u276f Mehr lesen<\/a><\/span><\/a><div class=\"post-footer\"><div id=\"share-button-holder-14159\" class=\"share-button-holder\">\n            <button id=\"share-btn-14159\" class=\"share-btn\"><i class=\"fas fa-share-alt\"><\/i><\/button>\n            <div class=\"social-media-holder hide\">\n                <a target=\"_blank\" href=\"https:\/\/www.facebook.com\/sharer\/sharer.php?u=https:\/\/www.engbers.com\/blog\/urlaubs-trend-wandern-die-schoensten-regionen-passende-looks\/\" title=\"Facebook\"><i class='fab fa-facebook-square '><\/i><\/a>\n                <a target=\"_blank\" href=\"https:\/\/www.instagram.com\/engbers.maennermode\/\" title=\"Instagram\"><i class='fab fa-instagram '><\/i><\/a>\n                <a target=\"_blank\" href=\"https:\/\/wa.me\/?text=https:\/\/www.engbers.com\/blog\/urlaubs-trend-wandern-die-schoensten-regionen-passende-looks\/\" title=\"WhatsApp\"><i class=\"fab fa-whatsapp\"><\/i><\/a>\n                <a target=\"_blank\" href=\"mailto:?subject=Urlaubs-Trend Wandern &#8211; die sch\u00f6nsten Regionen &amp; passende Looks&#038;body=https:\/\/www.engbers.com\/blog\/urlaubs-trend-wandern-die-schoensten-regionen-passende-looks\/\" title=\"E-mail\"><i class=\"far fa-envelope\"><\/i><\/a>\n            <\/div>\n        <\/div> <a class=\"comments-link\" href=\"https:\/\/www.engbers.com\/blog\/urlaubs-trend-wandern-die-schoensten-regionen-passende-looks\/#respond\"><i class=\"far fa-comment-dots\"><\/i> 0<\/a> <div class=\"post-views-holder\"><div class=\"post-views content-post post-14159 entry-meta load-static\">\r\n\t\t\t\t<span class=\"post-views-icon dashicons dashicons dashicons-visibility\"><\/span> <span class=\"post-views-count\">236<\/span>\r\n\t\t\t<\/div><\/div><\/div><\/div><div class=\"listing-item\"><a href=\"https:\/\/www.engbers.com\/blog\/das-material-lexikon-stoffe-und-ihre-eigenschaften\/\" class=\"post-holder-anchor\"><a class=\"image\" href=\"https:\/\/www.engbers.com\/blog\/das-material-lexikon-stoffe-und-ihre-eigenschaften\/\"><img loading=\"lazy\" decoding=\"async\" width=\"1600\" height=\"1000\" src=\"https:\/\/www.engbers.com\/blog\/wp-content\/uploads\/2025\/06\/Blog-Material.jpg\" class=\"attachment-larg size-larg wp-post-image\" alt=\"\" srcset=\"https:\/\/www.engbers.com\/blog\/wp-content\/uploads\/2025\/06\/Blog-Material.jpg 1600w, https:\/\/www.engbers.com\/blog\/wp-content\/uploads\/2025\/06\/Blog-Material-300x188.jpg 300w, https:\/\/www.engbers.com\/blog\/wp-content\/uploads\/2025\/06\/Blog-Material-1024x640.jpg 1024w, https:\/\/www.engbers.com\/blog\/wp-content\/uploads\/2025\/06\/Blog-Material-768x480.jpg 768w, https:\/\/www.engbers.com\/blog\/wp-content\/uploads\/2025\/06\/Blog-Material-1536x960.jpg 1536w, https:\/\/www.engbers.com\/blog\/wp-content\/uploads\/2025\/06\/Blog-Material-24x15.jpg 24w, https:\/\/www.engbers.com\/blog\/wp-content\/uploads\/2025\/06\/Blog-Material-36x23.jpg 36w, https:\/\/www.engbers.com\/blog\/wp-content\/uploads\/2025\/06\/Blog-Material-48x30.jpg 48w\" sizes=\"(max-width: 1600px) 100vw, 1600px\" \/><\/a>  <span class=\"date\">Juli 8, 2025<\/span><a class=\"title\" href=\"https:\/\/www.engbers.com\/blog\/das-material-lexikon-stoffe-und-ihre-eigenschaften\/\">Das Material-Lexikon &#8211; Stoffe und ihre Eigenschaften<\/a> <span class=\"excerpt\">Welche Stoffe dominieren die M\u00e4nnermode? Ob Hemd, Anzug, Jeans oder Funktionsjacke \u2013 das Material entscheidet ma\u00dfgeblich \u00fcber Tragekomfort, Stil und Langlebigkeit eines Kleidungsst\u00fccks. In der Herrenmode kommen dabei ganz unterschiedliche Stoffe zum Einsatz: Von klassischen Naturfasern wie Baumwolle, Leinen und Wolle bis hin zu modernen Hightech-Materialien wie Polyester, Nylon oder&hellip; <a class=\"excerpt-more\" href=\"https:\/\/www.engbers.com\/blog\/das-material-lexikon-stoffe-und-ihre-eigenschaften\/\">\u276f Mehr lesen<\/a><\/span><\/a><div class=\"post-footer\"><div id=\"share-button-holder-14129\" class=\"share-button-holder\">\n            <button id=\"share-btn-14129\" class=\"share-btn\"><i class=\"fas fa-share-alt\"><\/i><\/button>\n            <div class=\"social-media-holder hide\">\n                <a target=\"_blank\" href=\"https:\/\/www.facebook.com\/sharer\/sharer.php?u=https:\/\/www.engbers.com\/blog\/das-material-lexikon-stoffe-und-ihre-eigenschaften\/\" title=\"Facebook\"><i class='fab fa-facebook-square '><\/i><\/a>\n                <a target=\"_blank\" href=\"https:\/\/www.instagram.com\/engbers.maennermode\/\" title=\"Instagram\"><i class='fab fa-instagram '><\/i><\/a>\n                <a target=\"_blank\" href=\"https:\/\/wa.me\/?text=https:\/\/www.engbers.com\/blog\/das-material-lexikon-stoffe-und-ihre-eigenschaften\/\" title=\"WhatsApp\"><i class=\"fab fa-whatsapp\"><\/i><\/a>\n                <a target=\"_blank\" href=\"mailto:?subject=Das Material-Lexikon &#8211; Stoffe und ihre Eigenschaften&#038;body=https:\/\/www.engbers.com\/blog\/das-material-lexikon-stoffe-und-ihre-eigenschaften\/\" title=\"E-mail\"><i class=\"far fa-envelope\"><\/i><\/a>\n            <\/div>\n        <\/div> <a class=\"comments-link\" href=\"https:\/\/www.engbers.com\/blog\/das-material-lexikon-stoffe-und-ihre-eigenschaften\/#respond\"><i class=\"far fa-comment-dots\"><\/i> 0<\/a> <div class=\"post-views-holder\"><div class=\"post-views content-post post-14129 entry-meta load-static\">\r\n\t\t\t\t<span class=\"post-views-icon dashicons dashicons dashicons-visibility\"><\/span> <span class=\"post-views-count\">490<\/span>\r\n\t\t\t<\/div><\/div><\/div><\/div><div class=\"listing-item\"><a href=\"https:\/\/www.engbers.com\/blog\/angrillen-2025-grill-neuheiten-und-die-besten-rezepte-fuer-fruehling-und-sommer\/\" class=\"post-holder-anchor\"><a class=\"image\" href=\"https:\/\/www.engbers.com\/blog\/angrillen-2025-grill-neuheiten-und-die-besten-rezepte-fuer-fruehling-und-sommer\/\"><img loading=\"lazy\" decoding=\"async\" width=\"1600\" height=\"1000\" src=\"https:\/\/www.engbers.com\/blog\/wp-content\/uploads\/2025\/04\/Angrillen-2025.jpg\" class=\"attachment-larg size-larg wp-post-image\" alt=\"\" srcset=\"https:\/\/www.engbers.com\/blog\/wp-content\/uploads\/2025\/04\/Angrillen-2025.jpg 1600w, https:\/\/www.engbers.com\/blog\/wp-content\/uploads\/2025\/04\/Angrillen-2025-300x188.jpg 300w, https:\/\/www.engbers.com\/blog\/wp-content\/uploads\/2025\/04\/Angrillen-2025-1024x640.jpg 1024w, https:\/\/www.engbers.com\/blog\/wp-content\/uploads\/2025\/04\/Angrillen-2025-768x480.jpg 768w, https:\/\/www.engbers.com\/blog\/wp-content\/uploads\/2025\/04\/Angrillen-2025-1536x960.jpg 1536w, https:\/\/www.engbers.com\/blog\/wp-content\/uploads\/2025\/04\/Angrillen-2025-24x15.jpg 24w, https:\/\/www.engbers.com\/blog\/wp-content\/uploads\/2025\/04\/Angrillen-2025-36x23.jpg 36w, https:\/\/www.engbers.com\/blog\/wp-content\/uploads\/2025\/04\/Angrillen-2025-48x30.jpg 48w\" sizes=\"(max-width: 1600px) 100vw, 1600px\" \/><\/a>  <span class=\"date\">April 29, 2025<\/span><a class=\"title\" href=\"https:\/\/www.engbers.com\/blog\/angrillen-2025-grill-neuheiten-und-die-besten-rezepte-fuer-fruehling-und-sommer\/\">ANGRILLEN 2026: Grill-Neuheiten und die besten Rezepte f\u00fcr Fr\u00fchling und Sommer<\/a> <span class=\"excerpt\">Grillen oder R\u00e4uchern? Gas oder Holzkohle? F\u00fcr die Sommersaison 2025 hat die Grill-Branche einige neue Highlights mit entsprechenden Essentials zu bieten. Was f\u00fcr eine Art von Grill der Richtige ist und welche Leckereien sich darauf am besten zubereiten lassen, erf\u00e4hrst Du in diesem Beitrag. Der Holzkohlegrill &#8211; ein Klassiker Wer&hellip; <a class=\"excerpt-more\" href=\"https:\/\/www.engbers.com\/blog\/angrillen-2025-grill-neuheiten-und-die-besten-rezepte-fuer-fruehling-und-sommer\/\">\u276f Mehr lesen<\/a><\/span><\/a><div class=\"post-footer\"><div id=\"share-button-holder-13907\" class=\"share-button-holder\">\n            <button id=\"share-btn-13907\" class=\"share-btn\"><i class=\"fas fa-share-alt\"><\/i><\/button>\n            <div class=\"social-media-holder hide\">\n                <a target=\"_blank\" href=\"https:\/\/www.facebook.com\/sharer\/sharer.php?u=https:\/\/www.engbers.com\/blog\/angrillen-2025-grill-neuheiten-und-die-besten-rezepte-fuer-fruehling-und-sommer\/\" title=\"Facebook\"><i class='fab fa-facebook-square '><\/i><\/a>\n                <a target=\"_blank\" href=\"https:\/\/www.instagram.com\/engbers.maennermode\/\" title=\"Instagram\"><i class='fab fa-instagram '><\/i><\/a>\n                <a target=\"_blank\" href=\"https:\/\/wa.me\/?text=https:\/\/www.engbers.com\/blog\/angrillen-2025-grill-neuheiten-und-die-besten-rezepte-fuer-fruehling-und-sommer\/\" title=\"WhatsApp\"><i class=\"fab fa-whatsapp\"><\/i><\/a>\n                <a target=\"_blank\" href=\"mailto:?subject=ANGRILLEN 2026: Grill-Neuheiten und die besten Rezepte f\u00fcr Fr\u00fchling und Sommer&#038;body=https:\/\/www.engbers.com\/blog\/angrillen-2025-grill-neuheiten-und-die-besten-rezepte-fuer-fruehling-und-sommer\/\" title=\"E-mail\"><i class=\"far fa-envelope\"><\/i><\/a>\n            <\/div>\n        <\/div> <a class=\"comments-link\" href=\"https:\/\/www.engbers.com\/blog\/angrillen-2025-grill-neuheiten-und-die-besten-rezepte-fuer-fruehling-und-sommer\/#respond\"><i class=\"far fa-comment-dots\"><\/i> 0<\/a> <div class=\"post-views-holder\"><div class=\"post-views content-post post-13907 entry-meta load-static\">\r\n\t\t\t\t<span class=\"post-views-icon dashicons dashicons dashicons-visibility\"><\/span> <span class=\"post-views-count\">1.439<\/span>\r\n\t\t\t<\/div><\/div><\/div><\/div><div class=\"listing-item\"><a href=\"https:\/\/www.engbers.com\/blog\/hochzeits-outfits\/\" class=\"post-holder-anchor\"><a class=\"image\" href=\"https:\/\/www.engbers.com\/blog\/hochzeits-outfits\/\"><img loading=\"lazy\" decoding=\"async\" width=\"1600\" height=\"1000\" src=\"https:\/\/www.engbers.com\/blog\/wp-content\/uploads\/2025\/04\/Design-ohne-Titel-24.png\" class=\"attachment-larg size-larg wp-post-image\" alt=\"\" srcset=\"https:\/\/www.engbers.com\/blog\/wp-content\/uploads\/2025\/04\/Design-ohne-Titel-24.png 1600w, https:\/\/www.engbers.com\/blog\/wp-content\/uploads\/2025\/04\/Design-ohne-Titel-24-300x188.png 300w, https:\/\/www.engbers.com\/blog\/wp-content\/uploads\/2025\/04\/Design-ohne-Titel-24-1024x640.png 1024w, https:\/\/www.engbers.com\/blog\/wp-content\/uploads\/2025\/04\/Design-ohne-Titel-24-768x480.png 768w, https:\/\/www.engbers.com\/blog\/wp-content\/uploads\/2025\/04\/Design-ohne-Titel-24-1536x960.png 1536w, https:\/\/www.engbers.com\/blog\/wp-content\/uploads\/2025\/04\/Design-ohne-Titel-24-24x15.png 24w, https:\/\/www.engbers.com\/blog\/wp-content\/uploads\/2025\/04\/Design-ohne-Titel-24-36x23.png 36w, https:\/\/www.engbers.com\/blog\/wp-content\/uploads\/2025\/04\/Design-ohne-Titel-24-48x30.png 48w\" sizes=\"(max-width: 1600px) 100vw, 1600px\" \/><\/a>  <span class=\"date\">April 9, 2025<\/span><a class=\"title\" href=\"https:\/\/www.engbers.com\/blog\/hochzeits-outfits\/\">Hochzeits-Outfits 2025: Angesagte M\u00e4nner-Looks f\u00fcr Br\u00e4utigam &amp; Gast<\/a> <span class=\"excerpt\">Endlich wieder die Liebe feiern, Zeit mit Familie &amp; Freuden verbringen und tanzen. Die Hochzeits-Saison 2025 ist er\u00f6ffnet. Die elegante Garderobe ist etwas eingestaubt und Du fragst Dich \u201eWas tr\u00e4gt Mann bei einer Hochzeit als Br\u00e4utigam oder Gast?\u201cWir geben Dir einen \u00dcberblick \u00fcber moderne Hochzeits-Outfits f\u00fcr Standesamt, Kirche, Strand-Hochzeit, Garten-Party&hellip; <a class=\"excerpt-more\" href=\"https:\/\/www.engbers.com\/blog\/hochzeits-outfits\/\">\u276f Mehr lesen<\/a><\/span><\/a><div class=\"post-footer\"><div id=\"share-button-holder-13788\" class=\"share-button-holder\">\n            <button id=\"share-btn-13788\" class=\"share-btn\"><i class=\"fas fa-share-alt\"><\/i><\/button>\n            <div class=\"social-media-holder hide\">\n                <a target=\"_blank\" href=\"https:\/\/www.facebook.com\/sharer\/sharer.php?u=https:\/\/www.engbers.com\/blog\/hochzeits-outfits\/\" title=\"Facebook\"><i class='fab fa-facebook-square '><\/i><\/a>\n                <a target=\"_blank\" href=\"https:\/\/www.instagram.com\/engbers.maennermode\/\" title=\"Instagram\"><i class='fab fa-instagram '><\/i><\/a>\n                <a target=\"_blank\" href=\"https:\/\/wa.me\/?text=https:\/\/www.engbers.com\/blog\/hochzeits-outfits\/\" title=\"WhatsApp\"><i class=\"fab fa-whatsapp\"><\/i><\/a>\n                <a target=\"_blank\" href=\"mailto:?subject=Hochzeits-Outfits 2025: Angesagte M\u00e4nner-Looks f\u00fcr Br\u00e4utigam &amp; Gast&#038;body=https:\/\/www.engbers.com\/blog\/hochzeits-outfits\/\" title=\"E-mail\"><i class=\"far fa-envelope\"><\/i><\/a>\n            <\/div>\n        <\/div> <a class=\"comments-link\" href=\"https:\/\/www.engbers.com\/blog\/hochzeits-outfits\/#respond\"><i class=\"far fa-comment-dots\"><\/i> 0<\/a> <div class=\"post-views-holder\"><div class=\"post-views content-post post-13788 entry-meta load-static\">\r\n\t\t\t\t<span class=\"post-views-icon dashicons dashicons dashicons-visibility\"><\/span> <span class=\"post-views-count\">5.186<\/span>\r\n\t\t\t<\/div><\/div><\/div><\/div><div class=\"listing-item\"><a href=\"https:\/\/www.engbers.com\/blog\/schluss-mit-dem-winter-blues\/\" class=\"post-holder-anchor\"><a class=\"image\" href=\"https:\/\/www.engbers.com\/blog\/schluss-mit-dem-winter-blues\/\"><img loading=\"lazy\" decoding=\"async\" width=\"1600\" height=\"1000\" src=\"https:\/\/www.engbers.com\/blog\/wp-content\/uploads\/2025\/01\/Design-ohne-Titel-5.png\" class=\"attachment-larg size-larg wp-post-image\" alt=\"\" srcset=\"https:\/\/www.engbers.com\/blog\/wp-content\/uploads\/2025\/01\/Design-ohne-Titel-5.png 1600w, https:\/\/www.engbers.com\/blog\/wp-content\/uploads\/2025\/01\/Design-ohne-Titel-5-300x188.png 300w, https:\/\/www.engbers.com\/blog\/wp-content\/uploads\/2025\/01\/Design-ohne-Titel-5-1024x640.png 1024w, https:\/\/www.engbers.com\/blog\/wp-content\/uploads\/2025\/01\/Design-ohne-Titel-5-768x480.png 768w, https:\/\/www.engbers.com\/blog\/wp-content\/uploads\/2025\/01\/Design-ohne-Titel-5-1536x960.png 1536w, https:\/\/www.engbers.com\/blog\/wp-content\/uploads\/2025\/01\/Design-ohne-Titel-5-24x15.png 24w, https:\/\/www.engbers.com\/blog\/wp-content\/uploads\/2025\/01\/Design-ohne-Titel-5-36x23.png 36w, https:\/\/www.engbers.com\/blog\/wp-content\/uploads\/2025\/01\/Design-ohne-Titel-5-48x30.png 48w\" sizes=\"(max-width: 1600px) 100vw, 1600px\" \/><\/a>  <span class=\"date\">Januar 17, 2025<\/span><a class=\"title\" href=\"https:\/\/www.engbers.com\/blog\/schluss-mit-dem-winter-blues\/\">Schluss mit dem Winter-Blues: Aktivit\u00e4ten bei schlechtem Wetter<\/a> <span class=\"excerpt\">Der Winter hat uns noch fest im Griff und die kalten Tage im Februar und M\u00e4rz k\u00f6nnen nochmal ganz sch\u00f6n kalt und tr\u00fcb werden. Doch das muss noch lange nicht bedeuten, dass wir uns in unsere eigenen vier W\u00e4nde zur\u00fcckziehen m\u00fcssen! Es gibt jede Menge M\u00f6glichkeiten, die tr\u00fcben Tage zu&hellip; <a class=\"excerpt-more\" href=\"https:\/\/www.engbers.com\/blog\/schluss-mit-dem-winter-blues\/\">\u276f Mehr lesen<\/a><\/span><\/a><div class=\"post-footer\"><div id=\"share-button-holder-13290\" class=\"share-button-holder\">\n            <button id=\"share-btn-13290\" class=\"share-btn\"><i class=\"fas fa-share-alt\"><\/i><\/button>\n            <div class=\"social-media-holder hide\">\n                <a target=\"_blank\" href=\"https:\/\/www.facebook.com\/sharer\/sharer.php?u=https:\/\/www.engbers.com\/blog\/schluss-mit-dem-winter-blues\/\" title=\"Facebook\"><i class='fab fa-facebook-square '><\/i><\/a>\n                <a target=\"_blank\" href=\"https:\/\/www.instagram.com\/engbers.maennermode\/\" title=\"Instagram\"><i class='fab fa-instagram '><\/i><\/a>\n                <a target=\"_blank\" href=\"https:\/\/wa.me\/?text=https:\/\/www.engbers.com\/blog\/schluss-mit-dem-winter-blues\/\" title=\"WhatsApp\"><i class=\"fab fa-whatsapp\"><\/i><\/a>\n                <a target=\"_blank\" href=\"mailto:?subject=Schluss mit dem Winter-Blues: Aktivit\u00e4ten bei schlechtem Wetter&#038;body=https:\/\/www.engbers.com\/blog\/schluss-mit-dem-winter-blues\/\" title=\"E-mail\"><i class=\"far fa-envelope\"><\/i><\/a>\n            <\/div>\n        <\/div> <a class=\"comments-link\" href=\"https:\/\/www.engbers.com\/blog\/schluss-mit-dem-winter-blues\/#respond\"><i class=\"far fa-comment-dots\"><\/i> 0<\/a> <div class=\"post-views-holder\"><div class=\"post-views content-post post-13290 entry-meta load-static\">\r\n\t\t\t\t<span class=\"post-views-icon dashicons dashicons dashicons-visibility\"><\/span> <span class=\"post-views-count\">240<\/span>\r\n\t\t\t<\/div><\/div><\/div><\/div><div class=\"listing-item\"><a href=\"https:\/\/www.engbers.com\/blog\/tipps-fur-den-ski-urlaub\/\" class=\"post-holder-anchor\"><a class=\"image\" href=\"https:\/\/www.engbers.com\/blog\/tipps-fur-den-ski-urlaub\/\"><img loading=\"lazy\" decoding=\"async\" width=\"1600\" height=\"1000\" src=\"https:\/\/www.engbers.com\/blog\/wp-content\/uploads\/2024\/01\/Design-ohne-Titel-2024-01-08T134445.240.png\" class=\"attachment-larg size-larg wp-post-image\" alt=\"\" srcset=\"https:\/\/www.engbers.com\/blog\/wp-content\/uploads\/2024\/01\/Design-ohne-Titel-2024-01-08T134445.240.png 1600w, https:\/\/www.engbers.com\/blog\/wp-content\/uploads\/2024\/01\/Design-ohne-Titel-2024-01-08T134445.240-300x188.png 300w, https:\/\/www.engbers.com\/blog\/wp-content\/uploads\/2024\/01\/Design-ohne-Titel-2024-01-08T134445.240-1024x640.png 1024w, https:\/\/www.engbers.com\/blog\/wp-content\/uploads\/2024\/01\/Design-ohne-Titel-2024-01-08T134445.240-768x480.png 768w, https:\/\/www.engbers.com\/blog\/wp-content\/uploads\/2024\/01\/Design-ohne-Titel-2024-01-08T134445.240-1536x960.png 1536w, https:\/\/www.engbers.com\/blog\/wp-content\/uploads\/2024\/01\/Design-ohne-Titel-2024-01-08T134445.240-24x15.png 24w, https:\/\/www.engbers.com\/blog\/wp-content\/uploads\/2024\/01\/Design-ohne-Titel-2024-01-08T134445.240-36x23.png 36w, https:\/\/www.engbers.com\/blog\/wp-content\/uploads\/2024\/01\/Design-ohne-Titel-2024-01-08T134445.240-48x30.png 48w\" sizes=\"(max-width: 1600px) 100vw, 1600px\" \/><\/a>  <span class=\"date\">Januar 13, 2025<\/span><a class=\"title\" href=\"https:\/\/www.engbers.com\/blog\/tipps-fur-den-ski-urlaub\/\">5 Tipps f\u00fcr den Ski-Urlaub<\/a> <span class=\"excerpt\">F\u00fcr Dich geht es bald endlich in den Schnee und Du genie\u00dft wahres Kaiserwetter auf der Piste? Wenn Du schon l\u00e4nger nicht mehr auf Skiern standest oder Ski-Neuling bist, findest Du in diesem Beitrag hilfreiche Tipps f\u00fcr einen entspannten Urlaub. Die Wahl des Ski-GebietsPlanung der AnreiseTipps zum Geld sparenBereite Dich&hellip; <a class=\"excerpt-more\" href=\"https:\/\/www.engbers.com\/blog\/tipps-fur-den-ski-urlaub\/\">\u276f Mehr lesen<\/a><\/span><\/a><div class=\"post-footer\"><div id=\"share-button-holder-11485\" class=\"share-button-holder\">\n            <button id=\"share-btn-11485\" class=\"share-btn\"><i class=\"fas fa-share-alt\"><\/i><\/button>\n            <div class=\"social-media-holder hide\">\n                <a target=\"_blank\" href=\"https:\/\/www.facebook.com\/sharer\/sharer.php?u=https:\/\/www.engbers.com\/blog\/tipps-fur-den-ski-urlaub\/\" title=\"Facebook\"><i class='fab fa-facebook-square '><\/i><\/a>\n                <a target=\"_blank\" href=\"https:\/\/www.instagram.com\/engbers.maennermode\/\" title=\"Instagram\"><i class='fab fa-instagram '><\/i><\/a>\n                <a target=\"_blank\" href=\"https:\/\/wa.me\/?text=https:\/\/www.engbers.com\/blog\/tipps-fur-den-ski-urlaub\/\" title=\"WhatsApp\"><i class=\"fab fa-whatsapp\"><\/i><\/a>\n                <a target=\"_blank\" href=\"mailto:?subject=5 Tipps f\u00fcr den Ski-Urlaub&#038;body=https:\/\/www.engbers.com\/blog\/tipps-fur-den-ski-urlaub\/\" title=\"E-mail\"><i class=\"far fa-envelope\"><\/i><\/a>\n            <\/div>\n        <\/div> <a class=\"comments-link\" href=\"https:\/\/www.engbers.com\/blog\/tipps-fur-den-ski-urlaub\/#respond\"><i class=\"far fa-comment-dots\"><\/i> 0<\/a> <div class=\"post-views-holder\"><div class=\"post-views content-post post-11485 entry-meta load-static\">\r\n\t\t\t\t<span class=\"post-views-icon dashicons dashicons dashicons-visibility\"><\/span> <span class=\"post-views-count\">669<\/span>\r\n\t\t\t<\/div><\/div><\/div><\/div><div class=\"listing-item\"><a href=\"https:\/\/www.engbers.com\/blog\/nachhaltigkeitskonzept\/\" class=\"post-holder-anchor\"><a class=\"image\" href=\"https:\/\/www.engbers.com\/blog\/nachhaltigkeitskonzept\/\"><img loading=\"lazy\" decoding=\"async\" width=\"1600\" height=\"1000\" src=\"https:\/\/www.engbers.com\/blog\/wp-content\/uploads\/2025\/01\/Titel.png\" class=\"attachment-larg size-larg wp-post-image\" alt=\"\" srcset=\"https:\/\/www.engbers.com\/blog\/wp-content\/uploads\/2025\/01\/Titel.png 1600w, https:\/\/www.engbers.com\/blog\/wp-content\/uploads\/2025\/01\/Titel-300x188.png 300w, https:\/\/www.engbers.com\/blog\/wp-content\/uploads\/2025\/01\/Titel-1024x640.png 1024w, https:\/\/www.engbers.com\/blog\/wp-content\/uploads\/2025\/01\/Titel-768x480.png 768w, https:\/\/www.engbers.com\/blog\/wp-content\/uploads\/2025\/01\/Titel-1536x960.png 1536w, https:\/\/www.engbers.com\/blog\/wp-content\/uploads\/2025\/01\/Titel-24x15.png 24w, https:\/\/www.engbers.com\/blog\/wp-content\/uploads\/2025\/01\/Titel-36x23.png 36w, https:\/\/www.engbers.com\/blog\/wp-content\/uploads\/2025\/01\/Titel-48x30.png 48w\" sizes=\"(max-width: 1600px) 100vw, 1600px\" \/><\/a>  <span class=\"date\">Januar 7, 2025<\/span><a class=\"title\" href=\"https:\/\/www.engbers.com\/blog\/nachhaltigkeitskonzept\/\">Das Engbers-Nachhaltigkeitskonzept<\/a> <span class=\"excerpt\">Mode ist unser t\u00e4glicher Begleiter, sie dr\u00fcckt unsere Stimmung aus und schreibt besonderen Anl\u00e4ssen erst ihre Bedeutung zu. Nichts kommt im Alltag unserer Haut so nahe, wie die Kleidung, die wir darauf tragen. Umso wichtiger ist das Wissen darum, unter welchen Bedingungen diese hergestellt wurde und welchen Einfluss die Produktion&hellip; <a class=\"excerpt-more\" href=\"https:\/\/www.engbers.com\/blog\/nachhaltigkeitskonzept\/\">\u276f Mehr lesen<\/a><\/span><\/a><div class=\"post-footer\"><div id=\"share-button-holder-13238\" class=\"share-button-holder\">\n            <button id=\"share-btn-13238\" class=\"share-btn\"><i class=\"fas fa-share-alt\"><\/i><\/button>\n            <div class=\"social-media-holder hide\">\n                <a target=\"_blank\" href=\"https:\/\/www.facebook.com\/sharer\/sharer.php?u=https:\/\/www.engbers.com\/blog\/nachhaltigkeitskonzept\/\" title=\"Facebook\"><i class='fab fa-facebook-square '><\/i><\/a>\n                <a target=\"_blank\" href=\"https:\/\/www.instagram.com\/engbers.maennermode\/\" title=\"Instagram\"><i class='fab fa-instagram '><\/i><\/a>\n                <a target=\"_blank\" href=\"https:\/\/wa.me\/?text=https:\/\/www.engbers.com\/blog\/nachhaltigkeitskonzept\/\" title=\"WhatsApp\"><i class=\"fab fa-whatsapp\"><\/i><\/a>\n                <a target=\"_blank\" href=\"mailto:?subject=Das Engbers-Nachhaltigkeitskonzept&#038;body=https:\/\/www.engbers.com\/blog\/nachhaltigkeitskonzept\/\" title=\"E-mail\"><i class=\"far fa-envelope\"><\/i><\/a>\n            <\/div>\n        <\/div> <a class=\"comments-link\" href=\"https:\/\/www.engbers.com\/blog\/nachhaltigkeitskonzept\/#respond\"><i class=\"far fa-comment-dots\"><\/i> 0<\/a> <div class=\"post-views-holder\"><div class=\"post-views content-post post-13238 entry-meta load-static\">\r\n\t\t\t\t<span class=\"post-views-icon dashicons dashicons dashicons-visibility\"><\/span> <span class=\"post-views-count\">448<\/span>\r\n\t\t\t<\/div><\/div><\/div><\/div><div class=\"listing-item\"><a href=\"https:\/\/www.engbers.com\/blog\/kamin-ofen-richtig-reinigen\/\" class=\"post-holder-anchor\"><a class=\"image\" href=\"https:\/\/www.engbers.com\/blog\/kamin-ofen-richtig-reinigen\/\"><img loading=\"lazy\" decoding=\"async\" width=\"1600\" height=\"1000\" src=\"https:\/\/www.engbers.com\/blog\/wp-content\/uploads\/2024\/11\/Design-ohne-Titel-2024-11-28T153417.676.png\" class=\"attachment-larg size-larg wp-post-image\" alt=\"\" srcset=\"https:\/\/www.engbers.com\/blog\/wp-content\/uploads\/2024\/11\/Design-ohne-Titel-2024-11-28T153417.676.png 1600w, https:\/\/www.engbers.com\/blog\/wp-content\/uploads\/2024\/11\/Design-ohne-Titel-2024-11-28T153417.676-300x188.png 300w, https:\/\/www.engbers.com\/blog\/wp-content\/uploads\/2024\/11\/Design-ohne-Titel-2024-11-28T153417.676-1024x640.png 1024w, https:\/\/www.engbers.com\/blog\/wp-content\/uploads\/2024\/11\/Design-ohne-Titel-2024-11-28T153417.676-768x480.png 768w, https:\/\/www.engbers.com\/blog\/wp-content\/uploads\/2024\/11\/Design-ohne-Titel-2024-11-28T153417.676-1536x960.png 1536w, https:\/\/www.engbers.com\/blog\/wp-content\/uploads\/2024\/11\/Design-ohne-Titel-2024-11-28T153417.676-24x15.png 24w, https:\/\/www.engbers.com\/blog\/wp-content\/uploads\/2024\/11\/Design-ohne-Titel-2024-11-28T153417.676-36x23.png 36w, https:\/\/www.engbers.com\/blog\/wp-content\/uploads\/2024\/11\/Design-ohne-Titel-2024-11-28T153417.676-48x30.png 48w\" sizes=\"(max-width: 1600px) 100vw, 1600px\" \/><\/a>  <span class=\"date\">November 28, 2024<\/span><a class=\"title\" href=\"https:\/\/www.engbers.com\/blog\/kamin-ofen-richtig-reinigen\/\">So reinigst Du Deinen Kamin\/Ofen richtig<\/a> <span class=\"excerpt\">Der gem\u00fctliche Abend vor dem Kamin ist f\u00fcr viele von uns ein St\u00fcck Lebensqualit\u00e4t. Um die Sicherheit und Effizienz Deines Kamins zu gew\u00e4hrleisten, ist eine regelm\u00e4\u00dfige Reinigung unerl\u00e4sslich. Durch die richtige Pflege erh\u00f6hst Du nicht nur die Lebensdauer Deines Ger\u00e4ts, sondern sorgst gleichzeitig f\u00fcr eine optimale Heizleistung. Wie oft sollte&hellip; <a class=\"excerpt-more\" href=\"https:\/\/www.engbers.com\/blog\/kamin-ofen-richtig-reinigen\/\">\u276f Mehr lesen<\/a><\/span><\/a><div class=\"post-footer\"><div id=\"share-button-holder-13108\" class=\"share-button-holder\">\n            <button id=\"share-btn-13108\" class=\"share-btn\"><i class=\"fas fa-share-alt\"><\/i><\/button>\n            <div class=\"social-media-holder hide\">\n                <a target=\"_blank\" href=\"https:\/\/www.facebook.com\/sharer\/sharer.php?u=https:\/\/www.engbers.com\/blog\/kamin-ofen-richtig-reinigen\/\" title=\"Facebook\"><i class='fab fa-facebook-square '><\/i><\/a>\n                <a target=\"_blank\" href=\"https:\/\/www.instagram.com\/engbers.maennermode\/\" title=\"Instagram\"><i class='fab fa-instagram '><\/i><\/a>\n                <a target=\"_blank\" href=\"https:\/\/wa.me\/?text=https:\/\/www.engbers.com\/blog\/kamin-ofen-richtig-reinigen\/\" title=\"WhatsApp\"><i class=\"fab fa-whatsapp\"><\/i><\/a>\n                <a target=\"_blank\" href=\"mailto:?subject=So reinigst Du Deinen Kamin\/Ofen richtig&#038;body=https:\/\/www.engbers.com\/blog\/kamin-ofen-richtig-reinigen\/\" title=\"E-mail\"><i class=\"far fa-envelope\"><\/i><\/a>\n            <\/div>\n        <\/div> <a class=\"comments-link\" href=\"https:\/\/www.engbers.com\/blog\/kamin-ofen-richtig-reinigen\/#comments\"><i class=\"far fa-comment-dots\"><\/i> 1<\/a> <div class=\"post-views-holder\"><div class=\"post-views content-post post-13108 entry-meta load-static\">\r\n\t\t\t\t<span class=\"post-views-icon dashicons dashicons dashicons-visibility\"><\/span> <span class=\"post-views-count\">263<\/span>\r\n\t\t\t<\/div><\/div><\/div><\/div><div class=\"listing-item\"><a href=\"https:\/\/www.engbers.com\/blog\/pflege-guide-merino\/\" class=\"post-holder-anchor\"><a class=\"image\" href=\"https:\/\/www.engbers.com\/blog\/pflege-guide-merino\/\"><img loading=\"lazy\" decoding=\"async\" width=\"1600\" height=\"1000\" src=\"https:\/\/www.engbers.com\/blog\/wp-content\/uploads\/2021\/09\/Design-ohne-Titel-2024-09-12T150805.400.png\" class=\"attachment-larg size-larg wp-post-image\" alt=\"\" srcset=\"https:\/\/www.engbers.com\/blog\/wp-content\/uploads\/2021\/09\/Design-ohne-Titel-2024-09-12T150805.400.png 1600w, https:\/\/www.engbers.com\/blog\/wp-content\/uploads\/2021\/09\/Design-ohne-Titel-2024-09-12T150805.400-300x188.png 300w, https:\/\/www.engbers.com\/blog\/wp-content\/uploads\/2021\/09\/Design-ohne-Titel-2024-09-12T150805.400-1024x640.png 1024w, https:\/\/www.engbers.com\/blog\/wp-content\/uploads\/2021\/09\/Design-ohne-Titel-2024-09-12T150805.400-768x480.png 768w, https:\/\/www.engbers.com\/blog\/wp-content\/uploads\/2021\/09\/Design-ohne-Titel-2024-09-12T150805.400-1536x960.png 1536w, https:\/\/www.engbers.com\/blog\/wp-content\/uploads\/2021\/09\/Design-ohne-Titel-2024-09-12T150805.400-24x15.png 24w, https:\/\/www.engbers.com\/blog\/wp-content\/uploads\/2021\/09\/Design-ohne-Titel-2024-09-12T150805.400-36x23.png 36w, https:\/\/www.engbers.com\/blog\/wp-content\/uploads\/2021\/09\/Design-ohne-Titel-2024-09-12T150805.400-48x30.png 48w\" sizes=\"(max-width: 1600px) 100vw, 1600px\" \/><\/a>  <span class=\"date\">September 12, 2024<\/span><a class=\"title\" href=\"https:\/\/www.engbers.com\/blog\/pflege-guide-merino\/\">Pflege-Guide: Das solltest Du \u00fcber Merino-Wolle wissen<\/a> <span class=\"excerpt\">Unterschiedlichste Kleidungs-Materialien f\u00fcllen den Kleiderschrank von uns M\u00e4nnern. Laut Umfragen das beliebteste Garn: die Baumwolle. Dem w\u00fcrdest Du zustimmen? Dann aufgepasst, denn hier kommt der neue Material-Liebling der Herbst\/Winter-Saison 2021. Die super softe Merino-Wolle bekommt endlich die Aufmerksamkeit, die sie verdient. Merino was? Die Merino-Wolle stammt vom australischen Merino-Schaf und&hellip; <a class=\"excerpt-more\" href=\"https:\/\/www.engbers.com\/blog\/pflege-guide-merino\/\">\u276f Mehr lesen<\/a><\/span><\/a><div class=\"post-footer\"><div id=\"share-button-holder-7544\" class=\"share-button-holder\">\n            <button id=\"share-btn-7544\" class=\"share-btn\"><i class=\"fas fa-share-alt\"><\/i><\/button>\n            <div class=\"social-media-holder hide\">\n                <a target=\"_blank\" href=\"https:\/\/www.facebook.com\/sharer\/sharer.php?u=https:\/\/www.engbers.com\/blog\/pflege-guide-merino\/\" title=\"Facebook\"><i class='fab fa-facebook-square '><\/i><\/a>\n                <a target=\"_blank\" href=\"https:\/\/www.instagram.com\/engbers.maennermode\/\" title=\"Instagram\"><i class='fab fa-instagram '><\/i><\/a>\n                <a target=\"_blank\" href=\"https:\/\/wa.me\/?text=https:\/\/www.engbers.com\/blog\/pflege-guide-merino\/\" title=\"WhatsApp\"><i class=\"fab fa-whatsapp\"><\/i><\/a>\n                <a target=\"_blank\" href=\"mailto:?subject=Pflege-Guide: Das solltest Du \u00fcber Merino-Wolle wissen&#038;body=https:\/\/www.engbers.com\/blog\/pflege-guide-merino\/\" title=\"E-mail\"><i class=\"far fa-envelope\"><\/i><\/a>\n            <\/div>\n        <\/div> <a class=\"comments-link\" href=\"https:\/\/www.engbers.com\/blog\/pflege-guide-merino\/#respond\"><i class=\"far fa-comment-dots\"><\/i> 0<\/a> <div class=\"post-views-holder\"><div class=\"post-views content-post post-7544 entry-meta load-static\">\r\n\t\t\t\t<span class=\"post-views-icon dashicons dashicons dashicons-visibility\"><\/span> <span class=\"post-views-count\">676<\/span>\r\n\t\t\t<\/div><\/div><\/div><\/div><div class=\"listing-item\"><a href=\"https:\/\/www.engbers.com\/blog\/unsere-engbers-klimaschutz-projekte\/\" class=\"post-holder-anchor\"><a class=\"image\" href=\"https:\/\/www.engbers.com\/blog\/unsere-engbers-klimaschutz-projekte\/\"><img loading=\"lazy\" decoding=\"async\" width=\"1600\" height=\"1000\" src=\"https:\/\/www.engbers.com\/blog\/wp-content\/uploads\/2024\/08\/7.png\" class=\"attachment-larg size-larg wp-post-image\" alt=\"\" srcset=\"https:\/\/www.engbers.com\/blog\/wp-content\/uploads\/2024\/08\/7.png 1600w, https:\/\/www.engbers.com\/blog\/wp-content\/uploads\/2024\/08\/7-300x188.png 300w, https:\/\/www.engbers.com\/blog\/wp-content\/uploads\/2024\/08\/7-1024x640.png 1024w, https:\/\/www.engbers.com\/blog\/wp-content\/uploads\/2024\/08\/7-768x480.png 768w, https:\/\/www.engbers.com\/blog\/wp-content\/uploads\/2024\/08\/7-1536x960.png 1536w, https:\/\/www.engbers.com\/blog\/wp-content\/uploads\/2024\/08\/7-24x15.png 24w, https:\/\/www.engbers.com\/blog\/wp-content\/uploads\/2024\/08\/7-36x23.png 36w, https:\/\/www.engbers.com\/blog\/wp-content\/uploads\/2024\/08\/7-48x30.png 48w\" sizes=\"(max-width: 1600px) 100vw, 1600px\" \/><\/a>  <span class=\"date\">August 26, 2024<\/span><a class=\"title\" href=\"https:\/\/www.engbers.com\/blog\/unsere-engbers-klimaschutz-projekte\/\">Unsere Klimaschutz-Projekte<\/a> <span class=\"excerpt\">&#8222;CO2-Kompensation ist eine der wirkungsvollsten M\u00f6glichkeiten f\u00fcr konkreten Klimaschutz&#8220;, so beschreibt es FORLIANCE, unser Partner f\u00fcr wirkungsvollen Klimaschutz. Denn ganz ohne Treibhausgasemissionen kommen auch wir nicht davon. Beispielsweise ist der Aussto\u00df von Kohlenstoffdioxid beim Transport unserer Ware vom Produzenten bis in die Stores leider unvermeidbar. Aus diesem Grund arbeiten wir&hellip; <a class=\"excerpt-more\" href=\"https:\/\/www.engbers.com\/blog\/unsere-engbers-klimaschutz-projekte\/\">\u276f Mehr lesen<\/a><\/span><\/a><div class=\"post-footer\"><div id=\"share-button-holder-12705\" class=\"share-button-holder\">\n            <button id=\"share-btn-12705\" class=\"share-btn\"><i class=\"fas fa-share-alt\"><\/i><\/button>\n            <div class=\"social-media-holder hide\">\n                <a target=\"_blank\" href=\"https:\/\/www.facebook.com\/sharer\/sharer.php?u=https:\/\/www.engbers.com\/blog\/unsere-engbers-klimaschutz-projekte\/\" title=\"Facebook\"><i class='fab fa-facebook-square '><\/i><\/a>\n                <a target=\"_blank\" href=\"https:\/\/www.instagram.com\/engbers.maennermode\/\" title=\"Instagram\"><i class='fab fa-instagram '><\/i><\/a>\n                <a target=\"_blank\" href=\"https:\/\/wa.me\/?text=https:\/\/www.engbers.com\/blog\/unsere-engbers-klimaschutz-projekte\/\" title=\"WhatsApp\"><i class=\"fab fa-whatsapp\"><\/i><\/a>\n                <a target=\"_blank\" href=\"mailto:?subject=Unsere Klimaschutz-Projekte&#038;body=https:\/\/www.engbers.com\/blog\/unsere-engbers-klimaschutz-projekte\/\" title=\"E-mail\"><i class=\"far fa-envelope\"><\/i><\/a>\n            <\/div>\n        <\/div> <a class=\"comments-link\" href=\"https:\/\/www.engbers.com\/blog\/unsere-engbers-klimaschutz-projekte\/#respond\"><i class=\"far fa-comment-dots\"><\/i> 0<\/a> <div class=\"post-views-holder\"><div class=\"post-views content-post post-12705 entry-meta load-static\">\r\n\t\t\t\t<span class=\"post-views-icon dashicons dashicons dashicons-visibility\"><\/span> <span class=\"post-views-count\">443<\/span>\r\n\t\t\t<\/div><\/div><\/div><\/div><div class=\"listing-item\"><a href=\"https:\/\/www.engbers.com\/blog\/diy-gartendusche\/\" class=\"post-holder-anchor\"><a class=\"image\" href=\"https:\/\/www.engbers.com\/blog\/diy-gartendusche\/\"><img loading=\"lazy\" decoding=\"async\" width=\"1600\" height=\"1000\" src=\"https:\/\/www.engbers.com\/blog\/wp-content\/uploads\/2024\/08\/Design-ohne-Titel-37-1.png\" class=\"attachment-larg size-larg wp-post-image\" alt=\"\" srcset=\"https:\/\/www.engbers.com\/blog\/wp-content\/uploads\/2024\/08\/Design-ohne-Titel-37-1.png 1600w, https:\/\/www.engbers.com\/blog\/wp-content\/uploads\/2024\/08\/Design-ohne-Titel-37-1-300x188.png 300w, https:\/\/www.engbers.com\/blog\/wp-content\/uploads\/2024\/08\/Design-ohne-Titel-37-1-1024x640.png 1024w, https:\/\/www.engbers.com\/blog\/wp-content\/uploads\/2024\/08\/Design-ohne-Titel-37-1-768x480.png 768w, https:\/\/www.engbers.com\/blog\/wp-content\/uploads\/2024\/08\/Design-ohne-Titel-37-1-1536x960.png 1536w, https:\/\/www.engbers.com\/blog\/wp-content\/uploads\/2024\/08\/Design-ohne-Titel-37-1-24x15.png 24w, https:\/\/www.engbers.com\/blog\/wp-content\/uploads\/2024\/08\/Design-ohne-Titel-37-1-36x23.png 36w, https:\/\/www.engbers.com\/blog\/wp-content\/uploads\/2024\/08\/Design-ohne-Titel-37-1-48x30.png 48w\" sizes=\"(max-width: 1600px) 100vw, 1600px\" \/><\/a>  <span class=\"date\">August 2, 2024<\/span><a class=\"title\" href=\"https:\/\/www.engbers.com\/blog\/diy-gartendusche\/\">Abk\u00fchlung gef\u00e4llig? \u2013 Bau Dir Deine DIY-Gartendusche selbst<\/a> <span class=\"excerpt\">\u00a9bauhaus.info Der Sommer ist in vollem Gange, die Temperaturen steigen und wir sehnen uns nach einer Abk\u00fchlung. Warum also nicht das Urlaubs-Feeling direkt in den eigenen Garten holen? Mit einer selbstgebauten Outdoor-Dusche aus Holz schaffst Du dir eine kleine Oase direkt vor Deiner Haust\u00fcr. Das ben\u00f6tigst Du: Material: HolzlattenHolzschraubenDuschkopf mit&hellip; <a class=\"excerpt-more\" href=\"https:\/\/www.engbers.com\/blog\/diy-gartendusche\/\">\u276f Mehr lesen<\/a><\/span><\/a><div class=\"post-footer\"><div id=\"share-button-holder-12688\" class=\"share-button-holder\">\n            <button id=\"share-btn-12688\" class=\"share-btn\"><i class=\"fas fa-share-alt\"><\/i><\/button>\n            <div class=\"social-media-holder hide\">\n                <a target=\"_blank\" href=\"https:\/\/www.facebook.com\/sharer\/sharer.php?u=https:\/\/www.engbers.com\/blog\/diy-gartendusche\/\" title=\"Facebook\"><i class='fab fa-facebook-square '><\/i><\/a>\n                <a target=\"_blank\" href=\"https:\/\/www.instagram.com\/engbers.maennermode\/\" title=\"Instagram\"><i class='fab fa-instagram '><\/i><\/a>\n                <a target=\"_blank\" href=\"https:\/\/wa.me\/?text=https:\/\/www.engbers.com\/blog\/diy-gartendusche\/\" title=\"WhatsApp\"><i class=\"fab fa-whatsapp\"><\/i><\/a>\n                <a target=\"_blank\" href=\"mailto:?subject=Abk\u00fchlung gef\u00e4llig? \u2013 Bau Dir Deine DIY-Gartendusche selbst&#038;body=https:\/\/www.engbers.com\/blog\/diy-gartendusche\/\" title=\"E-mail\"><i class=\"far fa-envelope\"><\/i><\/a>\n            <\/div>\n        <\/div> <a class=\"comments-link\" href=\"https:\/\/www.engbers.com\/blog\/diy-gartendusche\/#respond\"><i class=\"far fa-comment-dots\"><\/i> 0<\/a> <div class=\"post-views-holder\"><div class=\"post-views content-post post-12688 entry-meta load-static\">\r\n\t\t\t\t<span class=\"post-views-icon dashicons dashicons dashicons-visibility\"><\/span> <span class=\"post-views-count\">272<\/span>\r\n\t\t\t<\/div><\/div><\/div><\/div><div class=\"listing-item\"><a href=\"https:\/\/www.engbers.com\/blog\/engbers-ausgezeichnet\/\" class=\"post-holder-anchor\"><a class=\"image\" href=\"https:\/\/www.engbers.com\/blog\/engbers-ausgezeichnet\/\"><img loading=\"lazy\" decoding=\"async\" width=\"1600\" height=\"1000\" src=\"https:\/\/www.engbers.com\/blog\/wp-content\/uploads\/2024\/07\/Design-ohne-Titel-2024-07-26T125454.427.png\" class=\"attachment-larg size-larg wp-post-image\" alt=\"\" srcset=\"https:\/\/www.engbers.com\/blog\/wp-content\/uploads\/2024\/07\/Design-ohne-Titel-2024-07-26T125454.427.png 1600w, https:\/\/www.engbers.com\/blog\/wp-content\/uploads\/2024\/07\/Design-ohne-Titel-2024-07-26T125454.427-300x188.png 300w, https:\/\/www.engbers.com\/blog\/wp-content\/uploads\/2024\/07\/Design-ohne-Titel-2024-07-26T125454.427-1024x640.png 1024w, https:\/\/www.engbers.com\/blog\/wp-content\/uploads\/2024\/07\/Design-ohne-Titel-2024-07-26T125454.427-768x480.png 768w, https:\/\/www.engbers.com\/blog\/wp-content\/uploads\/2024\/07\/Design-ohne-Titel-2024-07-26T125454.427-1536x960.png 1536w, https:\/\/www.engbers.com\/blog\/wp-content\/uploads\/2024\/07\/Design-ohne-Titel-2024-07-26T125454.427-24x15.png 24w, https:\/\/www.engbers.com\/blog\/wp-content\/uploads\/2024\/07\/Design-ohne-Titel-2024-07-26T125454.427-36x23.png 36w, https:\/\/www.engbers.com\/blog\/wp-content\/uploads\/2024\/07\/Design-ohne-Titel-2024-07-26T125454.427-48x30.png 48w\" sizes=\"(max-width: 1600px) 100vw, 1600px\" \/><\/a>  <span class=\"date\">Juli 26, 2024<\/span><a class=\"title\" href=\"https:\/\/www.engbers.com\/blog\/engbers-ausgezeichnet\/\">Engbers = Ausgezeichnet!<\/a> <span class=\"excerpt\">Die Engbers GmbH &amp; Co. KG erreicht erneut Bestnoten in aktuellen Studien! Deutschlands begehrtester Arbeitgeber 2025 Mit besonderem Stolz behauptet sich Engbers nun schon das 3. Mal in Folge mit Bestnoten in der Studie des F.A.Z. Institute &#8222;Deutschlands begehrtester Arbeitgeber&#8220; Engbers erreicht erneut Spitzenwerte und wird zum siebten Mal in&hellip; <a class=\"excerpt-more\" href=\"https:\/\/www.engbers.com\/blog\/engbers-ausgezeichnet\/\">\u276f Mehr lesen<\/a><\/span><\/a><div class=\"post-footer\"><div id=\"share-button-holder-12610\" class=\"share-button-holder\">\n            <button id=\"share-btn-12610\" class=\"share-btn\"><i class=\"fas fa-share-alt\"><\/i><\/button>\n            <div class=\"social-media-holder hide\">\n                <a target=\"_blank\" href=\"https:\/\/www.facebook.com\/sharer\/sharer.php?u=https:\/\/www.engbers.com\/blog\/engbers-ausgezeichnet\/\" title=\"Facebook\"><i class='fab fa-facebook-square '><\/i><\/a>\n                <a target=\"_blank\" href=\"https:\/\/www.instagram.com\/engbers.maennermode\/\" title=\"Instagram\"><i class='fab fa-instagram '><\/i><\/a>\n                <a target=\"_blank\" href=\"https:\/\/wa.me\/?text=https:\/\/www.engbers.com\/blog\/engbers-ausgezeichnet\/\" title=\"WhatsApp\"><i class=\"fab fa-whatsapp\"><\/i><\/a>\n                <a target=\"_blank\" href=\"mailto:?subject=Engbers = Ausgezeichnet!&#038;body=https:\/\/www.engbers.com\/blog\/engbers-ausgezeichnet\/\" title=\"E-mail\"><i class=\"far fa-envelope\"><\/i><\/a>\n            <\/div>\n        <\/div> <a class=\"comments-link\" href=\"https:\/\/www.engbers.com\/blog\/engbers-ausgezeichnet\/#respond\"><i class=\"far fa-comment-dots\"><\/i> 0<\/a> <div class=\"post-views-holder\"><div class=\"post-views content-post post-12610 entry-meta load-static\">\r\n\t\t\t\t<span class=\"post-views-icon dashicons dashicons dashicons-visibility\"><\/span> <span class=\"post-views-count\">342<\/span>\r\n\t\t\t<\/div><\/div><\/div><\/div><div class=\"listing-item\"><a href=\"https:\/\/www.engbers.com\/blog\/5-tipps-bei-hitze\/\" class=\"post-holder-anchor\"><a class=\"image\" href=\"https:\/\/www.engbers.com\/blog\/5-tipps-bei-hitze\/\"><img loading=\"lazy\" decoding=\"async\" width=\"1600\" height=\"1000\" src=\"https:\/\/www.engbers.com\/blog\/wp-content\/uploads\/2024\/07\/Design-ohne-Titel-2024-07-11T075121.093.png\" class=\"attachment-larg size-larg wp-post-image\" alt=\"\" srcset=\"https:\/\/www.engbers.com\/blog\/wp-content\/uploads\/2024\/07\/Design-ohne-Titel-2024-07-11T075121.093.png 1600w, https:\/\/www.engbers.com\/blog\/wp-content\/uploads\/2024\/07\/Design-ohne-Titel-2024-07-11T075121.093-300x188.png 300w, https:\/\/www.engbers.com\/blog\/wp-content\/uploads\/2024\/07\/Design-ohne-Titel-2024-07-11T075121.093-1024x640.png 1024w, https:\/\/www.engbers.com\/blog\/wp-content\/uploads\/2024\/07\/Design-ohne-Titel-2024-07-11T075121.093-768x480.png 768w, https:\/\/www.engbers.com\/blog\/wp-content\/uploads\/2024\/07\/Design-ohne-Titel-2024-07-11T075121.093-1536x960.png 1536w, https:\/\/www.engbers.com\/blog\/wp-content\/uploads\/2024\/07\/Design-ohne-Titel-2024-07-11T075121.093-24x15.png 24w, https:\/\/www.engbers.com\/blog\/wp-content\/uploads\/2024\/07\/Design-ohne-Titel-2024-07-11T075121.093-36x23.png 36w, https:\/\/www.engbers.com\/blog\/wp-content\/uploads\/2024\/07\/Design-ohne-Titel-2024-07-11T075121.093-48x30.png 48w\" sizes=\"(max-width: 1600px) 100vw, 1600px\" \/><\/a>  <span class=\"date\">Juli 15, 2024<\/span><a class=\"title\" href=\"https:\/\/www.engbers.com\/blog\/5-tipps-bei-hitze\/\">5 Tipps bei Hitze<\/a> <span class=\"excerpt\">Der Sommer ist eine wundervolle Jahreszeit, die mit strahlendem Sonnenschein, hei\u00dfen Tagen und lauen Abenden besticht. Es ist die perfekte Jahreszeit, um das Leben im Freien zu genie\u00dfen und sich von erfrischenden Getr\u00e4nken und k\u00fchlem Eis verw\u00f6hnen zu lassen. Und trotzdem kennt es jeder: Wenn die Temperaturen steigen, ist es&hellip; <a class=\"excerpt-more\" href=\"https:\/\/www.engbers.com\/blog\/5-tipps-bei-hitze\/\">\u276f Mehr lesen<\/a><\/span><\/a><div class=\"post-footer\"><div id=\"share-button-holder-12641\" class=\"share-button-holder\">\n            <button id=\"share-btn-12641\" class=\"share-btn\"><i class=\"fas fa-share-alt\"><\/i><\/button>\n            <div class=\"social-media-holder hide\">\n                <a target=\"_blank\" href=\"https:\/\/www.facebook.com\/sharer\/sharer.php?u=https:\/\/www.engbers.com\/blog\/5-tipps-bei-hitze\/\" title=\"Facebook\"><i class='fab fa-facebook-square '><\/i><\/a>\n                <a target=\"_blank\" href=\"https:\/\/www.instagram.com\/engbers.maennermode\/\" title=\"Instagram\"><i class='fab fa-instagram '><\/i><\/a>\n                <a target=\"_blank\" href=\"https:\/\/wa.me\/?text=https:\/\/www.engbers.com\/blog\/5-tipps-bei-hitze\/\" title=\"WhatsApp\"><i class=\"fab fa-whatsapp\"><\/i><\/a>\n                <a target=\"_blank\" href=\"mailto:?subject=5 Tipps bei Hitze&#038;body=https:\/\/www.engbers.com\/blog\/5-tipps-bei-hitze\/\" title=\"E-mail\"><i class=\"far fa-envelope\"><\/i><\/a>\n            <\/div>\n        <\/div> <a class=\"comments-link\" href=\"https:\/\/www.engbers.com\/blog\/5-tipps-bei-hitze\/#respond\"><i class=\"far fa-comment-dots\"><\/i> 0<\/a> <div class=\"post-views-holder\"><div class=\"post-views content-post post-12641 entry-meta load-static\">\r\n\t\t\t\t<span class=\"post-views-icon dashicons dashicons dashicons-visibility\"><\/span> <span class=\"post-views-count\">221<\/span>\r\n\t\t\t<\/div><\/div><\/div><\/div><div class=\"listing-item\"><a href=\"https:\/\/www.engbers.com\/blog\/die-besten-tipps-zur-fleckenentfernung\/\" class=\"post-holder-anchor\"><a class=\"image\" href=\"https:\/\/www.engbers.com\/blog\/die-besten-tipps-zur-fleckenentfernung\/\"><img loading=\"lazy\" decoding=\"async\" width=\"1600\" height=\"1000\" src=\"https:\/\/www.engbers.com\/blog\/wp-content\/uploads\/2024\/06\/Flecken.jpg\" class=\"attachment-larg size-larg wp-post-image\" alt=\"\" srcset=\"https:\/\/www.engbers.com\/blog\/wp-content\/uploads\/2024\/06\/Flecken.jpg 1600w, https:\/\/www.engbers.com\/blog\/wp-content\/uploads\/2024\/06\/Flecken-300x188.jpg 300w, https:\/\/www.engbers.com\/blog\/wp-content\/uploads\/2024\/06\/Flecken-1024x640.jpg 1024w, https:\/\/www.engbers.com\/blog\/wp-content\/uploads\/2024\/06\/Flecken-768x480.jpg 768w, https:\/\/www.engbers.com\/blog\/wp-content\/uploads\/2024\/06\/Flecken-1536x960.jpg 1536w, https:\/\/www.engbers.com\/blog\/wp-content\/uploads\/2024\/06\/Flecken-24x15.jpg 24w, https:\/\/www.engbers.com\/blog\/wp-content\/uploads\/2024\/06\/Flecken-36x23.jpg 36w, https:\/\/www.engbers.com\/blog\/wp-content\/uploads\/2024\/06\/Flecken-48x30.jpg 48w\" sizes=\"(max-width: 1600px) 100vw, 1600px\" \/><\/a>  <span class=\"date\">Juli 2, 2024<\/span><a class=\"title\" href=\"https:\/\/www.engbers.com\/blog\/die-besten-tipps-zur-fleckenentfernung\/\">Tsch\u00fcss Flecken &#8211; Die besten Tipps zur erfolgreichen Fleckenentfernung<\/a> <span class=\"excerpt\">Flecken auf Kleidungsst\u00fccken sind \u00e4rgerlich. Sie k\u00f6nnen extrem hartn\u00e4ckig sein und meist Bedarf es einer schnellen Handlung. Mit der richtigen Methode lassen sie sich oftmals schnell und r\u00fcckstandslos entfernen. Wir verraten Dir hilfreiche Tipps und Tricks zur besseren Fleckenentfernung. Allgemeine Schritte Schnelles Handeln: Je schneller der Fleck behandelt wird, desto&hellip; <a class=\"excerpt-more\" href=\"https:\/\/www.engbers.com\/blog\/die-besten-tipps-zur-fleckenentfernung\/\">\u276f Mehr lesen<\/a><\/span><\/a><div class=\"post-footer\"><div id=\"share-button-holder-12575\" class=\"share-button-holder\">\n            <button id=\"share-btn-12575\" class=\"share-btn\"><i class=\"fas fa-share-alt\"><\/i><\/button>\n            <div class=\"social-media-holder hide\">\n                <a target=\"_blank\" href=\"https:\/\/www.facebook.com\/sharer\/sharer.php?u=https:\/\/www.engbers.com\/blog\/die-besten-tipps-zur-fleckenentfernung\/\" title=\"Facebook\"><i class='fab fa-facebook-square '><\/i><\/a>\n                <a target=\"_blank\" href=\"https:\/\/www.instagram.com\/engbers.maennermode\/\" title=\"Instagram\"><i class='fab fa-instagram '><\/i><\/a>\n                <a target=\"_blank\" href=\"https:\/\/wa.me\/?text=https:\/\/www.engbers.com\/blog\/die-besten-tipps-zur-fleckenentfernung\/\" title=\"WhatsApp\"><i class=\"fab fa-whatsapp\"><\/i><\/a>\n                <a target=\"_blank\" href=\"mailto:?subject=Tsch\u00fcss Flecken &#8211; Die besten Tipps zur erfolgreichen Fleckenentfernung&#038;body=https:\/\/www.engbers.com\/blog\/die-besten-tipps-zur-fleckenentfernung\/\" title=\"E-mail\"><i class=\"far fa-envelope\"><\/i><\/a>\n            <\/div>\n        <\/div> <a class=\"comments-link\" href=\"https:\/\/www.engbers.com\/blog\/die-besten-tipps-zur-fleckenentfernung\/#respond\"><i class=\"far fa-comment-dots\"><\/i> 0<\/a> <div class=\"post-views-holder\"><div class=\"post-views content-post post-12575 entry-meta load-static\">\r\n\t\t\t\t<span class=\"post-views-icon dashicons dashicons dashicons-visibility\"><\/span> <span class=\"post-views-count\">269<\/span>\r\n\t\t\t<\/div><\/div><\/div><\/div><div class=\"listing-item\"><a href=\"https:\/\/www.engbers.com\/blog\/nachhaltigkeit-und-klimaschutz\/\" class=\"post-holder-anchor\"><a class=\"image\" href=\"https:\/\/www.engbers.com\/blog\/nachhaltigkeit-und-klimaschutz\/\"><img loading=\"lazy\" decoding=\"async\" width=\"1600\" height=\"1000\" src=\"https:\/\/www.engbers.com\/blog\/wp-content\/uploads\/2024\/05\/Blog_ProNatur_1600x1000.jpg\" class=\"attachment-larg size-larg wp-post-image\" alt=\"\" srcset=\"https:\/\/www.engbers.com\/blog\/wp-content\/uploads\/2024\/05\/Blog_ProNatur_1600x1000.jpg 1600w, https:\/\/www.engbers.com\/blog\/wp-content\/uploads\/2024\/05\/Blog_ProNatur_1600x1000-300x188.jpg 300w, https:\/\/www.engbers.com\/blog\/wp-content\/uploads\/2024\/05\/Blog_ProNatur_1600x1000-1024x640.jpg 1024w, https:\/\/www.engbers.com\/blog\/wp-content\/uploads\/2024\/05\/Blog_ProNatur_1600x1000-768x480.jpg 768w, https:\/\/www.engbers.com\/blog\/wp-content\/uploads\/2024\/05\/Blog_ProNatur_1600x1000-1536x960.jpg 1536w, https:\/\/www.engbers.com\/blog\/wp-content\/uploads\/2024\/05\/Blog_ProNatur_1600x1000-24x15.jpg 24w, https:\/\/www.engbers.com\/blog\/wp-content\/uploads\/2024\/05\/Blog_ProNatur_1600x1000-36x23.jpg 36w, https:\/\/www.engbers.com\/blog\/wp-content\/uploads\/2024\/05\/Blog_ProNatur_1600x1000-48x30.jpg 48w\" sizes=\"(max-width: 1600px) 100vw, 1600px\" \/><\/a>  <span class=\"date\">Mai 31, 2024<\/span><a class=\"title\" href=\"https:\/\/www.engbers.com\/blog\/nachhaltigkeit-und-klimaschutz\/\">Nachhaltigkeit bei Engbers &#038; Klimaschutz-Projekte<\/a> <span class=\"excerpt\">Ein nachhaltiger Umgang mit der Natur wird f\u00fcr die Zukunft immer wichtiger. Engbers hat daher im Laufe der Zeit eine Vielzahl an Ma\u00dfnahmen eingef\u00fchrt, die auf die Zentrale und Stores sowie auch auf die Produkte selbst nachhaltig Einfluss nehmen. Diese wollen wir euch, zusammen mit unseren aktuellen Klimaschutz-Projekten, in diesem&hellip; <a class=\"excerpt-more\" href=\"https:\/\/www.engbers.com\/blog\/nachhaltigkeit-und-klimaschutz\/\">\u276f Mehr lesen<\/a><\/span><\/a><div class=\"post-footer\"><div id=\"share-button-holder-12398\" class=\"share-button-holder\">\n            <button id=\"share-btn-12398\" class=\"share-btn\"><i class=\"fas fa-share-alt\"><\/i><\/button>\n            <div class=\"social-media-holder hide\">\n                <a target=\"_blank\" href=\"https:\/\/www.facebook.com\/sharer\/sharer.php?u=https:\/\/www.engbers.com\/blog\/nachhaltigkeit-und-klimaschutz\/\" title=\"Facebook\"><i class='fab fa-facebook-square '><\/i><\/a>\n                <a target=\"_blank\" href=\"https:\/\/www.instagram.com\/engbers.maennermode\/\" title=\"Instagram\"><i class='fab fa-instagram '><\/i><\/a>\n                <a target=\"_blank\" href=\"https:\/\/wa.me\/?text=https:\/\/www.engbers.com\/blog\/nachhaltigkeit-und-klimaschutz\/\" title=\"WhatsApp\"><i class=\"fab fa-whatsapp\"><\/i><\/a>\n                <a target=\"_blank\" href=\"mailto:?subject=Nachhaltigkeit bei Engbers &#038; Klimaschutz-Projekte&#038;body=https:\/\/www.engbers.com\/blog\/nachhaltigkeit-und-klimaschutz\/\" title=\"E-mail\"><i class=\"far fa-envelope\"><\/i><\/a>\n            <\/div>\n        <\/div> <a class=\"comments-link\" href=\"https:\/\/www.engbers.com\/blog\/nachhaltigkeit-und-klimaschutz\/#respond\"><i class=\"far fa-comment-dots\"><\/i> 0<\/a> <div class=\"post-views-holder\"><div class=\"post-views content-post post-12398 entry-meta load-static\">\r\n\t\t\t\t<span class=\"post-views-icon dashicons dashicons dashicons-visibility\"><\/span> <span class=\"post-views-count\">377<\/span>\r\n\t\t\t<\/div><\/div><\/div><\/div><div class=\"listing-item\"><a href=\"https:\/\/www.engbers.com\/blog\/unser-jeans-geheimnis-das-koennen-die-super-stretch-denims-wirklich\/\" class=\"post-holder-anchor\"><a class=\"image\" href=\"https:\/\/www.engbers.com\/blog\/unser-jeans-geheimnis-das-koennen-die-super-stretch-denims-wirklich\/\"><img loading=\"lazy\" decoding=\"async\" width=\"1600\" height=\"1000\" src=\"https:\/\/www.engbers.com\/blog\/wp-content\/uploads\/2020\/11\/Design-ohne-Titel-83.png\" class=\"attachment-larg size-larg wp-post-image\" alt=\"Mann in der Hocke\" srcset=\"https:\/\/www.engbers.com\/blog\/wp-content\/uploads\/2020\/11\/Design-ohne-Titel-83.png 1600w, https:\/\/www.engbers.com\/blog\/wp-content\/uploads\/2020\/11\/Design-ohne-Titel-83-300x188.png 300w, https:\/\/www.engbers.com\/blog\/wp-content\/uploads\/2020\/11\/Design-ohne-Titel-83-1024x640.png 1024w, https:\/\/www.engbers.com\/blog\/wp-content\/uploads\/2020\/11\/Design-ohne-Titel-83-768x480.png 768w, https:\/\/www.engbers.com\/blog\/wp-content\/uploads\/2020\/11\/Design-ohne-Titel-83-1536x960.png 1536w, https:\/\/www.engbers.com\/blog\/wp-content\/uploads\/2020\/11\/Design-ohne-Titel-83-24x15.png 24w, https:\/\/www.engbers.com\/blog\/wp-content\/uploads\/2020\/11\/Design-ohne-Titel-83-36x23.png 36w, https:\/\/www.engbers.com\/blog\/wp-content\/uploads\/2020\/11\/Design-ohne-Titel-83-48x30.png 48w\" sizes=\"(max-width: 1600px) 100vw, 1600px\" \/><\/a>  <span class=\"date\">April 8, 2024<\/span><a class=\"title\" href=\"https:\/\/www.engbers.com\/blog\/unser-jeans-geheimnis-das-koennen-die-super-stretch-denims-wirklich\/\">Unser Jeans-Geheimnis: Das k\u00f6nnen die Super-Stretch-Denims wirklich<\/a> <span class=\"excerpt\">100 % HOSEN-EXPERTISE Finde endlich heraus, welche Hose zu Deinem Lifestyle passt. Die Auswahl an verschiedenen Hosen ist riesig. Ob eine legere Jeans f\u00fcr die Freizeit, eine schicke Chino f\u00fcrs B\u00fcro, l\u00e4ssige Bermudas f\u00fcr den idealen Sommerlook oder eine elegante Anzugshose f\u00fcr die Abendgarderobe, f\u00fcr jeden Anlass gibt es die&hellip; <a class=\"excerpt-more\" href=\"https:\/\/www.engbers.com\/blog\/unser-jeans-geheimnis-das-koennen-die-super-stretch-denims-wirklich\/\">\u276f Mehr lesen<\/a><\/span><\/a><div class=\"post-footer\"><div id=\"share-button-holder-5203\" class=\"share-button-holder\">\n            <button id=\"share-btn-5203\" class=\"share-btn\"><i class=\"fas fa-share-alt\"><\/i><\/button>\n            <div class=\"social-media-holder hide\">\n                <a target=\"_blank\" href=\"https:\/\/www.facebook.com\/sharer\/sharer.php?u=https:\/\/www.engbers.com\/blog\/unser-jeans-geheimnis-das-koennen-die-super-stretch-denims-wirklich\/\" title=\"Facebook\"><i class='fab fa-facebook-square '><\/i><\/a>\n                <a target=\"_blank\" href=\"https:\/\/www.instagram.com\/engbers.maennermode\/\" title=\"Instagram\"><i class='fab fa-instagram '><\/i><\/a>\n                <a target=\"_blank\" href=\"https:\/\/wa.me\/?text=https:\/\/www.engbers.com\/blog\/unser-jeans-geheimnis-das-koennen-die-super-stretch-denims-wirklich\/\" title=\"WhatsApp\"><i class=\"fab fa-whatsapp\"><\/i><\/a>\n                <a target=\"_blank\" href=\"mailto:?subject=Unser Jeans-Geheimnis: Das k\u00f6nnen die Super-Stretch-Denims wirklich&#038;body=https:\/\/www.engbers.com\/blog\/unser-jeans-geheimnis-das-koennen-die-super-stretch-denims-wirklich\/\" title=\"E-mail\"><i class=\"far fa-envelope\"><\/i><\/a>\n            <\/div>\n        <\/div> <a class=\"comments-link\" href=\"https:\/\/www.engbers.com\/blog\/unser-jeans-geheimnis-das-koennen-die-super-stretch-denims-wirklich\/#respond\"><i class=\"far fa-comment-dots\"><\/i> 0<\/a> <div class=\"post-views-holder\"><div class=\"post-views content-post post-5203 entry-meta load-static\">\r\n\t\t\t\t<span class=\"post-views-icon dashicons dashicons dashicons-visibility\"><\/span> <span class=\"post-views-count\">738<\/span>\r\n\t\t\t<\/div><\/div><\/div><\/div><div class=\"listing-item\"><a href=\"https:\/\/www.engbers.com\/blog\/7-hilfreiche-tipps-um-leichter-aus-dem-bett-zu-kommen\/\" class=\"post-holder-anchor\"><a class=\"image\" href=\"https:\/\/www.engbers.com\/blog\/7-hilfreiche-tipps-um-leichter-aus-dem-bett-zu-kommen\/\"><img loading=\"lazy\" decoding=\"async\" width=\"1600\" height=\"1000\" src=\"https:\/\/www.engbers.com\/blog\/wp-content\/uploads\/2023\/12\/Design_ohne_Titel-1.png\" class=\"attachment-larg size-larg wp-post-image\" alt=\"im-Winter-besser-wachwerden\" srcset=\"https:\/\/www.engbers.com\/blog\/wp-content\/uploads\/2023\/12\/Design_ohne_Titel-1.png 1600w, https:\/\/www.engbers.com\/blog\/wp-content\/uploads\/2023\/12\/Design_ohne_Titel-1-300x188.png 300w, https:\/\/www.engbers.com\/blog\/wp-content\/uploads\/2023\/12\/Design_ohne_Titel-1-1024x640.png 1024w, https:\/\/www.engbers.com\/blog\/wp-content\/uploads\/2023\/12\/Design_ohne_Titel-1-768x480.png 768w, https:\/\/www.engbers.com\/blog\/wp-content\/uploads\/2023\/12\/Design_ohne_Titel-1-1536x960.png 1536w, https:\/\/www.engbers.com\/blog\/wp-content\/uploads\/2023\/12\/Design_ohne_Titel-1-24x15.png 24w, https:\/\/www.engbers.com\/blog\/wp-content\/uploads\/2023\/12\/Design_ohne_Titel-1-36x23.png 36w, https:\/\/www.engbers.com\/blog\/wp-content\/uploads\/2023\/12\/Design_ohne_Titel-1-48x30.png 48w\" sizes=\"(max-width: 1600px) 100vw, 1600px\" \/><\/a>  <span class=\"date\">Januar 15, 2024<\/span><a class=\"title\" href=\"https:\/\/www.engbers.com\/blog\/7-hilfreiche-tipps-um-leichter-aus-dem-bett-zu-kommen\/\">7 hilfreiche Tipps, um leichter aus dem Bett zu kommen<\/a> <span class=\"excerpt\">Der Winter hat uns fest im Griff, und mit den k\u00fcrzeren Tagen und kalten Temperaturen wird es oft zur Herausforderung, morgens rechtzeitig und mit guter Laune aufzustehen. Der Wecker klingelt, das Bett f\u00fchlt sich besonders warm und gem\u00fctlich an, und der innere Schweinehund fl\u00fcstert uns zu, dass f\u00fcnf Minuten mehr&hellip; <a class=\"excerpt-more\" href=\"https:\/\/www.engbers.com\/blog\/7-hilfreiche-tipps-um-leichter-aus-dem-bett-zu-kommen\/\">\u276f Mehr lesen<\/a><\/span><\/a><div class=\"post-footer\"><div id=\"share-button-holder-11406\" class=\"share-button-holder\">\n            <button id=\"share-btn-11406\" class=\"share-btn\"><i class=\"fas fa-share-alt\"><\/i><\/button>\n            <div class=\"social-media-holder hide\">\n                <a target=\"_blank\" href=\"https:\/\/www.facebook.com\/sharer\/sharer.php?u=https:\/\/www.engbers.com\/blog\/7-hilfreiche-tipps-um-leichter-aus-dem-bett-zu-kommen\/\" title=\"Facebook\"><i class='fab fa-facebook-square '><\/i><\/a>\n                <a target=\"_blank\" href=\"https:\/\/www.instagram.com\/engbers.maennermode\/\" title=\"Instagram\"><i class='fab fa-instagram '><\/i><\/a>\n                <a target=\"_blank\" href=\"https:\/\/wa.me\/?text=https:\/\/www.engbers.com\/blog\/7-hilfreiche-tipps-um-leichter-aus-dem-bett-zu-kommen\/\" title=\"WhatsApp\"><i class=\"fab fa-whatsapp\"><\/i><\/a>\n                <a target=\"_blank\" href=\"mailto:?subject=7 hilfreiche Tipps, um leichter aus dem Bett zu kommen&#038;body=https:\/\/www.engbers.com\/blog\/7-hilfreiche-tipps-um-leichter-aus-dem-bett-zu-kommen\/\" title=\"E-mail\"><i class=\"far fa-envelope\"><\/i><\/a>\n            <\/div>\n        <\/div> <a class=\"comments-link\" href=\"https:\/\/www.engbers.com\/blog\/7-hilfreiche-tipps-um-leichter-aus-dem-bett-zu-kommen\/#respond\"><i class=\"far fa-comment-dots\"><\/i> 0<\/a> <div class=\"post-views-holder\"><div class=\"post-views content-post post-11406 entry-meta load-static\">\r\n\t\t\t\t<span class=\"post-views-icon dashicons dashicons dashicons-visibility\"><\/span> <span class=\"post-views-count\">215<\/span>\r\n\t\t\t<\/div><\/div><\/div><\/div><div class=\"listing-item\"><a href=\"https:\/\/www.engbers.com\/blog\/silvester-traditionen-outfits\/\" class=\"post-holder-anchor\"><a class=\"image\" href=\"https:\/\/www.engbers.com\/blog\/silvester-traditionen-outfits\/\"><img loading=\"lazy\" decoding=\"async\" width=\"1600\" height=\"1000\" src=\"https:\/\/www.engbers.com\/blog\/wp-content\/uploads\/2023\/12\/3_14.png\" class=\"attachment-larg size-larg wp-post-image\" alt=\"\" srcset=\"https:\/\/www.engbers.com\/blog\/wp-content\/uploads\/2023\/12\/3_14.png 1600w, https:\/\/www.engbers.com\/blog\/wp-content\/uploads\/2023\/12\/3_14-300x188.png 300w, https:\/\/www.engbers.com\/blog\/wp-content\/uploads\/2023\/12\/3_14-1024x640.png 1024w, https:\/\/www.engbers.com\/blog\/wp-content\/uploads\/2023\/12\/3_14-768x480.png 768w, https:\/\/www.engbers.com\/blog\/wp-content\/uploads\/2023\/12\/3_14-1536x960.png 1536w, https:\/\/www.engbers.com\/blog\/wp-content\/uploads\/2023\/12\/3_14-24x15.png 24w, https:\/\/www.engbers.com\/blog\/wp-content\/uploads\/2023\/12\/3_14-36x23.png 36w, https:\/\/www.engbers.com\/blog\/wp-content\/uploads\/2023\/12\/3_14-48x30.png 48w\" sizes=\"(max-width: 1600px) 100vw, 1600px\" \/><\/a>  <span class=\"date\">Dezember 30, 2023<\/span><a class=\"title\" href=\"https:\/\/www.engbers.com\/blog\/silvester-traditionen-outfits\/\">5 beliebte Silvester-Traditionen und die passenden Outfits<\/a> <span class=\"excerpt\">Silvester steht vor der T\u00fcr: Wir lassen das alte Jahr hinter uns und erwarten gespannt das neue! Traditionen geh\u00f6ren zu Silvester, wie der Christbaumschmuck zum Weihnachtsbaum. Deswegen werfen wir einen Blick auf f\u00fcnf beliebte Silvester-Traditionen. Au\u00dferdem geben wir Dir Tipps f\u00fcr passende Outfits, um stilvoll ins neue Jahr zu starten.&hellip; <a class=\"excerpt-more\" href=\"https:\/\/www.engbers.com\/blog\/silvester-traditionen-outfits\/\">\u276f Mehr lesen<\/a><\/span><\/a><div class=\"post-footer\"><div id=\"share-button-holder-11403\" class=\"share-button-holder\">\n            <button id=\"share-btn-11403\" class=\"share-btn\"><i class=\"fas fa-share-alt\"><\/i><\/button>\n            <div class=\"social-media-holder hide\">\n                <a target=\"_blank\" href=\"https:\/\/www.facebook.com\/sharer\/sharer.php?u=https:\/\/www.engbers.com\/blog\/silvester-traditionen-outfits\/\" title=\"Facebook\"><i class='fab fa-facebook-square '><\/i><\/a>\n                <a target=\"_blank\" href=\"https:\/\/www.instagram.com\/engbers.maennermode\/\" title=\"Instagram\"><i class='fab fa-instagram '><\/i><\/a>\n                <a target=\"_blank\" href=\"https:\/\/wa.me\/?text=https:\/\/www.engbers.com\/blog\/silvester-traditionen-outfits\/\" title=\"WhatsApp\"><i class=\"fab fa-whatsapp\"><\/i><\/a>\n                <a target=\"_blank\" href=\"mailto:?subject=5 beliebte Silvester-Traditionen und die passenden Outfits&#038;body=https:\/\/www.engbers.com\/blog\/silvester-traditionen-outfits\/\" title=\"E-mail\"><i class=\"far fa-envelope\"><\/i><\/a>\n            <\/div>\n        <\/div> <a class=\"comments-link\" href=\"https:\/\/www.engbers.com\/blog\/silvester-traditionen-outfits\/#respond\"><i class=\"far fa-comment-dots\"><\/i> 0<\/a> <div class=\"post-views-holder\"><div class=\"post-views content-post post-11403 entry-meta load-static\">\r\n\t\t\t\t<span class=\"post-views-icon dashicons dashicons dashicons-visibility\"><\/span> <span class=\"post-views-count\">270<\/span>\r\n\t\t\t<\/div><\/div><\/div><\/div><div class=\"listing-item\"><a href=\"https:\/\/www.engbers.com\/blog\/grill-rezepte-fuer-die-feiertage\/\" class=\"post-holder-anchor\"><a class=\"image\" href=\"https:\/\/www.engbers.com\/blog\/grill-rezepte-fuer-die-feiertage\/\"><img loading=\"lazy\" decoding=\"async\" width=\"1600\" height=\"1000\" src=\"https:\/\/www.engbers.com\/blog\/wp-content\/uploads\/2023\/12\/1_19.png\" class=\"attachment-larg size-larg wp-post-image\" alt=\"\" srcset=\"https:\/\/www.engbers.com\/blog\/wp-content\/uploads\/2023\/12\/1_19.png 1600w, https:\/\/www.engbers.com\/blog\/wp-content\/uploads\/2023\/12\/1_19-300x188.png 300w, https:\/\/www.engbers.com\/blog\/wp-content\/uploads\/2023\/12\/1_19-1024x640.png 1024w, https:\/\/www.engbers.com\/blog\/wp-content\/uploads\/2023\/12\/1_19-768x480.png 768w, https:\/\/www.engbers.com\/blog\/wp-content\/uploads\/2023\/12\/1_19-1536x960.png 1536w, https:\/\/www.engbers.com\/blog\/wp-content\/uploads\/2023\/12\/1_19-24x15.png 24w, https:\/\/www.engbers.com\/blog\/wp-content\/uploads\/2023\/12\/1_19-36x23.png 36w, https:\/\/www.engbers.com\/blog\/wp-content\/uploads\/2023\/12\/1_19-48x30.png 48w\" sizes=\"(max-width: 1600px) 100vw, 1600px\" \/><\/a>  <span class=\"date\">Dezember 11, 2023<\/span><a class=\"title\" href=\"https:\/\/www.engbers.com\/blog\/grill-rezepte-fuer-die-feiertage\/\">Grill-Rezepte f\u00fcr die Feiertage<\/a> <span class=\"excerpt\">Das gemeinschaftliche Weihnachts-Essen ist etwas ganz Besonderes. Es bringt Familie und Freunde zusammen, um die festliche Atmosph\u00e4re zu genie\u00dfen und k\u00f6stliche Gerichte miteinander zu teilen. Wir haben passende Feiertags-Rezepte von Grill f\u00fcr Dich vorbereitet, die Du garantiert lieben wirst! Und das Beste: mit einem knisternden Feuer, gem\u00fctlicher Atmosph\u00e4re und leckerem&hellip; <a class=\"excerpt-more\" href=\"https:\/\/www.engbers.com\/blog\/grill-rezepte-fuer-die-feiertage\/\">\u276f Mehr lesen<\/a><\/span><\/a><div class=\"post-footer\"><div id=\"share-button-holder-11413\" class=\"share-button-holder\">\n            <button id=\"share-btn-11413\" class=\"share-btn\"><i class=\"fas fa-share-alt\"><\/i><\/button>\n            <div class=\"social-media-holder hide\">\n                <a target=\"_blank\" href=\"https:\/\/www.facebook.com\/sharer\/sharer.php?u=https:\/\/www.engbers.com\/blog\/grill-rezepte-fuer-die-feiertage\/\" title=\"Facebook\"><i class='fab fa-facebook-square '><\/i><\/a>\n                <a target=\"_blank\" href=\"https:\/\/www.instagram.com\/engbers.maennermode\/\" title=\"Instagram\"><i class='fab fa-instagram '><\/i><\/a>\n                <a target=\"_blank\" href=\"https:\/\/wa.me\/?text=https:\/\/www.engbers.com\/blog\/grill-rezepte-fuer-die-feiertage\/\" title=\"WhatsApp\"><i class=\"fab fa-whatsapp\"><\/i><\/a>\n                <a target=\"_blank\" href=\"mailto:?subject=Grill-Rezepte f\u00fcr die Feiertage&#038;body=https:\/\/www.engbers.com\/blog\/grill-rezepte-fuer-die-feiertage\/\" title=\"E-mail\"><i class=\"far fa-envelope\"><\/i><\/a>\n            <\/div>\n        <\/div> <a class=\"comments-link\" href=\"https:\/\/www.engbers.com\/blog\/grill-rezepte-fuer-die-feiertage\/#respond\"><i class=\"far fa-comment-dots\"><\/i> 0<\/a> <div class=\"post-views-holder\"><div class=\"post-views content-post post-11413 entry-meta load-static\">\r\n\t\t\t\t<span class=\"post-views-icon dashicons dashicons dashicons-visibility\"><\/span> <span class=\"post-views-count\">313<\/span>\r\n\t\t\t<\/div><\/div><\/div><\/div><div class=\"listing-item\"><a href=\"https:\/\/www.engbers.com\/blog\/5-tipps-zum-sparen-von-heizkosten\/\" class=\"post-holder-anchor\"><a class=\"image\" href=\"https:\/\/www.engbers.com\/blog\/5-tipps-zum-sparen-von-heizkosten\/\"><img loading=\"lazy\" decoding=\"async\" width=\"1600\" height=\"1000\" src=\"https:\/\/www.engbers.com\/blog\/wp-content\/uploads\/2023\/11\/1.png\" class=\"attachment-larg size-larg wp-post-image\" alt=\"\" srcset=\"https:\/\/www.engbers.com\/blog\/wp-content\/uploads\/2023\/11\/1.png 1600w, https:\/\/www.engbers.com\/blog\/wp-content\/uploads\/2023\/11\/1-300x188.png 300w, https:\/\/www.engbers.com\/blog\/wp-content\/uploads\/2023\/11\/1-1024x640.png 1024w, https:\/\/www.engbers.com\/blog\/wp-content\/uploads\/2023\/11\/1-768x480.png 768w, https:\/\/www.engbers.com\/blog\/wp-content\/uploads\/2023\/11\/1-1536x960.png 1536w, https:\/\/www.engbers.com\/blog\/wp-content\/uploads\/2023\/11\/1-24x15.png 24w, https:\/\/www.engbers.com\/blog\/wp-content\/uploads\/2023\/11\/1-36x23.png 36w, https:\/\/www.engbers.com\/blog\/wp-content\/uploads\/2023\/11\/1-48x30.png 48w\" sizes=\"(max-width: 1600px) 100vw, 1600px\" \/><\/a>  <span class=\"date\">November 27, 2023<\/span><a class=\"title\" href=\"https:\/\/www.engbers.com\/blog\/5-tipps-zum-sparen-von-heizkosten\/\">5 Tipps zum Sparen von Heizkosten im Winter<\/a> <span class=\"excerpt\">Effektive Strategien zum Sparen von Heizkosten im Winter. Wir kennen M\u00f6glichkeiten, um den Verbrauch Deiner Heizmittel zu optimieren. Hier sind unsere bew\u00e4hrten Tipps: 1. Sorgf\u00e4ltige Einstellung des Thermostats Viele sind sich nicht bewusst, dass die Einstellungen am Heizungsthermostat die Raumtemperatur erheblich beeinflussen. Jede Stufe erh\u00f6ht die Raumtemperatur um etwa 4&hellip; <a class=\"excerpt-more\" href=\"https:\/\/www.engbers.com\/blog\/5-tipps-zum-sparen-von-heizkosten\/\">\u276f Mehr lesen<\/a><\/span><\/a><div class=\"post-footer\"><div id=\"share-button-holder-11181\" class=\"share-button-holder\">\n            <button id=\"share-btn-11181\" class=\"share-btn\"><i class=\"fas fa-share-alt\"><\/i><\/button>\n            <div class=\"social-media-holder hide\">\n                <a target=\"_blank\" href=\"https:\/\/www.facebook.com\/sharer\/sharer.php?u=https:\/\/www.engbers.com\/blog\/5-tipps-zum-sparen-von-heizkosten\/\" title=\"Facebook\"><i class='fab fa-facebook-square '><\/i><\/a>\n                <a target=\"_blank\" href=\"https:\/\/www.instagram.com\/engbers.maennermode\/\" title=\"Instagram\"><i class='fab fa-instagram '><\/i><\/a>\n                <a target=\"_blank\" href=\"https:\/\/wa.me\/?text=https:\/\/www.engbers.com\/blog\/5-tipps-zum-sparen-von-heizkosten\/\" title=\"WhatsApp\"><i class=\"fab fa-whatsapp\"><\/i><\/a>\n                <a target=\"_blank\" href=\"mailto:?subject=5 Tipps zum Sparen von Heizkosten im Winter&#038;body=https:\/\/www.engbers.com\/blog\/5-tipps-zum-sparen-von-heizkosten\/\" title=\"E-mail\"><i class=\"far fa-envelope\"><\/i><\/a>\n            <\/div>\n        <\/div> <a class=\"comments-link\" href=\"https:\/\/www.engbers.com\/blog\/5-tipps-zum-sparen-von-heizkosten\/#comments\"><i class=\"far fa-comment-dots\"><\/i> 1<\/a> <div class=\"post-views-holder\"><div class=\"post-views content-post post-11181 entry-meta load-static\">\r\n\t\t\t\t<span class=\"post-views-icon dashicons dashicons dashicons-visibility\"><\/span> <span class=\"post-views-count\">368<\/span>\r\n\t\t\t<\/div><\/div><\/div><\/div><div class=\"listing-item\"><a href=\"https:\/\/www.engbers.com\/blog\/adventskalender-fur-manner\/\" class=\"post-holder-anchor\"><a class=\"image\" href=\"https:\/\/www.engbers.com\/blog\/adventskalender-fur-manner\/\"><img loading=\"lazy\" decoding=\"async\" width=\"1600\" height=\"1000\" src=\"https:\/\/www.engbers.com\/blog\/wp-content\/uploads\/2023\/11\/Design-ohne-Titel-2023-11-16T112638.225.png\" class=\"attachment-larg size-larg wp-post-image\" alt=\"\" srcset=\"https:\/\/www.engbers.com\/blog\/wp-content\/uploads\/2023\/11\/Design-ohne-Titel-2023-11-16T112638.225.png 1600w, https:\/\/www.engbers.com\/blog\/wp-content\/uploads\/2023\/11\/Design-ohne-Titel-2023-11-16T112638.225-300x188.png 300w, https:\/\/www.engbers.com\/blog\/wp-content\/uploads\/2023\/11\/Design-ohne-Titel-2023-11-16T112638.225-1024x640.png 1024w, https:\/\/www.engbers.com\/blog\/wp-content\/uploads\/2023\/11\/Design-ohne-Titel-2023-11-16T112638.225-768x480.png 768w, https:\/\/www.engbers.com\/blog\/wp-content\/uploads\/2023\/11\/Design-ohne-Titel-2023-11-16T112638.225-1536x960.png 1536w, https:\/\/www.engbers.com\/blog\/wp-content\/uploads\/2023\/11\/Design-ohne-Titel-2023-11-16T112638.225-24x15.png 24w, https:\/\/www.engbers.com\/blog\/wp-content\/uploads\/2023\/11\/Design-ohne-Titel-2023-11-16T112638.225-36x23.png 36w, https:\/\/www.engbers.com\/blog\/wp-content\/uploads\/2023\/11\/Design-ohne-Titel-2023-11-16T112638.225-48x30.png 48w\" sizes=\"(max-width: 1600px) 100vw, 1600px\" \/><\/a>  <span class=\"date\">November 9, 2023<\/span><a class=\"title\" href=\"https:\/\/www.engbers.com\/blog\/adventskalender-fur-manner\/\">Adventskalender f\u00fcr M\u00e4nner &#8211; 24 Geschenkideen<\/a> <span class=\"excerpt\">Die Weihnachts-Zeit ist eine wundervolle Zeit voller Freude, Liebe und Besinnlichkeit. Es ist die Zeit, in der wir uns auf das Zusammensein mit unseren Lieben freuen, k\u00f6stliche Leckereien genie\u00dfen und uns gegenseitig beschenken. Die Stra\u00dfen sind mit funkelnden Lichtern geschm\u00fcckt und \u00fcberall duftet es nach Tannen-Zweigen und Zimt. Gerade in&hellip; <a class=\"excerpt-more\" href=\"https:\/\/www.engbers.com\/blog\/adventskalender-fur-manner\/\">\u276f Mehr lesen<\/a><\/span><\/a><div class=\"post-footer\"><div id=\"share-button-holder-11208\" class=\"share-button-holder\">\n            <button id=\"share-btn-11208\" class=\"share-btn\"><i class=\"fas fa-share-alt\"><\/i><\/button>\n            <div class=\"social-media-holder hide\">\n                <a target=\"_blank\" href=\"https:\/\/www.facebook.com\/sharer\/sharer.php?u=https:\/\/www.engbers.com\/blog\/adventskalender-fur-manner\/\" title=\"Facebook\"><i class='fab fa-facebook-square '><\/i><\/a>\n                <a target=\"_blank\" href=\"https:\/\/www.instagram.com\/engbers.maennermode\/\" title=\"Instagram\"><i class='fab fa-instagram '><\/i><\/a>\n                <a target=\"_blank\" href=\"https:\/\/wa.me\/?text=https:\/\/www.engbers.com\/blog\/adventskalender-fur-manner\/\" title=\"WhatsApp\"><i class=\"fab fa-whatsapp\"><\/i><\/a>\n                <a target=\"_blank\" href=\"mailto:?subject=Adventskalender f\u00fcr M\u00e4nner &#8211; 24 Geschenkideen&#038;body=https:\/\/www.engbers.com\/blog\/adventskalender-fur-manner\/\" title=\"E-mail\"><i class=\"far fa-envelope\"><\/i><\/a>\n            <\/div>\n        <\/div> <a class=\"comments-link\" href=\"https:\/\/www.engbers.com\/blog\/adventskalender-fur-manner\/#respond\"><i class=\"far fa-comment-dots\"><\/i> 0<\/a> <div class=\"post-views-holder\"><div class=\"post-views content-post post-11208 entry-meta load-static\">\r\n\t\t\t\t<span class=\"post-views-icon dashicons dashicons dashicons-visibility\"><\/span> <span class=\"post-views-count\">293<\/span>\r\n\t\t\t<\/div><\/div><\/div><\/div><div class=\"listing-item\"><a href=\"https:\/\/www.engbers.com\/blog\/sorona-nachhaltige-innovation-der-textilwelt\/\" class=\"post-holder-anchor\"><a class=\"image\" href=\"https:\/\/www.engbers.com\/blog\/sorona-nachhaltige-innovation-der-textilwelt\/\"><img loading=\"lazy\" decoding=\"async\" width=\"1600\" height=\"1000\" src=\"https:\/\/www.engbers.com\/blog\/wp-content\/uploads\/2023\/10\/Design-ohne-Titel-46.png\" class=\"attachment-larg size-larg wp-post-image\" alt=\"\" srcset=\"https:\/\/www.engbers.com\/blog\/wp-content\/uploads\/2023\/10\/Design-ohne-Titel-46.png 1600w, https:\/\/www.engbers.com\/blog\/wp-content\/uploads\/2023\/10\/Design-ohne-Titel-46-300x188.png 300w, https:\/\/www.engbers.com\/blog\/wp-content\/uploads\/2023\/10\/Design-ohne-Titel-46-1024x640.png 1024w, https:\/\/www.engbers.com\/blog\/wp-content\/uploads\/2023\/10\/Design-ohne-Titel-46-768x480.png 768w, https:\/\/www.engbers.com\/blog\/wp-content\/uploads\/2023\/10\/Design-ohne-Titel-46-1536x960.png 1536w, https:\/\/www.engbers.com\/blog\/wp-content\/uploads\/2023\/10\/Design-ohne-Titel-46-24x15.png 24w, https:\/\/www.engbers.com\/blog\/wp-content\/uploads\/2023\/10\/Design-ohne-Titel-46-36x23.png 36w, https:\/\/www.engbers.com\/blog\/wp-content\/uploads\/2023\/10\/Design-ohne-Titel-46-48x30.png 48w\" sizes=\"(max-width: 1600px) 100vw, 1600px\" \/><\/a>  <span class=\"date\">Oktober 31, 2023<\/span><a class=\"title\" href=\"https:\/\/www.engbers.com\/blog\/sorona-nachhaltige-innovation-der-textilwelt\/\">Sorona\u00ae: Nachhaltige Innovation der Textilwelt<\/a> <span class=\"excerpt\">Bei angesagten Steppjacken und warmen Winterjacken denkst Du direkt an Daunenjacken? Es wird h\u00f6chste Zeit zum Umdenken! Der Ruf nach nachhaltigen und umweltfreundlichen Materialien hat die Textilindustrie in den letzten Jahren stark beeinflusst. Eine bemerkenswerte Innovation in diesem Bereich ist Sorona\u00ae. Was ist Sorona\u00ae? Sorona\u00ae ist eine innovative Faser, die&hellip; <a class=\"excerpt-more\" href=\"https:\/\/www.engbers.com\/blog\/sorona-nachhaltige-innovation-der-textilwelt\/\">\u276f Mehr lesen<\/a><\/span><\/a><div class=\"post-footer\"><div id=\"share-button-holder-11128\" class=\"share-button-holder\">\n            <button id=\"share-btn-11128\" class=\"share-btn\"><i class=\"fas fa-share-alt\"><\/i><\/button>\n            <div class=\"social-media-holder hide\">\n                <a target=\"_blank\" href=\"https:\/\/www.facebook.com\/sharer\/sharer.php?u=https:\/\/www.engbers.com\/blog\/sorona-nachhaltige-innovation-der-textilwelt\/\" title=\"Facebook\"><i class='fab fa-facebook-square '><\/i><\/a>\n                <a target=\"_blank\" href=\"https:\/\/www.instagram.com\/engbers.maennermode\/\" title=\"Instagram\"><i class='fab fa-instagram '><\/i><\/a>\n                <a target=\"_blank\" href=\"https:\/\/wa.me\/?text=https:\/\/www.engbers.com\/blog\/sorona-nachhaltige-innovation-der-textilwelt\/\" title=\"WhatsApp\"><i class=\"fab fa-whatsapp\"><\/i><\/a>\n                <a target=\"_blank\" href=\"mailto:?subject=Sorona\u00ae: Nachhaltige Innovation der Textilwelt&#038;body=https:\/\/www.engbers.com\/blog\/sorona-nachhaltige-innovation-der-textilwelt\/\" title=\"E-mail\"><i class=\"far fa-envelope\"><\/i><\/a>\n            <\/div>\n        <\/div> <a class=\"comments-link\" href=\"https:\/\/www.engbers.com\/blog\/sorona-nachhaltige-innovation-der-textilwelt\/#respond\"><i class=\"far fa-comment-dots\"><\/i> 0<\/a> <div class=\"post-views-holder\"><div class=\"post-views content-post post-11128 entry-meta load-static\">\r\n\t\t\t\t<span class=\"post-views-icon dashicons dashicons dashicons-visibility\"><\/span> <span class=\"post-views-count\">370<\/span>\r\n\t\t\t<\/div><\/div><\/div><\/div><div class=\"listing-item\"><a href=\"https:\/\/www.engbers.com\/blog\/winterjacken-richtig-waschen-und-pflegen\/\" class=\"post-holder-anchor\"><a class=\"image\" href=\"https:\/\/www.engbers.com\/blog\/winterjacken-richtig-waschen-und-pflegen\/\"><img loading=\"lazy\" decoding=\"async\" width=\"1600\" height=\"1000\" src=\"https:\/\/www.engbers.com\/blog\/wp-content\/uploads\/2023\/10\/2_15.png\" class=\"attachment-larg size-larg wp-post-image\" alt=\"\" srcset=\"https:\/\/www.engbers.com\/blog\/wp-content\/uploads\/2023\/10\/2_15.png 1600w, https:\/\/www.engbers.com\/blog\/wp-content\/uploads\/2023\/10\/2_15-300x188.png 300w, https:\/\/www.engbers.com\/blog\/wp-content\/uploads\/2023\/10\/2_15-1024x640.png 1024w, https:\/\/www.engbers.com\/blog\/wp-content\/uploads\/2023\/10\/2_15-768x480.png 768w, https:\/\/www.engbers.com\/blog\/wp-content\/uploads\/2023\/10\/2_15-1536x960.png 1536w, https:\/\/www.engbers.com\/blog\/wp-content\/uploads\/2023\/10\/2_15-24x15.png 24w, https:\/\/www.engbers.com\/blog\/wp-content\/uploads\/2023\/10\/2_15-36x23.png 36w, https:\/\/www.engbers.com\/blog\/wp-content\/uploads\/2023\/10\/2_15-48x30.png 48w\" sizes=\"(max-width: 1600px) 100vw, 1600px\" \/><\/a>  <span class=\"date\">Oktober 12, 2023<\/span><a class=\"title\" href=\"https:\/\/www.engbers.com\/blog\/winterjacken-richtig-waschen-und-pflegen\/\">Winterjacken richtig waschen und pflegen<\/a> <span class=\"excerpt\">Engbers verr\u00e4t dir, worauf es beim Waschen und Pflegen Deiner Winterjacke ankommt. Die besten Tipps und Tricks f\u00fcr eine verl\u00e4ngerte Lebensdauer! Wenn der Herbst beginnt und die Temperaturen fallen, h\u00e4lt Deine \u00dcbergangsjacke den immer niedriger werdenden Temperaturen langsam nicht mehr stand. Es wird wieder Zeit f\u00fcr eine w\u00e4rmende Winterjacke, welche&hellip; <a class=\"excerpt-more\" href=\"https:\/\/www.engbers.com\/blog\/winterjacken-richtig-waschen-und-pflegen\/\">\u276f Mehr lesen<\/a><\/span><\/a><div class=\"post-footer\"><div id=\"share-button-holder-10942\" class=\"share-button-holder\">\n            <button id=\"share-btn-10942\" class=\"share-btn\"><i class=\"fas fa-share-alt\"><\/i><\/button>\n            <div class=\"social-media-holder hide\">\n                <a target=\"_blank\" href=\"https:\/\/www.facebook.com\/sharer\/sharer.php?u=https:\/\/www.engbers.com\/blog\/winterjacken-richtig-waschen-und-pflegen\/\" title=\"Facebook\"><i class='fab fa-facebook-square '><\/i><\/a>\n                <a target=\"_blank\" href=\"https:\/\/www.instagram.com\/engbers.maennermode\/\" title=\"Instagram\"><i class='fab fa-instagram '><\/i><\/a>\n                <a target=\"_blank\" href=\"https:\/\/wa.me\/?text=https:\/\/www.engbers.com\/blog\/winterjacken-richtig-waschen-und-pflegen\/\" title=\"WhatsApp\"><i class=\"fab fa-whatsapp\"><\/i><\/a>\n                <a target=\"_blank\" href=\"mailto:?subject=Winterjacken richtig waschen und pflegen&#038;body=https:\/\/www.engbers.com\/blog\/winterjacken-richtig-waschen-und-pflegen\/\" title=\"E-mail\"><i class=\"far fa-envelope\"><\/i><\/a>\n            <\/div>\n        <\/div> <a class=\"comments-link\" href=\"https:\/\/www.engbers.com\/blog\/winterjacken-richtig-waschen-und-pflegen\/#respond\"><i class=\"far fa-comment-dots\"><\/i> 0<\/a> <div class=\"post-views-holder\"><div class=\"post-views content-post post-10942 entry-meta load-static\">\r\n\t\t\t\t<span class=\"post-views-icon dashicons dashicons dashicons-visibility\"><\/span> <span class=\"post-views-count\">2.760<\/span>\r\n\t\t\t<\/div><\/div><\/div><\/div><div class=\"listing-item\"><a href=\"https:\/\/www.engbers.com\/blog\/lyocell\/\" class=\"post-holder-anchor\"><a class=\"image\" href=\"https:\/\/www.engbers.com\/blog\/lyocell\/\"><img loading=\"lazy\" decoding=\"async\" width=\"1600\" height=\"1000\" src=\"https:\/\/www.engbers.com\/blog\/wp-content\/uploads\/2023\/10\/Design-ohne-Titel-2023-10-06T110413.268.png\" class=\"attachment-larg size-larg wp-post-image\" alt=\"\" srcset=\"https:\/\/www.engbers.com\/blog\/wp-content\/uploads\/2023\/10\/Design-ohne-Titel-2023-10-06T110413.268.png 1600w, https:\/\/www.engbers.com\/blog\/wp-content\/uploads\/2023\/10\/Design-ohne-Titel-2023-10-06T110413.268-300x188.png 300w, https:\/\/www.engbers.com\/blog\/wp-content\/uploads\/2023\/10\/Design-ohne-Titel-2023-10-06T110413.268-1024x640.png 1024w, https:\/\/www.engbers.com\/blog\/wp-content\/uploads\/2023\/10\/Design-ohne-Titel-2023-10-06T110413.268-768x480.png 768w, https:\/\/www.engbers.com\/blog\/wp-content\/uploads\/2023\/10\/Design-ohne-Titel-2023-10-06T110413.268-1536x960.png 1536w, https:\/\/www.engbers.com\/blog\/wp-content\/uploads\/2023\/10\/Design-ohne-Titel-2023-10-06T110413.268-24x15.png 24w, https:\/\/www.engbers.com\/blog\/wp-content\/uploads\/2023\/10\/Design-ohne-Titel-2023-10-06T110413.268-36x23.png 36w, https:\/\/www.engbers.com\/blog\/wp-content\/uploads\/2023\/10\/Design-ohne-Titel-2023-10-06T110413.268-48x30.png 48w\" sizes=\"(max-width: 1600px) 100vw, 1600px\" \/><\/a>  <span class=\"date\">Oktober 6, 2023<\/span><a class=\"title\" href=\"https:\/\/www.engbers.com\/blog\/lyocell\/\">Revolution\u00e4re Mode: Lyocell, der neue Stoff der Zukunft!<\/a> <span class=\"excerpt\">Was ist Lyocell? Viele Leute denken, dass es nur zwei Kategorien gibt, wenn es um Naturfasern wie Wolle, Baumwolle oder Seide und Kunstfasern geht wie Polyester oder Nylon. Doch anders als viele glauben, sind die Grenzen zwischen diesen beiden Gruppen flie\u00dfend und Lyocell f\u00e4llt genau dazwischen. Lyocell ist zwar eine&hellip; <a class=\"excerpt-more\" href=\"https:\/\/www.engbers.com\/blog\/lyocell\/\">\u276f Mehr lesen<\/a><\/span><\/a><div class=\"post-footer\"><div id=\"share-button-holder-10932\" class=\"share-button-holder\">\n            <button id=\"share-btn-10932\" class=\"share-btn\"><i class=\"fas fa-share-alt\"><\/i><\/button>\n            <div class=\"social-media-holder hide\">\n                <a target=\"_blank\" href=\"https:\/\/www.facebook.com\/sharer\/sharer.php?u=https:\/\/www.engbers.com\/blog\/lyocell\/\" title=\"Facebook\"><i class='fab fa-facebook-square '><\/i><\/a>\n                <a target=\"_blank\" href=\"https:\/\/www.instagram.com\/engbers.maennermode\/\" title=\"Instagram\"><i class='fab fa-instagram '><\/i><\/a>\n                <a target=\"_blank\" href=\"https:\/\/wa.me\/?text=https:\/\/www.engbers.com\/blog\/lyocell\/\" title=\"WhatsApp\"><i class=\"fab fa-whatsapp\"><\/i><\/a>\n                <a target=\"_blank\" href=\"mailto:?subject=Revolution\u00e4re Mode: Lyocell, der neue Stoff der Zukunft!&#038;body=https:\/\/www.engbers.com\/blog\/lyocell\/\" title=\"E-mail\"><i class=\"far fa-envelope\"><\/i><\/a>\n            <\/div>\n        <\/div> <a class=\"comments-link\" href=\"https:\/\/www.engbers.com\/blog\/lyocell\/#respond\"><i class=\"far fa-comment-dots\"><\/i> 0<\/a> <div class=\"post-views-holder\"><div class=\"post-views content-post post-10932 entry-meta load-static\">\r\n\t\t\t\t<span class=\"post-views-icon dashicons dashicons dashicons-visibility\"><\/span> <span class=\"post-views-count\">745<\/span>\r\n\t\t\t<\/div><\/div><\/div><\/div><div class=\"listing-item\"><a href=\"https:\/\/www.engbers.com\/blog\/engbers-nos\/\" class=\"post-holder-anchor\"><a class=\"image\" href=\"https:\/\/www.engbers.com\/blog\/engbers-nos\/\"><img loading=\"lazy\" decoding=\"async\" width=\"1600\" height=\"1000\" src=\"https:\/\/www.engbers.com\/blog\/wp-content\/uploads\/2023\/09\/Design-ohne-Titel-92.png\" class=\"attachment-larg size-larg wp-post-image\" alt=\"\" srcset=\"https:\/\/www.engbers.com\/blog\/wp-content\/uploads\/2023\/09\/Design-ohne-Titel-92.png 1600w, https:\/\/www.engbers.com\/blog\/wp-content\/uploads\/2023\/09\/Design-ohne-Titel-92-300x188.png 300w, https:\/\/www.engbers.com\/blog\/wp-content\/uploads\/2023\/09\/Design-ohne-Titel-92-1024x640.png 1024w, https:\/\/www.engbers.com\/blog\/wp-content\/uploads\/2023\/09\/Design-ohne-Titel-92-768x480.png 768w, https:\/\/www.engbers.com\/blog\/wp-content\/uploads\/2023\/09\/Design-ohne-Titel-92-1536x960.png 1536w, https:\/\/www.engbers.com\/blog\/wp-content\/uploads\/2023\/09\/Design-ohne-Titel-92-24x15.png 24w, https:\/\/www.engbers.com\/blog\/wp-content\/uploads\/2023\/09\/Design-ohne-Titel-92-36x23.png 36w, https:\/\/www.engbers.com\/blog\/wp-content\/uploads\/2023\/09\/Design-ohne-Titel-92-48x30.png 48w\" sizes=\"(max-width: 1600px) 100vw, 1600px\" \/><\/a>  <span class=\"date\">September 10, 2023<\/span><a class=\"title\" href=\"https:\/\/www.engbers.com\/blog\/engbers-nos\/\">Die engbers-Basics: Deine Favoriten immer verf\u00fcgbar<\/a> <span class=\"excerpt\">&#8222;My favorite&#8220; &#8211; Never out of stock Einfach ist am schwierigsten &#8211; Herausforderung angenommen Wir M\u00e4nner haben modische Anspr\u00fcche, investieren unsere Zeit aber lieber ins &#8222;unkomplizierte Finden&#8220; als ins &#8222;ewige Suchen&#8220;. Darum setzen wir auf die engbers-Basics, wenn es um verl\u00e4ssliche Begleiter f\u00fcr den Alltag, Beruf und Feierlichkeiten geht. Ein&hellip; <a class=\"excerpt-more\" href=\"https:\/\/www.engbers.com\/blog\/engbers-nos\/\">\u276f Mehr lesen<\/a><\/span><\/a><div class=\"post-footer\"><div id=\"share-button-holder-10593\" class=\"share-button-holder\">\n            <button id=\"share-btn-10593\" class=\"share-btn\"><i class=\"fas fa-share-alt\"><\/i><\/button>\n            <div class=\"social-media-holder hide\">\n                <a target=\"_blank\" href=\"https:\/\/www.facebook.com\/sharer\/sharer.php?u=https:\/\/www.engbers.com\/blog\/engbers-nos\/\" title=\"Facebook\"><i class='fab fa-facebook-square '><\/i><\/a>\n                <a target=\"_blank\" href=\"https:\/\/www.instagram.com\/engbers.maennermode\/\" title=\"Instagram\"><i class='fab fa-instagram '><\/i><\/a>\n                <a target=\"_blank\" href=\"https:\/\/wa.me\/?text=https:\/\/www.engbers.com\/blog\/engbers-nos\/\" title=\"WhatsApp\"><i class=\"fab fa-whatsapp\"><\/i><\/a>\n                <a target=\"_blank\" href=\"mailto:?subject=Die engbers-Basics: Deine Favoriten immer verf\u00fcgbar&#038;body=https:\/\/www.engbers.com\/blog\/engbers-nos\/\" title=\"E-mail\"><i class=\"far fa-envelope\"><\/i><\/a>\n            <\/div>\n        <\/div> <a class=\"comments-link\" href=\"https:\/\/www.engbers.com\/blog\/engbers-nos\/#respond\"><i class=\"far fa-comment-dots\"><\/i> 0<\/a> <div class=\"post-views-holder\"><div class=\"post-views content-post post-10593 entry-meta load-static\">\r\n\t\t\t\t<span class=\"post-views-icon dashicons dashicons dashicons-visibility\"><\/span> <span class=\"post-views-count\">337<\/span>\r\n\t\t\t<\/div><\/div><\/div><\/div><div class=\"listing-item\"><a href=\"https:\/\/www.engbers.com\/blog\/marcos-beste-kumpels-aus-stoff\/\" class=\"post-holder-anchor\"><a class=\"image\" href=\"https:\/\/www.engbers.com\/blog\/marcos-beste-kumpels-aus-stoff\/\"><img loading=\"lazy\" decoding=\"async\" width=\"1600\" height=\"1000\" src=\"https:\/\/www.engbers.com\/blog\/wp-content\/uploads\/2023\/04\/Design-ohne-Titel-27.png\" class=\"attachment-larg size-larg wp-post-image\" alt=\"\" srcset=\"https:\/\/www.engbers.com\/blog\/wp-content\/uploads\/2023\/04\/Design-ohne-Titel-27.png 1600w, https:\/\/www.engbers.com\/blog\/wp-content\/uploads\/2023\/04\/Design-ohne-Titel-27-300x188.png 300w, https:\/\/www.engbers.com\/blog\/wp-content\/uploads\/2023\/04\/Design-ohne-Titel-27-1024x640.png 1024w, https:\/\/www.engbers.com\/blog\/wp-content\/uploads\/2023\/04\/Design-ohne-Titel-27-768x480.png 768w, https:\/\/www.engbers.com\/blog\/wp-content\/uploads\/2023\/04\/Design-ohne-Titel-27-1536x960.png 1536w, https:\/\/www.engbers.com\/blog\/wp-content\/uploads\/2023\/04\/Design-ohne-Titel-27-24x15.png 24w, https:\/\/www.engbers.com\/blog\/wp-content\/uploads\/2023\/04\/Design-ohne-Titel-27-36x23.png 36w, https:\/\/www.engbers.com\/blog\/wp-content\/uploads\/2023\/04\/Design-ohne-Titel-27-48x30.png 48w\" sizes=\"(max-width: 1600px) 100vw, 1600px\" \/><\/a>  <span class=\"date\">Mai 15, 2023<\/span><a class=\"title\" href=\"https:\/\/www.engbers.com\/blog\/marcos-beste-kumpels-aus-stoff\/\">Marcos beste Kumpels aus Stoff<\/a> <span class=\"excerpt\">Basics, auf die Du Dich verlassen kannst! Mein Name ist Marco, ich bin 48 Jahre jung und Leiter der hausinternen Bauabteilung von engbers. Wir k\u00fcmmern uns um die Erschlie\u00dfung neuer Standorte und den Umbau bzw. die Renovierung von bestehenden engbers-Stores. Spannende T\u00e4tigkeit, das kann ich Dir versprechen! Eigentlich sieht mein&hellip; <a class=\"excerpt-more\" href=\"https:\/\/www.engbers.com\/blog\/marcos-beste-kumpels-aus-stoff\/\">\u276f Mehr lesen<\/a><\/span><\/a><div class=\"post-footer\"><div id=\"share-button-holder-10348\" class=\"share-button-holder\">\n            <button id=\"share-btn-10348\" class=\"share-btn\"><i class=\"fas fa-share-alt\"><\/i><\/button>\n            <div class=\"social-media-holder hide\">\n                <a target=\"_blank\" href=\"https:\/\/www.facebook.com\/sharer\/sharer.php?u=https:\/\/www.engbers.com\/blog\/marcos-beste-kumpels-aus-stoff\/\" title=\"Facebook\"><i class='fab fa-facebook-square '><\/i><\/a>\n                <a target=\"_blank\" href=\"https:\/\/www.instagram.com\/engbers.maennermode\/\" title=\"Instagram\"><i class='fab fa-instagram '><\/i><\/a>\n                <a target=\"_blank\" href=\"https:\/\/wa.me\/?text=https:\/\/www.engbers.com\/blog\/marcos-beste-kumpels-aus-stoff\/\" title=\"WhatsApp\"><i class=\"fab fa-whatsapp\"><\/i><\/a>\n                <a target=\"_blank\" href=\"mailto:?subject=Marcos beste Kumpels aus Stoff&#038;body=https:\/\/www.engbers.com\/blog\/marcos-beste-kumpels-aus-stoff\/\" title=\"E-mail\"><i class=\"far fa-envelope\"><\/i><\/a>\n            <\/div>\n        <\/div> <a class=\"comments-link\" href=\"https:\/\/www.engbers.com\/blog\/marcos-beste-kumpels-aus-stoff\/#respond\"><i class=\"far fa-comment-dots\"><\/i> 0<\/a> <div class=\"post-views-holder\"><div class=\"post-views content-post post-10348 entry-meta load-static\">\r\n\t\t\t\t<span class=\"post-views-icon dashicons dashicons dashicons-visibility\"><\/span> <span class=\"post-views-count\">417<\/span>\r\n\t\t\t<\/div><\/div><\/div><\/div><div class=\"listing-item\"><a href=\"https:\/\/www.engbers.com\/blog\/camping-fur-anfanger\/\" class=\"post-holder-anchor\"><a class=\"image\" href=\"https:\/\/www.engbers.com\/blog\/camping-fur-anfanger\/\"><img loading=\"lazy\" decoding=\"async\" width=\"1600\" height=\"1000\" src=\"https:\/\/www.engbers.com\/blog\/wp-content\/uploads\/2023\/05\/CAMPING-FUeR-ANFAeNGER.png\" class=\"attachment-larg size-larg wp-post-image\" alt=\"\" srcset=\"https:\/\/www.engbers.com\/blog\/wp-content\/uploads\/2023\/05\/CAMPING-FUeR-ANFAeNGER.png 1600w, https:\/\/www.engbers.com\/blog\/wp-content\/uploads\/2023\/05\/CAMPING-FUeR-ANFAeNGER-300x188.png 300w, https:\/\/www.engbers.com\/blog\/wp-content\/uploads\/2023\/05\/CAMPING-FUeR-ANFAeNGER-1024x640.png 1024w, https:\/\/www.engbers.com\/blog\/wp-content\/uploads\/2023\/05\/CAMPING-FUeR-ANFAeNGER-768x480.png 768w, https:\/\/www.engbers.com\/blog\/wp-content\/uploads\/2023\/05\/CAMPING-FUeR-ANFAeNGER-1536x960.png 1536w, https:\/\/www.engbers.com\/blog\/wp-content\/uploads\/2023\/05\/CAMPING-FUeR-ANFAeNGER-24x15.png 24w, https:\/\/www.engbers.com\/blog\/wp-content\/uploads\/2023\/05\/CAMPING-FUeR-ANFAeNGER-36x23.png 36w, https:\/\/www.engbers.com\/blog\/wp-content\/uploads\/2023\/05\/CAMPING-FUeR-ANFAeNGER-48x30.png 48w\" sizes=\"(max-width: 1600px) 100vw, 1600px\" \/><\/a>  <span class=\"date\">Mai 5, 2023<\/span><a class=\"title\" href=\"https:\/\/www.engbers.com\/blog\/camping-fur-anfanger\/\">Camping f\u00fcr Anf\u00e4nger: Das solltest Du vorab wissen<\/a> <span class=\"excerpt\">Camping-Urlaube werden nicht ohne Grund immer beliebter. Die hohe Flexibilit\u00e4t, die N\u00e4he zur Natur und das Entdecken vieler Orte macht Camping zu einem unvergesslichen Urlaub. Ob Zelt, Wohnwagen oder Wohnmobil &#8211; wir haben die wichtigsten Infos und hilfreiche Tipps f\u00fcr Dich gesammelt. Wohnmobil, Wohnwagen oder Zelt?Wie finde ich Stell- und&hellip; <a class=\"excerpt-more\" href=\"https:\/\/www.engbers.com\/blog\/camping-fur-anfanger\/\">\u276f Mehr lesen<\/a><\/span><\/a><div class=\"post-footer\"><div id=\"share-button-holder-10341\" class=\"share-button-holder\">\n            <button id=\"share-btn-10341\" class=\"share-btn\"><i class=\"fas fa-share-alt\"><\/i><\/button>\n            <div class=\"social-media-holder hide\">\n                <a target=\"_blank\" href=\"https:\/\/www.facebook.com\/sharer\/sharer.php?u=https:\/\/www.engbers.com\/blog\/camping-fur-anfanger\/\" title=\"Facebook\"><i class='fab fa-facebook-square '><\/i><\/a>\n                <a target=\"_blank\" href=\"https:\/\/www.instagram.com\/engbers.maennermode\/\" title=\"Instagram\"><i class='fab fa-instagram '><\/i><\/a>\n                <a target=\"_blank\" href=\"https:\/\/wa.me\/?text=https:\/\/www.engbers.com\/blog\/camping-fur-anfanger\/\" title=\"WhatsApp\"><i class=\"fab fa-whatsapp\"><\/i><\/a>\n                <a target=\"_blank\" href=\"mailto:?subject=Camping f\u00fcr Anf\u00e4nger: Das solltest Du vorab wissen&#038;body=https:\/\/www.engbers.com\/blog\/camping-fur-anfanger\/\" title=\"E-mail\"><i class=\"far fa-envelope\"><\/i><\/a>\n            <\/div>\n        <\/div> <a class=\"comments-link\" href=\"https:\/\/www.engbers.com\/blog\/camping-fur-anfanger\/#respond\"><i class=\"far fa-comment-dots\"><\/i> 0<\/a> <div class=\"post-views-holder\"><div class=\"post-views content-post post-10341 entry-meta load-static\">\r\n\t\t\t\t<span class=\"post-views-icon dashicons dashicons dashicons-visibility\"><\/span> <span class=\"post-views-count\">432<\/span>\r\n\t\t\t<\/div><\/div><\/div><\/div><div class=\"listing-item\"><a href=\"https:\/\/www.engbers.com\/blog\/onlinekonto-freischalten\/\" class=\"post-holder-anchor\"><a class=\"image\" href=\"https:\/\/www.engbers.com\/blog\/onlinekonto-freischalten\/\"><img loading=\"lazy\" decoding=\"async\" width=\"1600\" height=\"1000\" src=\"https:\/\/www.engbers.com\/blog\/wp-content\/uploads\/2021\/03\/Mal-im-Online-shop.png\" class=\"attachment-larg size-larg wp-post-image\" alt=\"\" srcset=\"https:\/\/www.engbers.com\/blog\/wp-content\/uploads\/2021\/03\/Mal-im-Online-shop.png 1600w, https:\/\/www.engbers.com\/blog\/wp-content\/uploads\/2021\/03\/Mal-im-Online-shop-300x188.png 300w, https:\/\/www.engbers.com\/blog\/wp-content\/uploads\/2021\/03\/Mal-im-Online-shop-1024x640.png 1024w, https:\/\/www.engbers.com\/blog\/wp-content\/uploads\/2021\/03\/Mal-im-Online-shop-768x480.png 768w, https:\/\/www.engbers.com\/blog\/wp-content\/uploads\/2021\/03\/Mal-im-Online-shop-1536x960.png 1536w, https:\/\/www.engbers.com\/blog\/wp-content\/uploads\/2021\/03\/Mal-im-Online-shop-24x15.png 24w, https:\/\/www.engbers.com\/blog\/wp-content\/uploads\/2021\/03\/Mal-im-Online-shop-36x23.png 36w, https:\/\/www.engbers.com\/blog\/wp-content\/uploads\/2021\/03\/Mal-im-Online-shop-48x30.png 48w\" sizes=\"(max-width: 1600px) 100vw, 1600px\" \/><\/a>  <span class=\"date\">April 27, 2023<\/span><a class=\"title\" href=\"https:\/\/www.engbers.com\/blog\/onlinekonto-freischalten\/\">Dein 1. Mal im Online-Shop? So registrierst Du Dich mit Deiner vorhandenen Kundenkarte<\/a> <span class=\"excerpt\">Entspanntes Shopping von Zuhause Unser Kundenkartenprogramm komplettiert unseren 360\u00b0-Service, weil Du Dich ganz unkompliziert und bequem vom heimischen Sofa aus \u00fcber neueste Trends und Aktionen informieren kannst. Du kannst Dir Deine Auswahl ganz einfach nach Hause schicken lassen. Der gr\u00f6\u00dfte Vorteil f\u00fcr Dich? Unsere Kundenkartenvorteile gelten sowohl online, als auch&hellip; <a class=\"excerpt-more\" href=\"https:\/\/www.engbers.com\/blog\/onlinekonto-freischalten\/\">\u276f Mehr lesen<\/a><\/span><\/a><div class=\"post-footer\"><div id=\"share-button-holder-5528\" class=\"share-button-holder\">\n            <button id=\"share-btn-5528\" class=\"share-btn\"><i class=\"fas fa-share-alt\"><\/i><\/button>\n            <div class=\"social-media-holder hide\">\n                <a target=\"_blank\" href=\"https:\/\/www.facebook.com\/sharer\/sharer.php?u=https:\/\/www.engbers.com\/blog\/onlinekonto-freischalten\/\" title=\"Facebook\"><i class='fab fa-facebook-square '><\/i><\/a>\n                <a target=\"_blank\" href=\"https:\/\/www.instagram.com\/engbers.maennermode\/\" title=\"Instagram\"><i class='fab fa-instagram '><\/i><\/a>\n                <a target=\"_blank\" href=\"https:\/\/wa.me\/?text=https:\/\/www.engbers.com\/blog\/onlinekonto-freischalten\/\" title=\"WhatsApp\"><i class=\"fab fa-whatsapp\"><\/i><\/a>\n                <a target=\"_blank\" href=\"mailto:?subject=Dein 1. Mal im Online-Shop? So registrierst Du Dich mit Deiner vorhandenen Kundenkarte&#038;body=https:\/\/www.engbers.com\/blog\/onlinekonto-freischalten\/\" title=\"E-mail\"><i class=\"far fa-envelope\"><\/i><\/a>\n            <\/div>\n        <\/div> <a class=\"comments-link\" href=\"https:\/\/www.engbers.com\/blog\/onlinekonto-freischalten\/#comments\"><i class=\"far fa-comment-dots\"><\/i>48<\/a> <div class=\"post-views-holder\"><div class=\"post-views content-post post-5528 entry-meta load-static\">\r\n\t\t\t\t<span class=\"post-views-icon dashicons dashicons dashicons-visibility\"><\/span> <span class=\"post-views-count\">51.374<\/span>\r\n\t\t\t<\/div><\/div><\/div><\/div><div class=\"listing-item\"><a href=\"https:\/\/www.engbers.com\/blog\/1x1-der-pflege\/\" class=\"post-holder-anchor\"><a class=\"image\" href=\"https:\/\/www.engbers.com\/blog\/1x1-der-pflege\/\"><img loading=\"lazy\" decoding=\"async\" width=\"1600\" height=\"1000\" src=\"https:\/\/www.engbers.com\/blog\/wp-content\/uploads\/2023\/03\/Dein-Abschnittstext.png\" class=\"attachment-larg size-larg wp-post-image\" alt=\"Beitragsbild Pflegehinweis\" srcset=\"https:\/\/www.engbers.com\/blog\/wp-content\/uploads\/2023\/03\/Dein-Abschnittstext.png 1600w, https:\/\/www.engbers.com\/blog\/wp-content\/uploads\/2023\/03\/Dein-Abschnittstext-300x188.png 300w, https:\/\/www.engbers.com\/blog\/wp-content\/uploads\/2023\/03\/Dein-Abschnittstext-1024x640.png 1024w, https:\/\/www.engbers.com\/blog\/wp-content\/uploads\/2023\/03\/Dein-Abschnittstext-768x480.png 768w, https:\/\/www.engbers.com\/blog\/wp-content\/uploads\/2023\/03\/Dein-Abschnittstext-1536x960.png 1536w, https:\/\/www.engbers.com\/blog\/wp-content\/uploads\/2023\/03\/Dein-Abschnittstext-24x15.png 24w, https:\/\/www.engbers.com\/blog\/wp-content\/uploads\/2023\/03\/Dein-Abschnittstext-36x23.png 36w, https:\/\/www.engbers.com\/blog\/wp-content\/uploads\/2023\/03\/Dein-Abschnittstext-48x30.png 48w\" sizes=\"(max-width: 1600px) 100vw, 1600px\" \/><\/a>  <span class=\"date\">M\u00e4rz 7, 2023<\/span><a class=\"title\" href=\"https:\/\/www.engbers.com\/blog\/1x1-der-pflege\/\">Das 1&#215;1 der Pflege<\/a> <span class=\"excerpt\">Einmal die passenden Basics gefunden, ist es wichtig, die Grundlagen der W\u00e4sche und Pflege zu kennen. Wir verraten Dir, wie Dich Deine Lieblings-Basics m\u00f6glichst lange begleiten. NACH FARBE TRENNEN Wenn eine rote Socke das Lieblings-Shirt rosa f\u00e4rbt \u2013 hatten wir nicht alle schonmal einen \u201eWasch-Unfall\u201c? Damit das kein zweites Mal&hellip; <a class=\"excerpt-more\" href=\"https:\/\/www.engbers.com\/blog\/1x1-der-pflege\/\">\u276f Mehr lesen<\/a><\/span><\/a><div class=\"post-footer\"><div id=\"share-button-holder-10243\" class=\"share-button-holder\">\n            <button id=\"share-btn-10243\" class=\"share-btn\"><i class=\"fas fa-share-alt\"><\/i><\/button>\n            <div class=\"social-media-holder hide\">\n                <a target=\"_blank\" href=\"https:\/\/www.facebook.com\/sharer\/sharer.php?u=https:\/\/www.engbers.com\/blog\/1x1-der-pflege\/\" title=\"Facebook\"><i class='fab fa-facebook-square '><\/i><\/a>\n                <a target=\"_blank\" href=\"https:\/\/www.instagram.com\/engbers.maennermode\/\" title=\"Instagram\"><i class='fab fa-instagram '><\/i><\/a>\n                <a target=\"_blank\" href=\"https:\/\/wa.me\/?text=https:\/\/www.engbers.com\/blog\/1x1-der-pflege\/\" title=\"WhatsApp\"><i class=\"fab fa-whatsapp\"><\/i><\/a>\n                <a target=\"_blank\" href=\"mailto:?subject=Das 1&#215;1 der Pflege&#038;body=https:\/\/www.engbers.com\/blog\/1x1-der-pflege\/\" title=\"E-mail\"><i class=\"far fa-envelope\"><\/i><\/a>\n            <\/div>\n        <\/div> <a class=\"comments-link\" href=\"https:\/\/www.engbers.com\/blog\/1x1-der-pflege\/#comments\"><i class=\"far fa-comment-dots\"><\/i> 1<\/a> <div class=\"post-views-holder\"><div class=\"post-views content-post post-10243 entry-meta load-static\">\r\n\t\t\t\t<span class=\"post-views-icon dashicons dashicons dashicons-visibility\"><\/span> <span class=\"post-views-count\">161<\/span>\r\n\t\t\t<\/div><\/div><\/div><\/div><div class=\"listing-item\"><a href=\"https:\/\/www.engbers.com\/blog\/erweiterung-der-bernhard-bosch-kita\/\" class=\"post-holder-anchor\"><a class=\"image\" href=\"https:\/\/www.engbers.com\/blog\/erweiterung-der-bernhard-bosch-kita\/\"><img loading=\"lazy\" decoding=\"async\" width=\"1600\" height=\"1000\" src=\"https:\/\/www.engbers.com\/blog\/wp-content\/uploads\/2022\/09\/DIE-ERWEITERUNG-DER-BERNHARD-BOSCH-KITA.png\" class=\"attachment-larg size-larg wp-post-image\" alt=\"Titelbild\" srcset=\"https:\/\/www.engbers.com\/blog\/wp-content\/uploads\/2022\/09\/DIE-ERWEITERUNG-DER-BERNHARD-BOSCH-KITA.png 1600w, https:\/\/www.engbers.com\/blog\/wp-content\/uploads\/2022\/09\/DIE-ERWEITERUNG-DER-BERNHARD-BOSCH-KITA-300x188.png 300w, https:\/\/www.engbers.com\/blog\/wp-content\/uploads\/2022\/09\/DIE-ERWEITERUNG-DER-BERNHARD-BOSCH-KITA-1024x640.png 1024w, https:\/\/www.engbers.com\/blog\/wp-content\/uploads\/2022\/09\/DIE-ERWEITERUNG-DER-BERNHARD-BOSCH-KITA-768x480.png 768w, https:\/\/www.engbers.com\/blog\/wp-content\/uploads\/2022\/09\/DIE-ERWEITERUNG-DER-BERNHARD-BOSCH-KITA-1536x960.png 1536w, https:\/\/www.engbers.com\/blog\/wp-content\/uploads\/2022\/09\/DIE-ERWEITERUNG-DER-BERNHARD-BOSCH-KITA-24x15.png 24w, https:\/\/www.engbers.com\/blog\/wp-content\/uploads\/2022\/09\/DIE-ERWEITERUNG-DER-BERNHARD-BOSCH-KITA-36x23.png 36w, https:\/\/www.engbers.com\/blog\/wp-content\/uploads\/2022\/09\/DIE-ERWEITERUNG-DER-BERNHARD-BOSCH-KITA-48x30.png 48w\" sizes=\"(max-width: 1600px) 100vw, 1600px\" \/><\/a>  <span class=\"date\">September 18, 2022<\/span><a class=\"title\" href=\"https:\/\/www.engbers.com\/blog\/erweiterung-der-bernhard-bosch-kita\/\">Erweiterung der Bernhard-Bosch-Kita in Berlin-Marzahn<\/a> <span class=\"excerpt\">Gegr\u00fcndet zum Andenken an Bernhard Bosch und mit dem Ziel, Kindern und Jugendlichen die Chance auf eine bessere Zukunft zu erm\u00f6glichen, konnte die Bernhard-Bosch-Stiftung in den letzten 27 Jahren zahlreiche Projekte ins Leben rufen und unterst\u00fctzen. Hier geht es der Stiftung vor allem um Bildung und Ausbildung, denn diese ist&hellip; <a class=\"excerpt-more\" href=\"https:\/\/www.engbers.com\/blog\/erweiterung-der-bernhard-bosch-kita\/\">\u276f Mehr lesen<\/a><\/span><\/a><div class=\"post-footer\"><div id=\"share-button-holder-9634\" class=\"share-button-holder\">\n            <button id=\"share-btn-9634\" class=\"share-btn\"><i class=\"fas fa-share-alt\"><\/i><\/button>\n            <div class=\"social-media-holder hide\">\n                <a target=\"_blank\" href=\"https:\/\/www.facebook.com\/sharer\/sharer.php?u=https:\/\/www.engbers.com\/blog\/erweiterung-der-bernhard-bosch-kita\/\" title=\"Facebook\"><i class='fab fa-facebook-square '><\/i><\/a>\n                <a target=\"_blank\" href=\"https:\/\/www.instagram.com\/engbers.maennermode\/\" title=\"Instagram\"><i class='fab fa-instagram '><\/i><\/a>\n                <a target=\"_blank\" href=\"https:\/\/wa.me\/?text=https:\/\/www.engbers.com\/blog\/erweiterung-der-bernhard-bosch-kita\/\" title=\"WhatsApp\"><i class=\"fab fa-whatsapp\"><\/i><\/a>\n                <a target=\"_blank\" href=\"mailto:?subject=Erweiterung der Bernhard-Bosch-Kita in Berlin-Marzahn&#038;body=https:\/\/www.engbers.com\/blog\/erweiterung-der-bernhard-bosch-kita\/\" title=\"E-mail\"><i class=\"far fa-envelope\"><\/i><\/a>\n            <\/div>\n        <\/div> <a class=\"comments-link\" href=\"https:\/\/www.engbers.com\/blog\/erweiterung-der-bernhard-bosch-kita\/#respond\"><i class=\"far fa-comment-dots\"><\/i> 0<\/a> <div class=\"post-views-holder\"><div class=\"post-views content-post post-9634 entry-meta load-static\">\r\n\t\t\t\t<span class=\"post-views-icon dashicons dashicons dashicons-visibility\"><\/span> <span class=\"post-views-count\">240<\/span>\r\n\t\t\t<\/div><\/div><\/div><\/div><div class=\"listing-item\"><a href=\"https:\/\/www.engbers.com\/blog\/nachhaltigkeit-als-lebensmotto\/\" class=\"post-holder-anchor\"><a class=\"image\" href=\"https:\/\/www.engbers.com\/blog\/nachhaltigkeit-als-lebensmotto\/\"><img loading=\"lazy\" decoding=\"async\" width=\"1600\" height=\"1000\" src=\"https:\/\/www.engbers.com\/blog\/wp-content\/uploads\/2022\/06\/GASTBEITRAG.png\" class=\"attachment-larg size-larg wp-post-image\" alt=\"Nachhaltigkeit in Beruf und Alltag\" srcset=\"https:\/\/www.engbers.com\/blog\/wp-content\/uploads\/2022\/06\/GASTBEITRAG.png 1600w, https:\/\/www.engbers.com\/blog\/wp-content\/uploads\/2022\/06\/GASTBEITRAG-300x188.png 300w, https:\/\/www.engbers.com\/blog\/wp-content\/uploads\/2022\/06\/GASTBEITRAG-1024x640.png 1024w, https:\/\/www.engbers.com\/blog\/wp-content\/uploads\/2022\/06\/GASTBEITRAG-768x480.png 768w, https:\/\/www.engbers.com\/blog\/wp-content\/uploads\/2022\/06\/GASTBEITRAG-1536x960.png 1536w, https:\/\/www.engbers.com\/blog\/wp-content\/uploads\/2022\/06\/GASTBEITRAG-24x15.png 24w, https:\/\/www.engbers.com\/blog\/wp-content\/uploads\/2022\/06\/GASTBEITRAG-36x23.png 36w, https:\/\/www.engbers.com\/blog\/wp-content\/uploads\/2022\/06\/GASTBEITRAG-48x30.png 48w\" sizes=\"(max-width: 1600px) 100vw, 1600px\" \/><\/a>  <span class=\"date\">August 17, 2022<\/span><a class=\"title\" href=\"https:\/\/www.engbers.com\/blog\/nachhaltigkeit-als-lebensmotto\/\">Nachhaltigkeit als Lebensmotto<\/a> <span class=\"excerpt\">MEHR Meinung. MEHR Mann. Der engbers-Blog ist mehr als nur ein M\u00e4nner-Magazin. Vielmehr ist er eine Plattform f\u00fcr alle Themen, die in einer echten M\u00e4nner-Freundschaft ausgetauscht werden m\u00fcssen. Hier soll nicht nur \u00fcber Mode gesprochen werden, sondern ebenso \u00fcber unsere Hobbys, Interessen und unser Engagement. Daher freuen wir uns ganz&hellip; <a class=\"excerpt-more\" href=\"https:\/\/www.engbers.com\/blog\/nachhaltigkeit-als-lebensmotto\/\">\u276f Mehr lesen<\/a><\/span><\/a><div class=\"post-footer\"><div id=\"share-button-holder-9352\" class=\"share-button-holder\">\n            <button id=\"share-btn-9352\" class=\"share-btn\"><i class=\"fas fa-share-alt\"><\/i><\/button>\n            <div class=\"social-media-holder hide\">\n                <a target=\"_blank\" href=\"https:\/\/www.facebook.com\/sharer\/sharer.php?u=https:\/\/www.engbers.com\/blog\/nachhaltigkeit-als-lebensmotto\/\" title=\"Facebook\"><i class='fab fa-facebook-square '><\/i><\/a>\n                <a target=\"_blank\" href=\"https:\/\/www.instagram.com\/engbers.maennermode\/\" title=\"Instagram\"><i class='fab fa-instagram '><\/i><\/a>\n                <a target=\"_blank\" href=\"https:\/\/wa.me\/?text=https:\/\/www.engbers.com\/blog\/nachhaltigkeit-als-lebensmotto\/\" title=\"WhatsApp\"><i class=\"fab fa-whatsapp\"><\/i><\/a>\n                <a target=\"_blank\" href=\"mailto:?subject=Nachhaltigkeit als Lebensmotto&#038;body=https:\/\/www.engbers.com\/blog\/nachhaltigkeit-als-lebensmotto\/\" title=\"E-mail\"><i class=\"far fa-envelope\"><\/i><\/a>\n            <\/div>\n        <\/div> <a class=\"comments-link\" href=\"https:\/\/www.engbers.com\/blog\/nachhaltigkeit-als-lebensmotto\/#respond\"><i class=\"far fa-comment-dots\"><\/i> 0<\/a> <div class=\"post-views-holder\"><div class=\"post-views content-post post-9352 entry-meta load-static\">\r\n\t\t\t\t<span class=\"post-views-icon dashicons dashicons dashicons-visibility\"><\/span> <span class=\"post-views-count\">248<\/span>\r\n\t\t\t<\/div><\/div><\/div><\/div><div class=\"listing-item\"><a href=\"https:\/\/www.engbers.com\/blog\/platzsparend-kofferpacken\/\" class=\"post-holder-anchor\"><a class=\"image\" href=\"https:\/\/www.engbers.com\/blog\/platzsparend-kofferpacken\/\"><img loading=\"lazy\" decoding=\"async\" width=\"1600\" height=\"1000\" src=\"https:\/\/www.engbers.com\/blog\/wp-content\/uploads\/2022\/07\/PLATZSPAREND-KOFFERPACKEN.png\" class=\"attachment-larg size-larg wp-post-image\" alt=\"Anleitung um platzsparend Koffer zu packen\" srcset=\"https:\/\/www.engbers.com\/blog\/wp-content\/uploads\/2022\/07\/PLATZSPAREND-KOFFERPACKEN.png 1600w, https:\/\/www.engbers.com\/blog\/wp-content\/uploads\/2022\/07\/PLATZSPAREND-KOFFERPACKEN-300x188.png 300w, https:\/\/www.engbers.com\/blog\/wp-content\/uploads\/2022\/07\/PLATZSPAREND-KOFFERPACKEN-1024x640.png 1024w, https:\/\/www.engbers.com\/blog\/wp-content\/uploads\/2022\/07\/PLATZSPAREND-KOFFERPACKEN-768x480.png 768w, https:\/\/www.engbers.com\/blog\/wp-content\/uploads\/2022\/07\/PLATZSPAREND-KOFFERPACKEN-1536x960.png 1536w, https:\/\/www.engbers.com\/blog\/wp-content\/uploads\/2022\/07\/PLATZSPAREND-KOFFERPACKEN-24x15.png 24w, https:\/\/www.engbers.com\/blog\/wp-content\/uploads\/2022\/07\/PLATZSPAREND-KOFFERPACKEN-36x23.png 36w, https:\/\/www.engbers.com\/blog\/wp-content\/uploads\/2022\/07\/PLATZSPAREND-KOFFERPACKEN-48x30.png 48w\" sizes=\"(max-width: 1600px) 100vw, 1600px\" \/><\/a>  <span class=\"date\">Juli 19, 2022<\/span><a class=\"title\" href=\"https:\/\/www.engbers.com\/blog\/platzsparend-kofferpacken\/\">Platzsparend Kofferpacken &#8211; So geht&#8217;s!<\/a> <span class=\"excerpt\">Die letzten Termine und Verpflichtungen hast Du hinter Dich gebracht und die Vorfreude auf den wohlverdienten Urlaub macht sich breit. Das hei\u00dft: Koffer packen! Doch wie so h\u00e4ufig f\u00fcllt sich der Koffer schneller aus gedacht und wir versuchen m\u00fchselig die Kleidung noch mehr zusammenzuquetschen.Wir haben 6 hilfreiche Tipps f\u00fcr Dich,&hellip; <a class=\"excerpt-more\" href=\"https:\/\/www.engbers.com\/blog\/platzsparend-kofferpacken\/\">\u276f Mehr lesen<\/a><\/span><\/a><div class=\"post-footer\"><div id=\"share-button-holder-9466\" class=\"share-button-holder\">\n            <button id=\"share-btn-9466\" class=\"share-btn\"><i class=\"fas fa-share-alt\"><\/i><\/button>\n            <div class=\"social-media-holder hide\">\n                <a target=\"_blank\" href=\"https:\/\/www.facebook.com\/sharer\/sharer.php?u=https:\/\/www.engbers.com\/blog\/platzsparend-kofferpacken\/\" title=\"Facebook\"><i class='fab fa-facebook-square '><\/i><\/a>\n                <a target=\"_blank\" href=\"https:\/\/www.instagram.com\/engbers.maennermode\/\" title=\"Instagram\"><i class='fab fa-instagram '><\/i><\/a>\n                <a target=\"_blank\" href=\"https:\/\/wa.me\/?text=https:\/\/www.engbers.com\/blog\/platzsparend-kofferpacken\/\" title=\"WhatsApp\"><i class=\"fab fa-whatsapp\"><\/i><\/a>\n                <a target=\"_blank\" href=\"mailto:?subject=Platzsparend Kofferpacken &#8211; So geht&#8217;s!&#038;body=https:\/\/www.engbers.com\/blog\/platzsparend-kofferpacken\/\" title=\"E-mail\"><i class=\"far fa-envelope\"><\/i><\/a>\n            <\/div>\n        <\/div> <a class=\"comments-link\" href=\"https:\/\/www.engbers.com\/blog\/platzsparend-kofferpacken\/#comments\"><i class=\"far fa-comment-dots\"><\/i>2<\/a> <div class=\"post-views-holder\"><div class=\"post-views content-post post-9466 entry-meta load-static\">\r\n\t\t\t\t<span class=\"post-views-icon dashicons dashicons dashicons-visibility\"><\/span> <span class=\"post-views-count\">4.210<\/span>\r\n\t\t\t<\/div><\/div><\/div><\/div><div class=\"listing-item\"><a href=\"https:\/\/www.engbers.com\/blog\/einfache-tipps-zum-geld-sparen\/\" class=\"post-holder-anchor\"><a class=\"image\" href=\"https:\/\/www.engbers.com\/blog\/einfache-tipps-zum-geld-sparen\/\"><img loading=\"lazy\" decoding=\"async\" width=\"1600\" height=\"1000\" src=\"https:\/\/www.engbers.com\/blog\/wp-content\/uploads\/2022\/06\/Design-ohne-Titel-53.png\" class=\"attachment-larg size-larg wp-post-image\" alt=\"M\u00fcnzen gestapelt oder in einem Glas\" srcset=\"https:\/\/www.engbers.com\/blog\/wp-content\/uploads\/2022\/06\/Design-ohne-Titel-53.png 1600w, https:\/\/www.engbers.com\/blog\/wp-content\/uploads\/2022\/06\/Design-ohne-Titel-53-300x188.png 300w, https:\/\/www.engbers.com\/blog\/wp-content\/uploads\/2022\/06\/Design-ohne-Titel-53-1024x640.png 1024w, https:\/\/www.engbers.com\/blog\/wp-content\/uploads\/2022\/06\/Design-ohne-Titel-53-768x480.png 768w, https:\/\/www.engbers.com\/blog\/wp-content\/uploads\/2022\/06\/Design-ohne-Titel-53-1536x960.png 1536w, https:\/\/www.engbers.com\/blog\/wp-content\/uploads\/2022\/06\/Design-ohne-Titel-53-24x15.png 24w, https:\/\/www.engbers.com\/blog\/wp-content\/uploads\/2022\/06\/Design-ohne-Titel-53-36x23.png 36w, https:\/\/www.engbers.com\/blog\/wp-content\/uploads\/2022\/06\/Design-ohne-Titel-53-48x30.png 48w\" sizes=\"(max-width: 1600px) 100vw, 1600px\" \/><\/a>  <span class=\"date\">Juni 17, 2022<\/span><a class=\"title\" href=\"https:\/\/www.engbers.com\/blog\/einfache-tipps-zum-geld-sparen\/\">Einfache Tipps zum Geld sparen<\/a> <span class=\"excerpt\">Die Inflation und damit die Lebenshaltungskosten steigen stetig. Du m\u00f6chtest Dir dennoch W\u00fcnsche erf\u00fcllen und Deinen Lebensstandard halten k\u00f6nnen. Im Internet liest Du immer wieder die altbekannten Tipps wie &#8222;Mit dem Fahrrad fahren&#8220;, &#8222;Heizung runterstellen&#8220; oder &#8222;Fahrgemeinschaften bilden&#8220;. Doch wie kannst Du ganz einfach im Alltag Strom, Wasser und Sprit&hellip; <a class=\"excerpt-more\" href=\"https:\/\/www.engbers.com\/blog\/einfache-tipps-zum-geld-sparen\/\">\u276f Mehr lesen<\/a><\/span><\/a><div class=\"post-footer\"><div id=\"share-button-holder-9375\" class=\"share-button-holder\">\n            <button id=\"share-btn-9375\" class=\"share-btn\"><i class=\"fas fa-share-alt\"><\/i><\/button>\n            <div class=\"social-media-holder hide\">\n                <a target=\"_blank\" href=\"https:\/\/www.facebook.com\/sharer\/sharer.php?u=https:\/\/www.engbers.com\/blog\/einfache-tipps-zum-geld-sparen\/\" title=\"Facebook\"><i class='fab fa-facebook-square '><\/i><\/a>\n                <a target=\"_blank\" href=\"https:\/\/www.instagram.com\/engbers.maennermode\/\" title=\"Instagram\"><i class='fab fa-instagram '><\/i><\/a>\n                <a target=\"_blank\" href=\"https:\/\/wa.me\/?text=https:\/\/www.engbers.com\/blog\/einfache-tipps-zum-geld-sparen\/\" title=\"WhatsApp\"><i class=\"fab fa-whatsapp\"><\/i><\/a>\n                <a target=\"_blank\" href=\"mailto:?subject=Einfache Tipps zum Geld sparen&#038;body=https:\/\/www.engbers.com\/blog\/einfache-tipps-zum-geld-sparen\/\" title=\"E-mail\"><i class=\"far fa-envelope\"><\/i><\/a>\n            <\/div>\n        <\/div> <a class=\"comments-link\" href=\"https:\/\/www.engbers.com\/blog\/einfache-tipps-zum-geld-sparen\/#comments\"><i class=\"far fa-comment-dots\"><\/i> 1<\/a> <div class=\"post-views-holder\"><div class=\"post-views content-post post-9375 entry-meta load-static\">\r\n\t\t\t\t<span class=\"post-views-icon dashicons dashicons dashicons-visibility\"><\/span> <span class=\"post-views-count\">1.002<\/span>\r\n\t\t\t<\/div><\/div><\/div><\/div><div class=\"listing-item\"><a href=\"https:\/\/www.engbers.com\/blog\/engbers-kunden-umfrage\/\" class=\"post-holder-anchor\"><a class=\"image\" href=\"https:\/\/www.engbers.com\/blog\/engbers-kunden-umfrage\/\"><img loading=\"lazy\" decoding=\"async\" width=\"1600\" height=\"1000\" src=\"https:\/\/www.engbers.com\/blog\/wp-content\/uploads\/2022\/05\/ENGBERS-KUNDEN-UMFRAGE-1.png\" class=\"attachment-larg size-larg wp-post-image\" alt=\"Kundenumfrage\" srcset=\"https:\/\/www.engbers.com\/blog\/wp-content\/uploads\/2022\/05\/ENGBERS-KUNDEN-UMFRAGE-1.png 1600w, https:\/\/www.engbers.com\/blog\/wp-content\/uploads\/2022\/05\/ENGBERS-KUNDEN-UMFRAGE-1-300x188.png 300w, https:\/\/www.engbers.com\/blog\/wp-content\/uploads\/2022\/05\/ENGBERS-KUNDEN-UMFRAGE-1-1024x640.png 1024w, https:\/\/www.engbers.com\/blog\/wp-content\/uploads\/2022\/05\/ENGBERS-KUNDEN-UMFRAGE-1-768x480.png 768w, https:\/\/www.engbers.com\/blog\/wp-content\/uploads\/2022\/05\/ENGBERS-KUNDEN-UMFRAGE-1-1536x960.png 1536w, https:\/\/www.engbers.com\/blog\/wp-content\/uploads\/2022\/05\/ENGBERS-KUNDEN-UMFRAGE-1-24x15.png 24w, https:\/\/www.engbers.com\/blog\/wp-content\/uploads\/2022\/05\/ENGBERS-KUNDEN-UMFRAGE-1-36x23.png 36w, https:\/\/www.engbers.com\/blog\/wp-content\/uploads\/2022\/05\/ENGBERS-KUNDEN-UMFRAGE-1-48x30.png 48w\" sizes=\"(max-width: 1600px) 100vw, 1600px\" \/><\/a>  <span class=\"date\">Mai 20, 2022<\/span><a class=\"title\" href=\"https:\/\/www.engbers.com\/blog\/engbers-kunden-umfrage\/\">engbers Kunden-Umfrage<\/a> <span class=\"excerpt\">WIR BRAUCHEN DEINE MEINUNG! Wir m\u00f6chte Dir den besten Service bieten und entwickeln uns stetig weiter. Das Feedback unserer Kunden liegt uns sehr am Herzen. Daher bitten wir Dich um Deine Meinung und Teilnahme an der nachfolgenden Umfrage. Die Teilnahme dauert nicht l\u00e4nger als 5 Minuten &#8211; versprochen! Alle Angaben&hellip; <a class=\"excerpt-more\" href=\"https:\/\/www.engbers.com\/blog\/engbers-kunden-umfrage\/\">\u276f Mehr lesen<\/a><\/span><\/a><div class=\"post-footer\"><div id=\"share-button-holder-9154\" class=\"share-button-holder\">\n            <button id=\"share-btn-9154\" class=\"share-btn\"><i class=\"fas fa-share-alt\"><\/i><\/button>\n            <div class=\"social-media-holder hide\">\n                <a target=\"_blank\" href=\"https:\/\/www.facebook.com\/sharer\/sharer.php?u=https:\/\/www.engbers.com\/blog\/engbers-kunden-umfrage\/\" title=\"Facebook\"><i class='fab fa-facebook-square '><\/i><\/a>\n                <a target=\"_blank\" href=\"https:\/\/www.instagram.com\/engbers.maennermode\/\" title=\"Instagram\"><i class='fab fa-instagram '><\/i><\/a>\n                <a target=\"_blank\" href=\"https:\/\/wa.me\/?text=https:\/\/www.engbers.com\/blog\/engbers-kunden-umfrage\/\" title=\"WhatsApp\"><i class=\"fab fa-whatsapp\"><\/i><\/a>\n                <a target=\"_blank\" href=\"mailto:?subject=engbers Kunden-Umfrage&#038;body=https:\/\/www.engbers.com\/blog\/engbers-kunden-umfrage\/\" title=\"E-mail\"><i class=\"far fa-envelope\"><\/i><\/a>\n            <\/div>\n        <\/div> <a class=\"comments-link\" href=\"https:\/\/www.engbers.com\/blog\/engbers-kunden-umfrage\/#comments\"><i class=\"far fa-comment-dots\"><\/i>5<\/a> <div class=\"post-views-holder\"><div class=\"post-views content-post post-9154 entry-meta load-static\">\r\n\t\t\t\t<span class=\"post-views-icon dashicons dashicons dashicons-visibility\"><\/span> <span class=\"post-views-count\">332<\/span>\r\n\t\t\t<\/div><\/div><\/div><\/div><div class=\"listing-item\"><a href=\"https:\/\/www.engbers.com\/blog\/die-spaet-gefundene-leidenschaft-des-schauspielerns\/\" class=\"post-holder-anchor\"><a class=\"image\" href=\"https:\/\/www.engbers.com\/blog\/die-spaet-gefundene-leidenschaft-des-schauspielerns\/\"><img loading=\"lazy\" decoding=\"async\" width=\"1600\" height=\"1000\" src=\"https:\/\/www.engbers.com\/blog\/wp-content\/uploads\/2022\/04\/Design-ohne-Titel-12-1.png\" class=\"attachment-larg size-larg wp-post-image\" alt=\"Fr\u00e4nzi Luft\" srcset=\"https:\/\/www.engbers.com\/blog\/wp-content\/uploads\/2022\/04\/Design-ohne-Titel-12-1.png 1600w, https:\/\/www.engbers.com\/blog\/wp-content\/uploads\/2022\/04\/Design-ohne-Titel-12-1-300x188.png 300w, https:\/\/www.engbers.com\/blog\/wp-content\/uploads\/2022\/04\/Design-ohne-Titel-12-1-1024x640.png 1024w, https:\/\/www.engbers.com\/blog\/wp-content\/uploads\/2022\/04\/Design-ohne-Titel-12-1-768x480.png 768w, https:\/\/www.engbers.com\/blog\/wp-content\/uploads\/2022\/04\/Design-ohne-Titel-12-1-1536x960.png 1536w, https:\/\/www.engbers.com\/blog\/wp-content\/uploads\/2022\/04\/Design-ohne-Titel-12-1-24x15.png 24w, https:\/\/www.engbers.com\/blog\/wp-content\/uploads\/2022\/04\/Design-ohne-Titel-12-1-36x23.png 36w, https:\/\/www.engbers.com\/blog\/wp-content\/uploads\/2022\/04\/Design-ohne-Titel-12-1-48x30.png 48w\" sizes=\"(max-width: 1600px) 100vw, 1600px\" \/><\/a>  <span class=\"date\">April 28, 2022<\/span><a class=\"title\" href=\"https:\/\/www.engbers.com\/blog\/die-spaet-gefundene-leidenschaft-des-schauspielerns\/\">Die sp\u00e4t gefundene Leidenschaft des Schauspielerns<\/a> <span class=\"excerpt\">MEHR Meinung. MEHR Mann.Der engbers-Blog ist mehr als nur ein M\u00e4nner-Magazin. Vielmehr ist er eine Plattform f\u00fcr alle Themen, die in einer echten M\u00e4nner-Freundschaft ausgetauscht werden m\u00fcssen. Hier soll nicht nur \u00fcber Mode gesprochen werden, sondern ebenso \u00fcber unsere Hobbys, Interessen und unser Engagement. Daher freuen wir uns ganz besonders&hellip; <a class=\"excerpt-more\" href=\"https:\/\/www.engbers.com\/blog\/die-spaet-gefundene-leidenschaft-des-schauspielerns\/\">\u276f Mehr lesen<\/a><\/span><\/a><div class=\"post-footer\"><div id=\"share-button-holder-8866\" class=\"share-button-holder\">\n            <button id=\"share-btn-8866\" class=\"share-btn\"><i class=\"fas fa-share-alt\"><\/i><\/button>\n            <div class=\"social-media-holder hide\">\n                <a target=\"_blank\" href=\"https:\/\/www.facebook.com\/sharer\/sharer.php?u=https:\/\/www.engbers.com\/blog\/die-spaet-gefundene-leidenschaft-des-schauspielerns\/\" title=\"Facebook\"><i class='fab fa-facebook-square '><\/i><\/a>\n                <a target=\"_blank\" href=\"https:\/\/www.instagram.com\/engbers.maennermode\/\" title=\"Instagram\"><i class='fab fa-instagram '><\/i><\/a>\n                <a target=\"_blank\" href=\"https:\/\/wa.me\/?text=https:\/\/www.engbers.com\/blog\/die-spaet-gefundene-leidenschaft-des-schauspielerns\/\" title=\"WhatsApp\"><i class=\"fab fa-whatsapp\"><\/i><\/a>\n                <a target=\"_blank\" href=\"mailto:?subject=Die sp\u00e4t gefundene Leidenschaft des Schauspielerns&#038;body=https:\/\/www.engbers.com\/blog\/die-spaet-gefundene-leidenschaft-des-schauspielerns\/\" title=\"E-mail\"><i class=\"far fa-envelope\"><\/i><\/a>\n            <\/div>\n        <\/div> <a class=\"comments-link\" href=\"https:\/\/www.engbers.com\/blog\/die-spaet-gefundene-leidenschaft-des-schauspielerns\/#respond\"><i class=\"far fa-comment-dots\"><\/i> 0<\/a> <div class=\"post-views-holder\"><div class=\"post-views content-post post-8866 entry-meta load-static\">\r\n\t\t\t\t<span class=\"post-views-icon dashicons dashicons dashicons-visibility\"><\/span> <span class=\"post-views-count\">208<\/span>\r\n\t\t\t<\/div><\/div><\/div><\/div><div class=\"listing-item\"><a href=\"https:\/\/www.engbers.com\/blog\/mit-engbers-um-die-welt\/\" class=\"post-holder-anchor\"><a class=\"image\" href=\"https:\/\/www.engbers.com\/blog\/mit-engbers-um-die-welt\/\"><img loading=\"lazy\" decoding=\"async\" width=\"1600\" height=\"1000\" src=\"https:\/\/www.engbers.com\/blog\/wp-content\/uploads\/2022\/02\/MIT-ENGBERS-UM-DIE-WELT.png\" class=\"attachment-larg size-larg wp-post-image\" alt=\"Gastbeitrag Hans J\u00fcrgen Schlug\" srcset=\"https:\/\/www.engbers.com\/blog\/wp-content\/uploads\/2022\/02\/MIT-ENGBERS-UM-DIE-WELT.png 1600w, https:\/\/www.engbers.com\/blog\/wp-content\/uploads\/2022\/02\/MIT-ENGBERS-UM-DIE-WELT-300x188.png 300w, https:\/\/www.engbers.com\/blog\/wp-content\/uploads\/2022\/02\/MIT-ENGBERS-UM-DIE-WELT-1024x640.png 1024w, https:\/\/www.engbers.com\/blog\/wp-content\/uploads\/2022\/02\/MIT-ENGBERS-UM-DIE-WELT-768x480.png 768w, https:\/\/www.engbers.com\/blog\/wp-content\/uploads\/2022\/02\/MIT-ENGBERS-UM-DIE-WELT-1536x960.png 1536w, https:\/\/www.engbers.com\/blog\/wp-content\/uploads\/2022\/02\/MIT-ENGBERS-UM-DIE-WELT-24x15.png 24w, https:\/\/www.engbers.com\/blog\/wp-content\/uploads\/2022\/02\/MIT-ENGBERS-UM-DIE-WELT-36x23.png 36w, https:\/\/www.engbers.com\/blog\/wp-content\/uploads\/2022\/02\/MIT-ENGBERS-UM-DIE-WELT-48x30.png 48w\" sizes=\"(max-width: 1600px) 100vw, 1600px\" \/><\/a>  <span class=\"date\">Februar 16, 2022<\/span><a class=\"title\" href=\"https:\/\/www.engbers.com\/blog\/mit-engbers-um-die-welt\/\">Mit engbers um die Welt &#8211; Das Leben als Diplomat<\/a> <span class=\"excerpt\">MEHR Meinung. MEHR Mann. Der engbers-Blog ist mehr als nur ein M\u00e4nner-Magazin. Vielmehr ist er eine Plattform f\u00fcr alle Themen, die in einer echten M\u00e4nner-Freundschaft ausgetauscht werden m\u00fcssen. Hier soll nicht nur \u00fcber Mode gesprochen werden, sondern ebenso \u00fcber unsere Hobbys, Interessen und unser Engagement. Daher freuen wir uns ganz&hellip; <a class=\"excerpt-more\" href=\"https:\/\/www.engbers.com\/blog\/mit-engbers-um-die-welt\/\">\u276f Mehr lesen<\/a><\/span><\/a><div class=\"post-footer\"><div id=\"share-button-holder-8303\" class=\"share-button-holder\">\n            <button id=\"share-btn-8303\" class=\"share-btn\"><i class=\"fas fa-share-alt\"><\/i><\/button>\n            <div class=\"social-media-holder hide\">\n                <a target=\"_blank\" href=\"https:\/\/www.facebook.com\/sharer\/sharer.php?u=https:\/\/www.engbers.com\/blog\/mit-engbers-um-die-welt\/\" title=\"Facebook\"><i class='fab fa-facebook-square '><\/i><\/a>\n                <a target=\"_blank\" href=\"https:\/\/www.instagram.com\/engbers.maennermode\/\" title=\"Instagram\"><i class='fab fa-instagram '><\/i><\/a>\n                <a target=\"_blank\" href=\"https:\/\/wa.me\/?text=https:\/\/www.engbers.com\/blog\/mit-engbers-um-die-welt\/\" title=\"WhatsApp\"><i class=\"fab fa-whatsapp\"><\/i><\/a>\n                <a target=\"_blank\" href=\"mailto:?subject=Mit engbers um die Welt &#8211; Das Leben als Diplomat&#038;body=https:\/\/www.engbers.com\/blog\/mit-engbers-um-die-welt\/\" title=\"E-mail\"><i class=\"far fa-envelope\"><\/i><\/a>\n            <\/div>\n        <\/div> <a class=\"comments-link\" href=\"https:\/\/www.engbers.com\/blog\/mit-engbers-um-die-welt\/#respond\"><i class=\"far fa-comment-dots\"><\/i> 0<\/a> <div class=\"post-views-holder\"><div class=\"post-views content-post post-8303 entry-meta load-static\">\r\n\t\t\t\t<span class=\"post-views-icon dashicons dashicons dashicons-visibility\"><\/span> <span class=\"post-views-count\">260<\/span>\r\n\t\t\t<\/div><\/div><\/div><\/div><div class=\"listing-item\"><a href=\"https:\/\/www.engbers.com\/blog\/club-der-blauen-helme\/\" class=\"post-holder-anchor\"><a class=\"image\" href=\"https:\/\/www.engbers.com\/blog\/club-der-blauen-helme\/\"><img loading=\"lazy\" decoding=\"async\" width=\"1600\" height=\"1000\" src=\"https:\/\/www.engbers.com\/blog\/wp-content\/uploads\/2021\/09\/Design-ohne-Titel-1.png\" class=\"attachment-larg size-larg wp-post-image\" alt=\"\" srcset=\"https:\/\/www.engbers.com\/blog\/wp-content\/uploads\/2021\/09\/Design-ohne-Titel-1.png 1600w, https:\/\/www.engbers.com\/blog\/wp-content\/uploads\/2021\/09\/Design-ohne-Titel-1-300x188.png 300w, https:\/\/www.engbers.com\/blog\/wp-content\/uploads\/2021\/09\/Design-ohne-Titel-1-1024x640.png 1024w, https:\/\/www.engbers.com\/blog\/wp-content\/uploads\/2021\/09\/Design-ohne-Titel-1-768x480.png 768w, https:\/\/www.engbers.com\/blog\/wp-content\/uploads\/2021\/09\/Design-ohne-Titel-1-1536x960.png 1536w, https:\/\/www.engbers.com\/blog\/wp-content\/uploads\/2021\/09\/Design-ohne-Titel-1-24x15.png 24w, https:\/\/www.engbers.com\/blog\/wp-content\/uploads\/2021\/09\/Design-ohne-Titel-1-36x23.png 36w, https:\/\/www.engbers.com\/blog\/wp-content\/uploads\/2021\/09\/Design-ohne-Titel-1-48x30.png 48w\" sizes=\"(max-width: 1600px) 100vw, 1600px\" \/><\/a>  <span class=\"date\">Oktober 5, 2021<\/span><a class=\"title\" href=\"https:\/\/www.engbers.com\/blog\/club-der-blauen-helme\/\">Club der blauen Helme: In Feuerwehr-Montur f\u00fcr den guten Zweck<\/a> <span class=\"excerpt\">MEHR Meinung. MEHR Mann. Der engbers-Blog ist mehr als nur ein M\u00e4nner-Magazin. Vielmehr ist er eine Plattform f\u00fcr alle Themen, die in einer echten M\u00e4nner-Freundschaft ausgetauscht werden m\u00fcssen. Hier soll nicht nur \u00fcber Mode gesprochen werden, sondern ebenso \u00fcber unsere Hobbys, Interessen und unser Engagement. Daher freuen wir uns besonders,&hellip; <a class=\"excerpt-more\" href=\"https:\/\/www.engbers.com\/blog\/club-der-blauen-helme\/\">\u276f Mehr lesen<\/a><\/span><\/a><div class=\"post-footer\"><div id=\"share-button-holder-7668\" class=\"share-button-holder\">\n            <button id=\"share-btn-7668\" class=\"share-btn\"><i class=\"fas fa-share-alt\"><\/i><\/button>\n            <div class=\"social-media-holder hide\">\n                <a target=\"_blank\" href=\"https:\/\/www.facebook.com\/sharer\/sharer.php?u=https:\/\/www.engbers.com\/blog\/club-der-blauen-helme\/\" title=\"Facebook\"><i class='fab fa-facebook-square '><\/i><\/a>\n                <a target=\"_blank\" href=\"https:\/\/www.instagram.com\/engbers.maennermode\/\" title=\"Instagram\"><i class='fab fa-instagram '><\/i><\/a>\n                <a target=\"_blank\" href=\"https:\/\/wa.me\/?text=https:\/\/www.engbers.com\/blog\/club-der-blauen-helme\/\" title=\"WhatsApp\"><i class=\"fab fa-whatsapp\"><\/i><\/a>\n                <a target=\"_blank\" href=\"mailto:?subject=Club der blauen Helme: In Feuerwehr-Montur f\u00fcr den guten Zweck&#038;body=https:\/\/www.engbers.com\/blog\/club-der-blauen-helme\/\" title=\"E-mail\"><i class=\"far fa-envelope\"><\/i><\/a>\n            <\/div>\n        <\/div> <a class=\"comments-link\" href=\"https:\/\/www.engbers.com\/blog\/club-der-blauen-helme\/#respond\"><i class=\"far fa-comment-dots\"><\/i> 0<\/a> <div class=\"post-views-holder\"><div class=\"post-views content-post post-7668 entry-meta load-static\">\r\n\t\t\t\t<span class=\"post-views-icon dashicons dashicons dashicons-visibility\"><\/span> <span class=\"post-views-count\">439<\/span>\r\n\t\t\t<\/div><\/div><\/div><\/div><div class=\"listing-item\"><a href=\"https:\/\/www.engbers.com\/blog\/eis-rezepte\/\" class=\"post-holder-anchor\"><a class=\"image\" href=\"https:\/\/www.engbers.com\/blog\/eis-rezepte\/\"><img loading=\"lazy\" decoding=\"async\" width=\"1600\" height=\"1000\" src=\"https:\/\/www.engbers.com\/blog\/wp-content\/uploads\/2021\/06\/Eis_herstellen.jpg\" class=\"attachment-larg size-larg wp-post-image\" alt=\"\" srcset=\"https:\/\/www.engbers.com\/blog\/wp-content\/uploads\/2021\/06\/Eis_herstellen.jpg 1600w, https:\/\/www.engbers.com\/blog\/wp-content\/uploads\/2021\/06\/Eis_herstellen-300x188.jpg 300w, https:\/\/www.engbers.com\/blog\/wp-content\/uploads\/2021\/06\/Eis_herstellen-1024x640.jpg 1024w, https:\/\/www.engbers.com\/blog\/wp-content\/uploads\/2021\/06\/Eis_herstellen-768x480.jpg 768w, https:\/\/www.engbers.com\/blog\/wp-content\/uploads\/2021\/06\/Eis_herstellen-1536x960.jpg 1536w, https:\/\/www.engbers.com\/blog\/wp-content\/uploads\/2021\/06\/Eis_herstellen-24x15.jpg 24w, https:\/\/www.engbers.com\/blog\/wp-content\/uploads\/2021\/06\/Eis_herstellen-36x23.jpg 36w, https:\/\/www.engbers.com\/blog\/wp-content\/uploads\/2021\/06\/Eis_herstellen-48x30.jpg 48w\" sizes=\"(max-width: 1600px) 100vw, 1600px\" \/><\/a>  <span class=\"date\">Juli 15, 2021<\/span><a class=\"title\" href=\"https:\/\/www.engbers.com\/blog\/eis-rezepte\/\">Eis herstellen ohne Eismaschine? &#8211; So geht&#8217;s!<\/a> <span class=\"excerpt\">DIY-Eisrezepte f\u00fcr den Sommer Was gibt es im Sommer besseres als ein leckeres, cremiges Eis? Doch die Schlange bei der Eisdiele ist lang und das Eisfach Zuhause gibt auch nicht viel her. Wir zeigen Dir, wie Du ganz einfach und mit wenigen Zutaten Dein eigenes Eis herstellst &#8211; ganz ohne&hellip; <a class=\"excerpt-more\" href=\"https:\/\/www.engbers.com\/blog\/eis-rezepte\/\">\u276f Mehr lesen<\/a><\/span><\/a><div class=\"post-footer\"><div id=\"share-button-holder-7226\" class=\"share-button-holder\">\n            <button id=\"share-btn-7226\" class=\"share-btn\"><i class=\"fas fa-share-alt\"><\/i><\/button>\n            <div class=\"social-media-holder hide\">\n                <a target=\"_blank\" href=\"https:\/\/www.facebook.com\/sharer\/sharer.php?u=https:\/\/www.engbers.com\/blog\/eis-rezepte\/\" title=\"Facebook\"><i class='fab fa-facebook-square '><\/i><\/a>\n                <a target=\"_blank\" href=\"https:\/\/www.instagram.com\/engbers.maennermode\/\" title=\"Instagram\"><i class='fab fa-instagram '><\/i><\/a>\n                <a target=\"_blank\" href=\"https:\/\/wa.me\/?text=https:\/\/www.engbers.com\/blog\/eis-rezepte\/\" title=\"WhatsApp\"><i class=\"fab fa-whatsapp\"><\/i><\/a>\n                <a target=\"_blank\" href=\"mailto:?subject=Eis herstellen ohne Eismaschine? &#8211; So geht&#8217;s!&#038;body=https:\/\/www.engbers.com\/blog\/eis-rezepte\/\" title=\"E-mail\"><i class=\"far fa-envelope\"><\/i><\/a>\n            <\/div>\n        <\/div> <a class=\"comments-link\" href=\"https:\/\/www.engbers.com\/blog\/eis-rezepte\/#respond\"><i class=\"far fa-comment-dots\"><\/i> 0<\/a> <div class=\"post-views-holder\"><div class=\"post-views content-post post-7226 entry-meta load-static\">\r\n\t\t\t\t<span class=\"post-views-icon dashicons dashicons dashicons-visibility\"><\/span> <span class=\"post-views-count\">950<\/span>\r\n\t\t\t<\/div><\/div><\/div><\/div><div class=\"listing-item\"><a href=\"https:\/\/www.engbers.com\/blog\/cocktail-rezepte\/\" class=\"post-holder-anchor\"><a class=\"image\" href=\"https:\/\/www.engbers.com\/blog\/cocktail-rezepte\/\"><img loading=\"lazy\" decoding=\"async\" width=\"1600\" height=\"1000\" src=\"https:\/\/www.engbers.com\/blog\/wp-content\/uploads\/2021\/07\/Blogbeitrag_Cocktails_Titelbild_1600x1000.jpg\" class=\"attachment-larg size-larg wp-post-image\" alt=\"\" srcset=\"https:\/\/www.engbers.com\/blog\/wp-content\/uploads\/2021\/07\/Blogbeitrag_Cocktails_Titelbild_1600x1000.jpg 1600w, https:\/\/www.engbers.com\/blog\/wp-content\/uploads\/2021\/07\/Blogbeitrag_Cocktails_Titelbild_1600x1000-300x188.jpg 300w, https:\/\/www.engbers.com\/blog\/wp-content\/uploads\/2021\/07\/Blogbeitrag_Cocktails_Titelbild_1600x1000-1024x640.jpg 1024w, https:\/\/www.engbers.com\/blog\/wp-content\/uploads\/2021\/07\/Blogbeitrag_Cocktails_Titelbild_1600x1000-768x480.jpg 768w, https:\/\/www.engbers.com\/blog\/wp-content\/uploads\/2021\/07\/Blogbeitrag_Cocktails_Titelbild_1600x1000-1536x960.jpg 1536w, https:\/\/www.engbers.com\/blog\/wp-content\/uploads\/2021\/07\/Blogbeitrag_Cocktails_Titelbild_1600x1000-24x15.jpg 24w, https:\/\/www.engbers.com\/blog\/wp-content\/uploads\/2021\/07\/Blogbeitrag_Cocktails_Titelbild_1600x1000-36x23.jpg 36w, https:\/\/www.engbers.com\/blog\/wp-content\/uploads\/2021\/07\/Blogbeitrag_Cocktails_Titelbild_1600x1000-48x30.jpg 48w\" sizes=\"(max-width: 1600px) 100vw, 1600px\" \/><\/a>  <span class=\"date\">Juli 11, 2021<\/span><a class=\"title\" href=\"https:\/\/www.engbers.com\/blog\/cocktail-rezepte\/\">Einfache Cocktail-Rezepte, die nach Sommer schmecken<\/a> <span class=\"excerpt\">Ob beim gem\u00fctlichen Abend mit Freunden oder zur kleinen Summer-Party, Cocktails verbreiten im Sommer richtigen Urlaubsflair und sind super lecker! Doch selbst gemixt schmeckt es noch am besten. Vom au\u00dfergew\u00f6hnlichen Bier-Cocktail bis zum klassischen Mojito &#8211; wir haben f\u00fcr Dich die besten Cocktail-Rezepte mit Alkohol und ohne Alkohol rausgesucht. Die&hellip; <a class=\"excerpt-more\" href=\"https:\/\/www.engbers.com\/blog\/cocktail-rezepte\/\">\u276f Mehr lesen<\/a><\/span><\/a><div class=\"post-footer\"><div id=\"share-button-holder-7258\" class=\"share-button-holder\">\n            <button id=\"share-btn-7258\" class=\"share-btn\"><i class=\"fas fa-share-alt\"><\/i><\/button>\n            <div class=\"social-media-holder hide\">\n                <a target=\"_blank\" href=\"https:\/\/www.facebook.com\/sharer\/sharer.php?u=https:\/\/www.engbers.com\/blog\/cocktail-rezepte\/\" title=\"Facebook\"><i class='fab fa-facebook-square '><\/i><\/a>\n                <a target=\"_blank\" href=\"https:\/\/www.instagram.com\/engbers.maennermode\/\" title=\"Instagram\"><i class='fab fa-instagram '><\/i><\/a>\n                <a target=\"_blank\" href=\"https:\/\/wa.me\/?text=https:\/\/www.engbers.com\/blog\/cocktail-rezepte\/\" title=\"WhatsApp\"><i class=\"fab fa-whatsapp\"><\/i><\/a>\n                <a target=\"_blank\" href=\"mailto:?subject=Einfache Cocktail-Rezepte, die nach Sommer schmecken&#038;body=https:\/\/www.engbers.com\/blog\/cocktail-rezepte\/\" title=\"E-mail\"><i class=\"far fa-envelope\"><\/i><\/a>\n            <\/div>\n        <\/div> <a class=\"comments-link\" href=\"https:\/\/www.engbers.com\/blog\/cocktail-rezepte\/#respond\"><i class=\"far fa-comment-dots\"><\/i> 0<\/a> <div class=\"post-views-holder\"><div class=\"post-views content-post post-7258 entry-meta load-static\">\r\n\t\t\t\t<span class=\"post-views-icon dashicons dashicons dashicons-visibility\"><\/span> <span class=\"post-views-count\">383<\/span>\r\n\t\t\t<\/div><\/div><\/div><\/div><div class=\"listing-item\"><a href=\"https:\/\/www.engbers.com\/blog\/phishing-mails-im-namen-von-engbers\/\" class=\"post-holder-anchor\"><a class=\"image\" href=\"https:\/\/www.engbers.com\/blog\/phishing-mails-im-namen-von-engbers\/\"><img loading=\"lazy\" decoding=\"async\" width=\"1600\" height=\"1000\" src=\"https:\/\/www.engbers.com\/blog\/wp-content\/uploads\/2020\/12\/Design-ohne-Titel-96.png\" class=\"attachment-larg size-larg wp-post-image\" alt=\"Spam Warnung\" srcset=\"https:\/\/www.engbers.com\/blog\/wp-content\/uploads\/2020\/12\/Design-ohne-Titel-96.png 1600w, https:\/\/www.engbers.com\/blog\/wp-content\/uploads\/2020\/12\/Design-ohne-Titel-96-300x188.png 300w, https:\/\/www.engbers.com\/blog\/wp-content\/uploads\/2020\/12\/Design-ohne-Titel-96-1024x640.png 1024w, https:\/\/www.engbers.com\/blog\/wp-content\/uploads\/2020\/12\/Design-ohne-Titel-96-768x480.png 768w, https:\/\/www.engbers.com\/blog\/wp-content\/uploads\/2020\/12\/Design-ohne-Titel-96-1536x960.png 1536w, https:\/\/www.engbers.com\/blog\/wp-content\/uploads\/2020\/12\/Design-ohne-Titel-96-24x15.png 24w, https:\/\/www.engbers.com\/blog\/wp-content\/uploads\/2020\/12\/Design-ohne-Titel-96-36x23.png 36w, https:\/\/www.engbers.com\/blog\/wp-content\/uploads\/2020\/12\/Design-ohne-Titel-96-48x30.png 48w\" sizes=\"(max-width: 1600px) 100vw, 1600px\" \/><\/a>  <span class=\"date\">Dezember 10, 2020<\/span><a class=\"title\" href=\"https:\/\/www.engbers.com\/blog\/phishing-mails-im-namen-von-engbers\/\">Phishing-Mails im Namen von engbers<\/a> <span class=\"excerpt\">Leider sind derzeit sogenannte Phishing-Mails im Umlauf, die f\u00e4lschlicherweise im Namen unseres Unternehmens versendet wurden. Hierbei handelt es sich inhaltlich um die Nutzung unseres Newsletters mit einem vermeintlichen Gewinnspielabbinder von GMX. Wir bedauern sehr, dass du m\u00f6glicherweise diese Phishing-Mail erhalten hast &#8211; die E-Mail stammt nicht aus unserem Unternehmensverteiler! Das&hellip; <a class=\"excerpt-more\" href=\"https:\/\/www.engbers.com\/blog\/phishing-mails-im-namen-von-engbers\/\">\u276f Mehr lesen<\/a><\/span><\/a><div class=\"post-footer\"><div id=\"share-button-holder-5458\" class=\"share-button-holder\">\n            <button id=\"share-btn-5458\" class=\"share-btn\"><i class=\"fas fa-share-alt\"><\/i><\/button>\n            <div class=\"social-media-holder hide\">\n                <a target=\"_blank\" href=\"https:\/\/www.facebook.com\/sharer\/sharer.php?u=https:\/\/www.engbers.com\/blog\/phishing-mails-im-namen-von-engbers\/\" title=\"Facebook\"><i class='fab fa-facebook-square '><\/i><\/a>\n                <a target=\"_blank\" href=\"https:\/\/www.instagram.com\/engbers.maennermode\/\" title=\"Instagram\"><i class='fab fa-instagram '><\/i><\/a>\n                <a target=\"_blank\" href=\"https:\/\/wa.me\/?text=https:\/\/www.engbers.com\/blog\/phishing-mails-im-namen-von-engbers\/\" title=\"WhatsApp\"><i class=\"fab fa-whatsapp\"><\/i><\/a>\n                <a target=\"_blank\" href=\"mailto:?subject=Phishing-Mails im Namen von engbers&#038;body=https:\/\/www.engbers.com\/blog\/phishing-mails-im-namen-von-engbers\/\" title=\"E-mail\"><i class=\"far fa-envelope\"><\/i><\/a>\n            <\/div>\n        <\/div> <a class=\"comments-link\" href=\"https:\/\/www.engbers.com\/blog\/phishing-mails-im-namen-von-engbers\/#respond\"><i class=\"far fa-comment-dots\"><\/i> 0<\/a> <div class=\"post-views-holder\"><div class=\"post-views content-post post-5458 entry-meta load-static\">\r\n\t\t\t\t<span class=\"post-views-icon dashicons dashicons dashicons-visibility\"><\/span> <span class=\"post-views-count\">348<\/span>\r\n\t\t\t<\/div><\/div><\/div><\/div><div class=\"listing-item\"><a href=\"https:\/\/www.engbers.com\/blog\/das-engbers-lager-findet-ein-neues-zuhause\/\" class=\"post-holder-anchor\"><a class=\"image\" href=\"https:\/\/www.engbers.com\/blog\/das-engbers-lager-findet-ein-neues-zuhause\/\"><img loading=\"lazy\" decoding=\"async\" width=\"590\" height=\"333\" src=\"https:\/\/www.engbers.com\/blog\/wp-content\/uploads\/2020\/09\/Janus-Logistics.jpg\" class=\"attachment-larg size-larg wp-post-image\" alt=\"\" srcset=\"https:\/\/www.engbers.com\/blog\/wp-content\/uploads\/2020\/09\/Janus-Logistics.jpg 590w, https:\/\/www.engbers.com\/blog\/wp-content\/uploads\/2020\/09\/Janus-Logistics-300x169.jpg 300w, https:\/\/www.engbers.com\/blog\/wp-content\/uploads\/2020\/09\/Janus-Logistics-24x14.jpg 24w, https:\/\/www.engbers.com\/blog\/wp-content\/uploads\/2020\/09\/Janus-Logistics-36x20.jpg 36w, https:\/\/www.engbers.com\/blog\/wp-content\/uploads\/2020\/09\/Janus-Logistics-48x27.jpg 48w\" sizes=\"(max-width: 590px) 100vw, 590px\" \/><\/a>  <span class=\"date\">Oktober 1, 2020<\/span><a class=\"title\" href=\"https:\/\/www.engbers.com\/blog\/das-engbers-lager-findet-ein-neues-zuhause\/\">Das Engbers Lager findet ein neues Zuhause<\/a> <span class=\"excerpt\">Seit dem 1. Juli 2020 l\u00e4uft die gesamte Logistik der Engbers GmbH &amp; Co KG \u00fcber das Unternehmen Janus Logistics GmbH. Zuvor wurde dies von einem externen Dienstleister \u00fcbernommen. Der Nachteil daran: Die Artikel mussten oft umgelagert werden, was zus\u00e4tzliche Versandwege bedeutete. Dies sollte, auch im Sinne der Nachhaltigkeit, optimiert&hellip; <a class=\"excerpt-more\" href=\"https:\/\/www.engbers.com\/blog\/das-engbers-lager-findet-ein-neues-zuhause\/\">\u276f Mehr lesen<\/a><\/span><\/a><div class=\"post-footer\"><div id=\"share-button-holder-4661\" class=\"share-button-holder\">\n            <button id=\"share-btn-4661\" class=\"share-btn\"><i class=\"fas fa-share-alt\"><\/i><\/button>\n            <div class=\"social-media-holder hide\">\n                <a target=\"_blank\" href=\"https:\/\/www.facebook.com\/sharer\/sharer.php?u=https:\/\/www.engbers.com\/blog\/das-engbers-lager-findet-ein-neues-zuhause\/\" title=\"Facebook\"><i class='fab fa-facebook-square '><\/i><\/a>\n                <a target=\"_blank\" href=\"https:\/\/www.instagram.com\/engbers.maennermode\/\" title=\"Instagram\"><i class='fab fa-instagram '><\/i><\/a>\n                <a target=\"_blank\" href=\"https:\/\/wa.me\/?text=https:\/\/www.engbers.com\/blog\/das-engbers-lager-findet-ein-neues-zuhause\/\" title=\"WhatsApp\"><i class=\"fab fa-whatsapp\"><\/i><\/a>\n                <a target=\"_blank\" href=\"mailto:?subject=Das Engbers Lager findet ein neues Zuhause&#038;body=https:\/\/www.engbers.com\/blog\/das-engbers-lager-findet-ein-neues-zuhause\/\" title=\"E-mail\"><i class=\"far fa-envelope\"><\/i><\/a>\n            <\/div>\n        <\/div> <a class=\"comments-link\" href=\"https:\/\/www.engbers.com\/blog\/das-engbers-lager-findet-ein-neues-zuhause\/#comments\"><i class=\"far fa-comment-dots\"><\/i>2<\/a> <div class=\"post-views-holder\"><div class=\"post-views content-post post-4661 entry-meta load-static\">\r\n\t\t\t\t<span class=\"post-views-icon dashicons dashicons dashicons-visibility\"><\/span> <span class=\"post-views-count\">1.294<\/span>\r\n\t\t\t<\/div><\/div><\/div><\/div><div class=\"listing-item\"><a href=\"https:\/\/www.engbers.com\/blog\/das-engbers-modelexikon\/\" class=\"post-holder-anchor\"><a class=\"image\" href=\"https:\/\/www.engbers.com\/blog\/das-engbers-modelexikon\/\"><img loading=\"lazy\" decoding=\"async\" width=\"1536\" height=\"960\" src=\"https:\/\/www.engbers.com\/blog\/wp-content\/uploads\/2020\/07\/Design-ohne-Titel-1.png\" class=\"attachment-larg size-larg wp-post-image\" alt=\"\" srcset=\"https:\/\/www.engbers.com\/blog\/wp-content\/uploads\/2020\/07\/Design-ohne-Titel-1.png 1536w, https:\/\/www.engbers.com\/blog\/wp-content\/uploads\/2020\/07\/Design-ohne-Titel-1-300x188.png 300w, https:\/\/www.engbers.com\/blog\/wp-content\/uploads\/2020\/07\/Design-ohne-Titel-1-1024x640.png 1024w, https:\/\/www.engbers.com\/blog\/wp-content\/uploads\/2020\/07\/Design-ohne-Titel-1-768x480.png 768w, https:\/\/www.engbers.com\/blog\/wp-content\/uploads\/2020\/07\/Design-ohne-Titel-1-24x15.png 24w, https:\/\/www.engbers.com\/blog\/wp-content\/uploads\/2020\/07\/Design-ohne-Titel-1-36x23.png 36w, https:\/\/www.engbers.com\/blog\/wp-content\/uploads\/2020\/07\/Design-ohne-Titel-1-48x30.png 48w\" sizes=\"(max-width: 1536px) 100vw, 1536px\" \/><\/a>  <span class=\"date\">Juli 14, 2020<\/span><a class=\"title\" href=\"https:\/\/www.engbers.com\/blog\/das-engbers-modelexikon\/\">Das engbers-Modelexikon<\/a> <span class=\"excerpt\">Athleisure, Boucle, Galon &#8211; h\u00e4? Im Dschungel der Mode-Fachsprache ist es schwer den \u00dcberblick zu behalten. In unserem engbers-Modelexikon erkl\u00e4ren wir dir deshalb alles, was der modebewusste Mann von heute wissen sollte. Von A-Z listen wir im Folgenden alle Begriffe auf, die dir in unserem Shop \u00fcber den Weg laufen&hellip; <a class=\"excerpt-more\" href=\"https:\/\/www.engbers.com\/blog\/das-engbers-modelexikon\/\">\u276f Mehr lesen<\/a><\/span><\/a><div class=\"post-footer\"><div id=\"share-button-holder-3672\" class=\"share-button-holder\">\n            <button id=\"share-btn-3672\" class=\"share-btn\"><i class=\"fas fa-share-alt\"><\/i><\/button>\n            <div class=\"social-media-holder hide\">\n                <a target=\"_blank\" href=\"https:\/\/www.facebook.com\/sharer\/sharer.php?u=https:\/\/www.engbers.com\/blog\/das-engbers-modelexikon\/\" title=\"Facebook\"><i class='fab fa-facebook-square '><\/i><\/a>\n                <a target=\"_blank\" href=\"https:\/\/www.instagram.com\/engbers.maennermode\/\" title=\"Instagram\"><i class='fab fa-instagram '><\/i><\/a>\n                <a target=\"_blank\" href=\"https:\/\/wa.me\/?text=https:\/\/www.engbers.com\/blog\/das-engbers-modelexikon\/\" title=\"WhatsApp\"><i class=\"fab fa-whatsapp\"><\/i><\/a>\n                <a target=\"_blank\" href=\"mailto:?subject=Das engbers-Modelexikon&#038;body=https:\/\/www.engbers.com\/blog\/das-engbers-modelexikon\/\" title=\"E-mail\"><i class=\"far fa-envelope\"><\/i><\/a>\n            <\/div>\n        <\/div> <a class=\"comments-link\" href=\"https:\/\/www.engbers.com\/blog\/das-engbers-modelexikon\/#comments\"><i class=\"far fa-comment-dots\"><\/i>4<\/a> <div class=\"post-views-holder\"><div class=\"post-views content-post post-3672 entry-meta load-static\">\r\n\t\t\t\t<span class=\"post-views-icon dashicons dashicons dashicons-visibility\"><\/span> <span class=\"post-views-count\">3.115<\/span>\r\n\t\t\t<\/div><\/div><\/div><\/div><\/div>\t\t\t\t\t\t\t\t<\/div>\n\t\t\t\t<\/div>\n\t\t\t\t\t<\/div>\n\t\t<\/div>\n\t\t\t\t\t<\/div>\n\t\t<\/section>\n\t\t\t\t<section class=\"elementor-section elementor-top-section elementor-element elementor-element-25b0d31 elementor-section-boxed elementor-section-height-default elementor-section-height-default\" data-id=\"25b0d31\" data-element_type=\"section\">\n\t\t\t\t\t\t<div class=\"elementor-container elementor-column-gap-default\">\n\t\t\t\t\t<div class=\"elementor-column elementor-col-100 elementor-top-column elementor-element elementor-element-167d29b\" data-id=\"167d29b\" data-element_type=\"column\">\n\t\t\t<div class=\"elementor-widget-wrap\">\n\t\t\t\t\t\t\t<\/div>\n\t\t<\/div>\n\t\t\t\t\t<\/div>\n\t\t<\/section>\n\t\t\t\t<section class=\"elementor-section elementor-top-section elementor-element elementor-element-4e6fd2f elementor-section-boxed elementor-section-height-default elementor-section-height-default\" data-id=\"4e6fd2f\" data-element_type=\"section\">\n\t\t\t\t\t\t<div class=\"elementor-container elementor-column-gap-default\">\n\t\t\t\t\t<div class=\"elementor-column elementor-col-100 elementor-top-column elementor-element elementor-element-45b1c23\" data-id=\"45b1c23\" data-element_type=\"column\">\n\t\t\t<div class=\"elementor-widget-wrap\">\n\t\t\t\t\t\t\t<\/div>\n\t\t<\/div>\n\t\t\t\t\t<\/div>\n\t\t<\/section>\n\t\t\t\t<section class=\"elementor-section elementor-top-section elementor-element elementor-element-1156463 elementor-section-boxed elementor-section-height-default elementor-section-height-default\" data-id=\"1156463\" data-element_type=\"section\">\n\t\t\t\t\t\t<div class=\"elementor-container elementor-column-gap-default\">\n\t\t\t\t\t<div class=\"elementor-column elementor-col-100 elementor-top-column elementor-element elementor-element-02a2fea\" data-id=\"02a2fea\" data-element_type=\"column\">\n\t\t\t<div class=\"elementor-widget-wrap\">\n\t\t\t\t\t\t\t<\/div>\n\t\t<\/div>\n\t\t\t\t\t<\/div>\n\t\t<\/section>\n\t\t\t\t<\/div>\n\t\t","protected":false},"excerpt":{"rendered":"<p>Lassen Sie sich \u00fcber aktuelle Trends, Gewinnspiele, Aktionen und mehr informieren. Sie k\u00f6nnen sich auf exklusive Angebote und Gutscheine freuen. Einfach die folgenden Felder ausf\u00fcllen und auf \u201eAbsenden\u201c klicken. Sie erhalten daraufhin eine E-Mail, die Sie uns dann bitte best\u00e4tigen. Dieser Service ist unverbindlich, kostenlos und jederzeit widerrufbar. Die allgemeinen Informationen zum Datenschutz finden Sie&hellip;&nbsp;<a href=\"https:\/\/www.engbers.com\/blog\/das-engbers-modelexikon\/\" class=\"\" rel=\"bookmark\">Weiterlesen &raquo;<span class=\"screen-reader-text\">Das engbers-Modelexikon<\/span><\/a><\/p>\n","protected":false},"author":2,"featured_media":0,"parent":0,"menu_order":0,"comment_status":"closed","ping_status":"closed","template":"","meta":{"footnotes":""},"class_list":["post-46","page","type-page","status-publish","hentry"],"aioseo_notices":[],"_links":{"self":[{"href":"https:\/\/www.engbers.com\/blog\/wp-json\/wp\/v2\/pages\/46","targetHints":{"allow":["GET"]}}],"collection":[{"href":"https:\/\/www.engbers.com\/blog\/wp-json\/wp\/v2\/pages"}],"about":[{"href":"https:\/\/www.engbers.com\/blog\/wp-json\/wp\/v2\/types\/page"}],"author":[{"embeddable":true,"href":"https:\/\/www.engbers.com\/blog\/wp-json\/wp\/v2\/users\/2"}],"replies":[{"embeddable":true,"href":"https:\/\/www.engbers.com\/blog\/wp-json\/wp\/v2\/comments?post=46"}],"version-history":[{"count":88,"href":"https:\/\/www.engbers.com\/blog\/wp-json\/wp\/v2\/pages\/46\/revisions"}],"predecessor-version":[{"id":14270,"href":"https:\/\/www.engbers.com\/blog\/wp-json\/wp\/v2\/pages\/46\/revisions\/14270"}],"wp:attachment":[{"href":"https:\/\/www.engbers.com\/blog\/wp-json\/wp\/v2\/media?parent=46"}],"curies":[{"name":"wp","href":"https:\/\/api.w.org\/{rel}","templated":true}]}}